{"id":6498,"date":"2019-02-11T12:32:07","date_gmt":"2019-02-11T11:32:07","guid":{"rendered":"https:\/\/www.horizonemployeur.fr\/wp2019\/?page_id=6498"},"modified":"2020-01-03T10:46:31","modified_gmt":"2020-01-03T09:46:31","slug":"residences-jeunes-actifs","status":"publish","type":"page","link":"https:\/\/www.horizonemployeur.fr\/wp2019\/residences-jeunes-actifs\/","title":{"rendered":"Les r\u00e9sidences pour jeunes actifs"},"content":{"rendered":"<div class=\"et_d4_element et_pb_section et_pb_section_0  et_pb_css_mix_blend_mode et_section_regular et_block_section\" >\n\t\t\t\t\n\t\t\t\t\n\t\t\t\t\n\t\t\t\t\n\t\t\t\t\n\t\t\t\t\n\t\t\t\t<div class=\"et_d4_element et_pb_row et_pb_row_0  et_pb_css_mix_blend_mode et_block_row\">\n\t\t\t\t<div class=\"et_d4_element et_pb_column_4_4 et_pb_column et_pb_column_0  et_pb_css_mix_blend_mode et-last-child et_block_column\">\n\t\t\t\t\n\t\t\t\t\n\t\t\t\t\n\t\t\t\t\n\t\t\t\t<div class=\"et_pb_module et_d4_element et_pb_post_title et_pb_post_title_0 et_pb_bg_layout_light  et_pb_text_align_left\"   >\n\t\t\t\t\n\t\t\t\t\n\t\t\t\t\n\t\t\t\t\n\t\t\t\t\n\t\t\t\t<div class=\"et_pb_title_container\">\n\t\t\t\t\t<h1 class=\"entry-title\"><\/h1>\n\t\t\t\t<\/div>\n\t\t\t\t\n\t\t\t<\/div>\n\t\t\t<\/div>\n\t\t\t\t\n\t\t\t\t\n\t\t\t\t\n\t\t\t\t\n\t\t\t<\/div><div class=\"et_d4_element et_pb_row et_pb_row_1  et_pb_css_mix_blend_mode et_block_row\">\n\t\t\t\t<div class=\"et_d4_element et_pb_column_4_4 et_pb_column et_pb_column_1  et_pb_css_mix_blend_mode et-last-child et_block_column\">\n\t\t\t\t\n\t\t\t\t\n\t\t\t\t\n\t\t\t\t\n\t\t\t\t<div class=\"et_pb_module et_d4_element et_pb_text et_pb_text_0  et_pb_text_align_left et_pb_bg_layout_light\">\n\t\t\t\t\n\t\t\t\t\n\t\t\t\t\n\t\t\t\t\n\t\t\t\t<div class=\"et_pb_text_inner\"><p style=\"text-align: left;\">Les r\u00e9sidences jeunes actifs sont nombreuses sur le parc et dans ses environs. Certaines, comme les r\u00e9sidences ALJT, ne sont accessibles que sur conditions de ressources. D'autres sont accessibles sans conditions.<\/p><\/div>\n\t\t\t<\/div>\n\t\t\t<\/div>\n\t\t\t\t\n\t\t\t\t\n\t\t\t\t\n\t\t\t\t\n\t\t\t<\/div><div class=\"et_d4_element et_pb_row et_pb_row_2  et_pb_css_mix_blend_mode et_block_row\">\n\t\t\t\t<div class=\"et_d4_element et_pb_column_4_4 et_pb_column et_pb_column_2  et_pb_css_mix_blend_mode et-last-child et_block_column\">\n\t\t\t\t\n\t\t\t\t\n\t\t\t\t\n\t\t\t\t\n\t\t\t\t<div class=\"et_pb_module et_d4_element et_pb_text et_pb_text_1  et_pb_text_align_left et_pb_bg_layout_light\">\n\t\t\t\t\n\t\t\t\t\n\t\t\t\t\n\t\t\t\t\n\t\t\t\t<div class=\"et_pb_text_inner\"><p>Voici une liste d'\u00e9tablissements \u00e0 votre disposition. Cliquez sur le texte pour en savoir plus sur l'\u00e9tablissement.<\/p><\/div>\n\t\t\t<\/div><div class=\"et_pb_module et_d4_element et_pb_portfolio_0  et_pb_css_mix_blend_mode et_pb_bg_layout_light et_pb_portfolio_grid clearfix\">\n\t\t\t\t<div class=\"et_pb_ajax_pagination_container\">\n\t\t\t\t\t\n\t\t\t\t\t\n\t\t\t\t\t\n\t\t\t\t\t\n\t\t\t\t\t<div class=\"et_pb_portfolio_grid_items et_pb_grid_items\">\n\t\t\t\t\t\t\t\t\t\t<div id=\"post-6747\" class=\"post-6747 project type-project status-publish hentry project_category-residences-etudiants project_category-residences-jeunes-actifs et_pb_portfolio_item et_pb_portfolio_item_0_0 et_pb_grid_item\">\n\n\t\t\t\t\t\n\t\t\t\t\t<h2 class=\"et_pb_module_header\"><a href=\"https:\/\/www.horizonemployeur.fr\/wp2019\/project\/residence-arpej-campuseo-velizy\/\" title=\"R\u00e9sidence ARPEJ Campuseo V\u00e9lizy\">R\u00e9sidence ARPEJ Campuseo V\u00e9lizy<\/a><\/h2><p class=\"post-meta\"><a href=\"https:\/\/www.horizonemployeur.fr\/wp2019\/project_category\/residences-etudiants\/\" title=\"R\u00e9sidences pour \u00e9tudiants\">R\u00e9sidences pour \u00e9tudiants<\/a>, <a href=\"https:\/\/www.horizonemployeur.fr\/wp2019\/project_category\/residences-jeunes-actifs\/\" title=\"R\u00e9sidences pour jeunes actifs\">R\u00e9sidences pour jeunes actifs<\/a><\/p>\n\t\t\t\t<\/div>\n\t\t\t\t\t\t\t\t<div id=\"post-6849\" class=\"post-6849 project type-project status-publish hentry project_category-residences-etudiants project_category-residences-jeunes-actifs et_pb_portfolio_item et_pb_portfolio_item_0_1 et_pb_grid_item\">\n\n\t\t\t\t\t\n\t\t\t\t\t<h2 class=\"et_pb_module_header\"><a href=\"https:\/\/www.horizonemployeur.fr\/wp2019\/project\/residence-les-studelites-le-garibaldi-a-issy\/\" title=\"R\u00e9sidence LES STUDELITES Le Garibaldi A Issy\">R\u00e9sidence LES STUDELITES Le Garibaldi A Issy<\/a><\/h2><p class=\"post-meta\"><a href=\"https:\/\/www.horizonemployeur.fr\/wp2019\/project_category\/residences-etudiants\/\" title=\"R\u00e9sidences pour \u00e9tudiants\">R\u00e9sidences pour \u00e9tudiants<\/a>, <a href=\"https:\/\/www.horizonemployeur.fr\/wp2019\/project_category\/residences-jeunes-actifs\/\" title=\"R\u00e9sidences pour jeunes actifs\">R\u00e9sidences pour jeunes actifs<\/a><\/p>\n\t\t\t\t<\/div>\n\t\t\t\t\t\t\t\t<div id=\"post-6810\" class=\"post-6810 project type-project status-publish hentry project_category-residences-etudiants project_category-residences-jeunes-actifs et_pb_portfolio_item et_pb_portfolio_item_0_2 et_pb_grid_item\">\n\n\t\t\t\t\t\n\t\t\t\t\t<h2 class=\"et_pb_module_header\"><a href=\"https:\/\/www.horizonemployeur.fr\/wp2019\/project\/residence-arpej-la-cybele-voisins-le-bretonneux\/\" title=\"R\u00e9sidence ARPEJ La Cyb\u00e8le Voisins-le-Bretonneux\">R\u00e9sidence ARPEJ La Cyb\u00e8le Voisins-le-Bretonneux<\/a><\/h2><p class=\"post-meta\"><a href=\"https:\/\/www.horizonemployeur.fr\/wp2019\/project_category\/residences-etudiants\/\" title=\"R\u00e9sidences pour \u00e9tudiants\">R\u00e9sidences pour \u00e9tudiants<\/a>, <a href=\"https:\/\/www.horizonemployeur.fr\/wp2019\/project_category\/residences-jeunes-actifs\/\" title=\"R\u00e9sidences pour jeunes actifs\">R\u00e9sidences pour jeunes actifs<\/a><\/p>\n\t\t\t\t<\/div>\n\t\t\t\t\t\t\t\t<div id=\"post-6845\" class=\"post-6845 project type-project status-publish hentry project_category-residences-etudiants project_category-residences-jeunes-actifs et_pb_portfolio_item et_pb_portfolio_item_0_3 et_pb_grid_item\">\n\n\t\t\t\t\t\n\t\t\t\t\t<h2 class=\"et_pb_module_header\"><a href=\"https:\/\/www.horizonemployeur.fr\/wp2019\/project\/residence-aljt-rjam-de-chaville\/\" title=\"R\u00e9sidence ALJT RJAM de Chaville\">R\u00e9sidence ALJT RJAM de Chaville<\/a><\/h2><p class=\"post-meta\"><a href=\"https:\/\/www.horizonemployeur.fr\/wp2019\/project_category\/residences-etudiants\/\" title=\"R\u00e9sidences pour \u00e9tudiants\">R\u00e9sidences pour \u00e9tudiants<\/a>, <a href=\"https:\/\/www.horizonemployeur.fr\/wp2019\/project_category\/residences-jeunes-actifs\/\" title=\"R\u00e9sidences pour jeunes actifs\">R\u00e9sidences pour jeunes actifs<\/a><\/p>\n\t\t\t\t<\/div>\n\t\t\t\t\t\t\t\t<div id=\"post-6933\" class=\"post-6933 project type-project status-publish hentry project_category-residences-etudiants project_category-residences-jeunes-actifs et_pb_portfolio_item et_pb_portfolio_item_0_4 et_pb_grid_item\">\n\n\t\t\t\t\t\n\t\t\t\t\t<h2 class=\"et_pb_module_header\"><a href=\"https:\/\/www.horizonemployeur.fr\/wp2019\/project\/residence-aljt-de-fontenay\/\" title=\"R\u00e9sidence ALJT de Fontenay\">R\u00e9sidence ALJT de Fontenay<\/a><\/h2><p class=\"post-meta\"><a href=\"https:\/\/www.horizonemployeur.fr\/wp2019\/project_category\/residences-etudiants\/\" title=\"R\u00e9sidences pour \u00e9tudiants\">R\u00e9sidences pour \u00e9tudiants<\/a>, <a href=\"https:\/\/www.horizonemployeur.fr\/wp2019\/project_category\/residences-jeunes-actifs\/\" title=\"R\u00e9sidences pour jeunes actifs\">R\u00e9sidences pour jeunes actifs<\/a><\/p>\n\t\t\t\t<\/div>\n\t\t\t\t\t\t\t\t<div id=\"post-6927\" class=\"post-6927 project type-project status-publish hentry project_category-residences-etudiants project_category-residences-jeunes-actifs et_pb_portfolio_item et_pb_portfolio_item_0_5 et_pb_grid_item\">\n\n\t\t\t\t\t\n\t\t\t\t\t<h2 class=\"et_pb_module_header\"><a href=\"https:\/\/www.horizonemployeur.fr\/wp2019\/project\/residence-aljt-chatillon\/\" title=\"R\u00e9sidence ALJT de Ch\u00e2tillon\">R\u00e9sidence ALJT de Ch\u00e2tillon<\/a><\/h2><p class=\"post-meta\"><a href=\"https:\/\/www.horizonemployeur.fr\/wp2019\/project_category\/residences-etudiants\/\" title=\"R\u00e9sidences pour \u00e9tudiants\">R\u00e9sidences pour \u00e9tudiants<\/a>, <a href=\"https:\/\/www.horizonemployeur.fr\/wp2019\/project_category\/residences-jeunes-actifs\/\" title=\"R\u00e9sidences pour jeunes actifs\">R\u00e9sidences pour jeunes actifs<\/a><\/p>\n\t\t\t\t<\/div>\n\t\t\t\t\t\t\t\t<div id=\"post-6828\" class=\"post-6828 project type-project status-publish hentry project_category-residences-etudiants project_category-residences-jeunes-actifs et_pb_portfolio_item et_pb_portfolio_item_0_6 et_pb_grid_item\">\n\n\t\t\t\t\t\n\t\t\t\t\t<h2 class=\"et_pb_module_header\"><a href=\"https:\/\/www.horizonemployeur.fr\/wp2019\/project\/residence-aljt-solferino-boulogne\/\" title=\"R\u00e9sidence ALJT Solf\u00e9rino Boulogne\">R\u00e9sidence ALJT Solf\u00e9rino Boulogne<\/a><\/h2><p class=\"post-meta\"><a href=\"https:\/\/www.horizonemployeur.fr\/wp2019\/project_category\/residences-etudiants\/\" title=\"R\u00e9sidences pour \u00e9tudiants\">R\u00e9sidences pour \u00e9tudiants<\/a>, <a href=\"https:\/\/www.horizonemployeur.fr\/wp2019\/project_category\/residences-jeunes-actifs\/\" title=\"R\u00e9sidences pour jeunes actifs\">R\u00e9sidences pour jeunes actifs<\/a><\/p>\n\t\t\t\t<\/div>\n\t\t\t\t\t\t\t\t<div id=\"post-6836\" class=\"post-6836 project type-project status-publish hentry project_category-residences-etudiants project_category-residences-jeunes-actifs et_pb_portfolio_item et_pb_portfolio_item_0_7 et_pb_grid_item\">\n\n\t\t\t\t\t\n\t\t\t\t\t<h2 class=\"et_pb_module_header\"><a href=\"https:\/\/www.horizonemployeur.fr\/wp2019\/project\/residence-aljt-vieux-pont-de-sevres-boulogne\/\" title=\"R\u00e9sidence ALJT Vieux Pont de S\u00e8vres Boulogne\">R\u00e9sidence ALJT Vieux Pont de S\u00e8vres Boulogne<\/a><\/h2><p class=\"post-meta\"><a href=\"https:\/\/www.horizonemployeur.fr\/wp2019\/project_category\/residences-etudiants\/\" title=\"R\u00e9sidences pour \u00e9tudiants\">R\u00e9sidences pour \u00e9tudiants<\/a>, <a href=\"https:\/\/www.horizonemployeur.fr\/wp2019\/project_category\/residences-jeunes-actifs\/\" title=\"R\u00e9sidences pour jeunes actifs\">R\u00e9sidences pour jeunes actifs<\/a><\/p>\n\t\t\t\t<\/div>\n\t\t\t\t\t\t\t\t<div id=\"post-6873\" class=\"post-6873 project type-project status-publish hentry project_category-residences-etudiants project_category-residences-jeunes-actifs et_pb_portfolio_item et_pb_portfolio_item_0_8 et_pb_grid_item\">\n\n\t\t\t\t\t\n\t\t\t\t\t<h2 class=\"et_pb_module_header\"><a href=\"https:\/\/www.horizonemployeur.fr\/wp2019\/project\/residence-aljt-sevres\/\" title=\"R\u00e9sidence ALJT S\u00e8vres\">R\u00e9sidence ALJT S\u00e8vres<\/a><\/h2><p class=\"post-meta\"><a href=\"https:\/\/www.horizonemployeur.fr\/wp2019\/project_category\/residences-etudiants\/\" title=\"R\u00e9sidences pour \u00e9tudiants\">R\u00e9sidences pour \u00e9tudiants<\/a>, <a href=\"https:\/\/www.horizonemployeur.fr\/wp2019\/project_category\/residences-jeunes-actifs\/\" title=\"R\u00e9sidences pour jeunes actifs\">R\u00e9sidences pour jeunes actifs<\/a><\/p>\n\t\t\t\t<\/div>\n\t\t\t\t\t\t\t\t<div id=\"post-6840\" class=\"post-6840 project type-project status-publish hentry project_category-residences-etudiants project_category-residences-jeunes-actifs et_pb_portfolio_item et_pb_portfolio_item_0_9 et_pb_grid_item\">\n\n\t\t\t\t\t\n\t\t\t\t\t<h2 class=\"et_pb_module_header\"><a href=\"https:\/\/www.horizonemployeur.fr\/wp2019\/project\/residence-aljt-rjt-de-chaville\/\" title=\"R\u00e9sidence ALJT RJT de Chaville\">R\u00e9sidence ALJT RJT de Chaville<\/a><\/h2><p class=\"post-meta\"><a href=\"https:\/\/www.horizonemployeur.fr\/wp2019\/project_category\/residences-etudiants\/\" title=\"R\u00e9sidences pour \u00e9tudiants\">R\u00e9sidences pour \u00e9tudiants<\/a>, <a href=\"https:\/\/www.horizonemployeur.fr\/wp2019\/project_category\/residences-jeunes-actifs\/\" title=\"R\u00e9sidences pour jeunes actifs\">R\u00e9sidences pour jeunes actifs<\/a><\/p>\n\t\t\t\t<\/div>\n\t\t\t\t\t\t\t\t<div id=\"post-6802\" class=\"post-6802 project type-project status-publish hentry project_category-residences-etudiants project_category-residences-jeunes-actifs et_pb_portfolio_item et_pb_portfolio_item_0_10 et_pb_grid_item\">\n\n\t\t\t\t\t\n\t\t\t\t\t<h2 class=\"et_pb_module_header\"><a href=\"https:\/\/www.horizonemployeur.fr\/wp2019\/project\/residence-aljt-montigny-le-bretonneux\/\" title=\"R\u00e9sidence ALJT Montigny-le-Bretonneux\">R\u00e9sidence ALJT Montigny-le-Bretonneux<\/a><\/h2><p class=\"post-meta\"><a href=\"https:\/\/www.horizonemployeur.fr\/wp2019\/project_category\/residences-etudiants\/\" title=\"R\u00e9sidences pour \u00e9tudiants\">R\u00e9sidences pour \u00e9tudiants<\/a>, <a href=\"https:\/\/www.horizonemployeur.fr\/wp2019\/project_category\/residences-jeunes-actifs\/\" title=\"R\u00e9sidences pour jeunes actifs\">R\u00e9sidences pour jeunes actifs<\/a><\/p>\n\t\t\t\t<\/div>\n\t\t\t\t\t\t\t\t<div id=\"post-6788\" class=\"post-6788 project type-project status-publish hentry project_category-residences-chercheurs project_category-residences-jeunes-actifs et_pb_portfolio_item et_pb_portfolio_item_0_11 et_pb_grid_item\">\n\n\t\t\t\t\t\n\t\t\t\t\t<h2 class=\"et_pb_module_header\"><a href=\"https:\/\/www.horizonemployeur.fr\/wp2019\/project\/residence-aljt-versailles\/\" title=\"R\u00e9sidence ALJT Versailles\">R\u00e9sidence ALJT Versailles<\/a><\/h2><p class=\"post-meta\"><a href=\"https:\/\/www.horizonemployeur.fr\/wp2019\/project_category\/residences-chercheurs\/\" title=\"R\u00e9sidences pour chercheurs\">R\u00e9sidences pour chercheurs<\/a>, <a href=\"https:\/\/www.horizonemployeur.fr\/wp2019\/project_category\/residences-jeunes-actifs\/\" title=\"R\u00e9sidences pour jeunes actifs\">R\u00e9sidences pour jeunes actifs<\/a><\/p>\n\t\t\t\t<\/div>\n\t\t\t\t\t\t\t\t<div id=\"post-6950\" class=\"post-6950 project type-project status-publish hentry project_category-residences-etudiants project_category-residences-jeunes-actifs et_pb_portfolio_item et_pb_portfolio_item_0_12 et_pb_grid_item\">\n\n\t\t\t\t\t\n\t\t\t\t\t<h2 class=\"et_pb_module_header\"><a href=\"https:\/\/www.horizonemployeur.fr\/wp2019\/project\/residence-studelites-le-gouverneur-montrouge\/\" title=\"R\u00e9sidence STUDELITES Le Gouverneur Montrouge\">R\u00e9sidence STUDELITES Le Gouverneur Montrouge<\/a><\/h2><p class=\"post-meta\"><a href=\"https:\/\/www.horizonemployeur.fr\/wp2019\/project_category\/residences-etudiants\/\" title=\"R\u00e9sidences pour \u00e9tudiants\">R\u00e9sidences pour \u00e9tudiants<\/a>, <a href=\"https:\/\/www.horizonemployeur.fr\/wp2019\/project_category\/residences-jeunes-actifs\/\" title=\"R\u00e9sidences pour jeunes actifs\">R\u00e9sidences pour jeunes actifs<\/a><\/p>\n\t\t\t\t<\/div>\n\t\t\t\t\t\t\t\t<div id=\"post-6832\" class=\"post-6832 project type-project status-publish hentry project_category-residences-etudiants project_category-residences-jeunes-actifs et_pb_portfolio_item et_pb_portfolio_item_0_13 et_pb_grid_item\">\n\n\t\t\t\t\t\n\t\t\t\t\t<h2 class=\"et_pb_module_header\"><a href=\"https:\/\/www.horizonemployeur.fr\/wp2019\/project\/residence-studelites-le-vendome-boulogne\/\" title=\"R\u00e9sidence STUDELITES Le Vend\u00f4me Boulogne\">R\u00e9sidence STUDELITES Le Vend\u00f4me Boulogne<\/a><\/h2><p class=\"post-meta\"><a href=\"https:\/\/www.horizonemployeur.fr\/wp2019\/project_category\/residences-etudiants\/\" title=\"R\u00e9sidences pour \u00e9tudiants\">R\u00e9sidences pour \u00e9tudiants<\/a>, <a href=\"https:\/\/www.horizonemployeur.fr\/wp2019\/project_category\/residences-jeunes-actifs\/\" title=\"R\u00e9sidences pour jeunes actifs\">R\u00e9sidences pour jeunes actifs<\/a><\/p>\n\t\t\t\t<\/div>\n\t\t\t\t\t\t\t\t<div id=\"post-6817\" class=\"post-6817 project type-project status-publish hentry project_category-residences-etudiants project_category-residences-jeunes-actifs et_pb_portfolio_item et_pb_portfolio_item_0_14 et_pb_grid_item\">\n\n\t\t\t\t\t\n\t\t\t\t\t<h2 class=\"et_pb_module_header\"><a href=\"https:\/\/www.horizonemployeur.fr\/wp2019\/project\/residence-studelites-le-castiglione-boulogne\/\" title=\"R\u00e9sidence STUDELITES Le Castiglione Boulogne\">R\u00e9sidence STUDELITES Le Castiglione Boulogne<\/a><\/h2><p class=\"post-meta\"><a href=\"https:\/\/www.horizonemployeur.fr\/wp2019\/project_category\/residences-etudiants\/\" title=\"R\u00e9sidences pour \u00e9tudiants\">R\u00e9sidences pour \u00e9tudiants<\/a>, <a href=\"https:\/\/www.horizonemployeur.fr\/wp2019\/project_category\/residences-jeunes-actifs\/\" title=\"R\u00e9sidences pour jeunes actifs\">R\u00e9sidences pour jeunes actifs<\/a><\/p>\n\t\t\t\t<\/div>\n\t\t\t\t\t\t\t\t<div id=\"post-6866\" class=\"post-6866 project type-project status-publish hentry project_category-residences-etudiants project_category-residences-jeunes-actifs et_pb_portfolio_item et_pb_portfolio_item_0_15 et_pb_grid_item\">\n\n\t\t\t\t\t\n\t\t\t\t\t<h2 class=\"et_pb_module_header\"><a href=\"https:\/\/www.horizonemployeur.fr\/wp2019\/project\/residence-studelites-le-rousseau-issy\/\" title=\"R\u00e9sidence STUDELITES Le Rousseau Issy\">R\u00e9sidence STUDELITES Le Rousseau Issy<\/a><\/h2><p class=\"post-meta\"><a href=\"https:\/\/www.horizonemployeur.fr\/wp2019\/project_category\/residences-etudiants\/\" title=\"R\u00e9sidences pour \u00e9tudiants\">R\u00e9sidences pour \u00e9tudiants<\/a>, <a href=\"https:\/\/www.horizonemployeur.fr\/wp2019\/project_category\/residences-jeunes-actifs\/\" title=\"R\u00e9sidences pour jeunes actifs\">R\u00e9sidences pour jeunes actifs<\/a><\/p>\n\t\t\t\t<\/div>\n\t\t\t\t\t\t\t\t<div id=\"post-6923\" class=\"post-6923 project type-project status-publish hentry project_category-residences-etudiants project_category-residences-jeunes-actifs et_pb_portfolio_item et_pb_portfolio_item_0_16 et_pb_grid_item\">\n\n\t\t\t\t\t\n\t\t\t\t\t<h2 class=\"et_pb_module_header\"><a href=\"https:\/\/www.horizonemployeur.fr\/wp2019\/project\/residence-studelites-le-cassiopee-chatillon\/\" title=\"R\u00e9sidence STUDELITES Le Cassiop\u00e9e Ch\u00e2tillon\">R\u00e9sidence STUDELITES Le Cassiop\u00e9e Ch\u00e2tillon<\/a><\/h2><p class=\"post-meta\"><a href=\"https:\/\/www.horizonemployeur.fr\/wp2019\/project_category\/residences-etudiants\/\" title=\"R\u00e9sidences pour \u00e9tudiants\">R\u00e9sidences pour \u00e9tudiants<\/a>, <a href=\"https:\/\/www.horizonemployeur.fr\/wp2019\/project_category\/residences-jeunes-actifs\/\" title=\"R\u00e9sidences pour jeunes actifs\">R\u00e9sidences pour jeunes actifs<\/a><\/p>\n\t\t\t\t<\/div>\n\t\t\t\t\t\t\t\t<div id=\"post-6763\" class=\"post-6763 project type-project status-publish hentry project_category-residences-jeunes-actifs et_pb_portfolio_item et_pb_portfolio_item_0_17 et_pb_grid_item\">\n\n\t\t\t\t\t\n\t\t\t\t\t<h2 class=\"et_pb_module_header\"><a href=\"https:\/\/www.horizonemployeur.fr\/wp2019\/project\/residence-popinns-laeronat-st-cyr-lecole\/\" title=\"R\u00e9sidence POPINNS L&#8217;A\u00e9ronat St-Cyr-l&#8217;Ecole\">R\u00e9sidence POPINNS L&#8217;A\u00e9ronat St-Cyr-l&#8217;Ecole<\/a><\/h2><p class=\"post-meta\"><a href=\"https:\/\/www.horizonemployeur.fr\/wp2019\/project_category\/residences-jeunes-actifs\/\" title=\"R\u00e9sidences pour jeunes actifs\">R\u00e9sidences pour jeunes actifs<\/a><\/p>\n\t\t\t\t<\/div>\n\t\t\t\t\t\t\t\t<div id=\"post-7220\" class=\"post-7220 project type-project status-publish hentry project_category-residences-jeunes-actifs et_pb_portfolio_item et_pb_portfolio_item_0_18 et_pb_grid_item\">\n\n\t\t\t\t\t\n\t\t\t\t\t<h2 class=\"et_pb_module_header\"><a href=\"https:\/\/www.horizonemployeur.fr\/wp2019\/project\/residence-agefo-genevieve-garreau-viroflay\/\" title=\"R\u00e9sidence AGEFO Genevi\u00e8ve Garreau Viroflay\">R\u00e9sidence AGEFO Genevi\u00e8ve Garreau Viroflay<\/a><\/h2><p class=\"post-meta\"><a href=\"https:\/\/www.horizonemployeur.fr\/wp2019\/project_category\/residences-jeunes-actifs\/\" title=\"R\u00e9sidences pour jeunes actifs\">R\u00e9sidences pour jeunes actifs<\/a><\/p>\n\t\t\t\t<\/div>\n\t\t\t\t\t\t\t\t<div id=\"post-6776\" class=\"post-6776 project type-project status-publish hentry project_category-residences-jeunes-actifs et_pb_portfolio_item et_pb_portfolio_item_0_19 et_pb_grid_item\">\n\n\t\t\t\t\t\n\t\t\t\t\t<h2 class=\"et_pb_module_header\"><a href=\"https:\/\/www.horizonemployeur.fr\/wp2019\/project\/residence-agefo-francois-mansart-versailles\/\" title=\"R\u00e9sidence AGEFO Fran\u00e7ois Mansart Versailles\">R\u00e9sidence AGEFO Fran\u00e7ois Mansart Versailles<\/a><\/h2><p class=\"post-meta\"><a href=\"https:\/\/www.horizonemployeur.fr\/wp2019\/project_category\/residences-jeunes-actifs\/\" title=\"R\u00e9sidences pour jeunes actifs\">R\u00e9sidences pour jeunes actifs<\/a><\/p>\n\t\t\t\t<\/div>\n\t\t\t\t\t\t\t\t<div id=\"post-6814\" class=\"post-6814 project type-project status-publish hentry project_category-residences-jeunes-actifs et_pb_portfolio_item et_pb_portfolio_item_0_20 et_pb_grid_item\">\n\n\t\t\t\t\t\n\t\t\t\t\t<h2 class=\"et_pb_module_header\"><a href=\"https:\/\/www.horizonemployeur.fr\/wp2019\/project\/residence-agefo-boulogne\/\" title=\"R\u00e9sidence AGEFO Boulogne\">R\u00e9sidence AGEFO Boulogne<\/a><\/h2><p class=\"post-meta\"><a href=\"https:\/\/www.horizonemployeur.fr\/wp2019\/project_category\/residences-jeunes-actifs\/\" title=\"R\u00e9sidences pour jeunes actifs\">R\u00e9sidences pour jeunes actifs<\/a><\/p>\n\t\t\t\t<\/div>\n\t\t\t\t\t\t\t\t<div id=\"post-6877\" class=\"post-6877 project type-project status-publish hentry project_category-residences-etudiants project_category-residences-jeunes-actifs et_pb_portfolio_item et_pb_portfolio_item_0_21 et_pb_grid_item\">\n\n\t\t\t\t\t\n\t\t\t\t\t<h2 class=\"et_pb_module_header\"><a href=\"https:\/\/www.horizonemployeur.fr\/wp2019\/project\/residence-studea-sevres\/\" title=\"R\u00e9sidence STUDEA S\u00e8vres\">R\u00e9sidence STUDEA S\u00e8vres<\/a><\/h2><p class=\"post-meta\"><a href=\"https:\/\/www.horizonemployeur.fr\/wp2019\/project_category\/residences-etudiants\/\" title=\"R\u00e9sidences pour \u00e9tudiants\">R\u00e9sidences pour \u00e9tudiants<\/a>, <a href=\"https:\/\/www.horizonemployeur.fr\/wp2019\/project_category\/residences-jeunes-actifs\/\" title=\"R\u00e9sidences pour jeunes actifs\">R\u00e9sidences pour jeunes actifs<\/a><\/p>\n\t\t\t\t<\/div>\n\t\t\t\t\t\t\t\t<div id=\"post-6953\" class=\"post-6953 project type-project status-publish hentry project_category-residences-etudiants project_category-residences-jeunes-actifs et_pb_portfolio_item et_pb_portfolio_item_0_22 et_pb_grid_item\">\n\n\t\t\t\t\t\n\t\t\t\t\t<h2 class=\"et_pb_module_header\"><a href=\"https:\/\/www.horizonemployeur.fr\/wp2019\/project\/residence-studea-porte-dorleans\/\" title=\"R\u00e9sidence STUDEA Porte d&#8217;Orl\u00e9ans\">R\u00e9sidence STUDEA Porte d&#8217;Orl\u00e9ans<\/a><\/h2><p class=\"post-meta\"><a href=\"https:\/\/www.horizonemployeur.fr\/wp2019\/project_category\/residences-etudiants\/\" title=\"R\u00e9sidences pour \u00e9tudiants\">R\u00e9sidences pour \u00e9tudiants<\/a>, <a href=\"https:\/\/www.horizonemployeur.fr\/wp2019\/project_category\/residences-jeunes-actifs\/\" title=\"R\u00e9sidences pour jeunes actifs\">R\u00e9sidences pour jeunes actifs<\/a><\/p>\n\t\t\t\t<\/div>\n\t\t\t\t\t\t\t\t<div id=\"post-6891\" class=\"post-6891 project type-project status-publish hentry project_category-residences-etudiants project_category-residences-jeunes-actifs et_pb_portfolio_item et_pb_portfolio_item_0_23 et_pb_grid_item\">\n\n\t\t\t\t\t\n\t\t\t\t\t<h2 class=\"et_pb_module_header\"><a href=\"https:\/\/www.horizonemployeur.fr\/wp2019\/project\/residence-studea-jean-monnet-vanves\/\" title=\"R\u00e9sidence STUDEA Jean Monnet Vanves\">R\u00e9sidence STUDEA Jean Monnet Vanves<\/a><\/h2><p class=\"post-meta\"><a href=\"https:\/\/www.horizonemployeur.fr\/wp2019\/project_category\/residences-etudiants\/\" title=\"R\u00e9sidences pour \u00e9tudiants\">R\u00e9sidences pour \u00e9tudiants<\/a>, <a href=\"https:\/\/www.horizonemployeur.fr\/wp2019\/project_category\/residences-jeunes-actifs\/\" title=\"R\u00e9sidences pour jeunes actifs\">R\u00e9sidences pour jeunes actifs<\/a><\/p>\n\t\t\t\t<\/div>\n\t\t\t\t\t\t\t\t<div id=\"post-6883\" class=\"post-6883 project type-project status-publish hentry project_category-residences-etudiants project_category-residences-jeunes-actifs et_pb_portfolio_item et_pb_portfolio_item_0_24 et_pb_grid_item\">\n\n\t\t\t\t\t\n\t\t\t\t\t<h2 class=\"et_pb_module_header\"><a href=\"https:\/\/www.horizonemployeur.fr\/wp2019\/project\/residence-studea-vanves-bleuzen\/\" title=\"R\u00e9sidence STUDEA Vanves-Bleuzen\">R\u00e9sidence STUDEA Vanves-Bleuzen<\/a><\/h2><p class=\"post-meta\"><a href=\"https:\/\/www.horizonemployeur.fr\/wp2019\/project_category\/residences-etudiants\/\" title=\"R\u00e9sidences pour \u00e9tudiants\">R\u00e9sidences pour \u00e9tudiants<\/a>, <a href=\"https:\/\/www.horizonemployeur.fr\/wp2019\/project_category\/residences-jeunes-actifs\/\" title=\"R\u00e9sidences pour jeunes actifs\">R\u00e9sidences pour jeunes actifs<\/a><\/p>\n\t\t\t\t<\/div>\n\t\t\t\t\t\t\t\t<div id=\"post-6887\" class=\"post-6887 project type-project status-publish hentry project_category-residences-etudiants project_category-residences-jeunes-actifs et_pb_portfolio_item et_pb_portfolio_item_0_25 et_pb_grid_item\">\n\n\t\t\t\t\t\n\t\t\t\t\t<h2 class=\"et_pb_module_header\"><a href=\"https:\/\/www.horizonemployeur.fr\/wp2019\/project\/residence-studea-vanves-marcheron\/\" title=\"R\u00e9sidence STUDEA Vanves-Marcheron\">R\u00e9sidence STUDEA Vanves-Marcheron<\/a><\/h2><p class=\"post-meta\"><a href=\"https:\/\/www.horizonemployeur.fr\/wp2019\/project_category\/residences-etudiants\/\" title=\"R\u00e9sidences pour \u00e9tudiants\">R\u00e9sidences pour \u00e9tudiants<\/a>, <a href=\"https:\/\/www.horizonemployeur.fr\/wp2019\/project_category\/residences-jeunes-actifs\/\" title=\"R\u00e9sidences pour jeunes actifs\">R\u00e9sidences pour jeunes actifs<\/a><\/p>\n\t\t\t\t<\/div>\n\t\t\t\t\t\t\t\t<div id=\"post-6981\" class=\"post-6981 project type-project status-publish hentry project_category-residences-etudiants project_category-residences-jeunes-actifs et_pb_portfolio_item et_pb_portfolio_item_0_26 et_pb_grid_item\">\n\n\t\t\t\t\t\n\t\t\t\t\t<h2 class=\"et_pb_module_header\"><a href=\"https:\/\/www.horizonemployeur.fr\/wp2019\/project\/residence-studea-porte-d-issy\/\" title=\"R\u00e9sidence STUDEA Porte d&#8217;Issy\">R\u00e9sidence STUDEA Porte d&#8217;Issy<\/a><\/h2><p class=\"post-meta\"><a href=\"https:\/\/www.horizonemployeur.fr\/wp2019\/project_category\/residences-etudiants\/\" title=\"R\u00e9sidences pour \u00e9tudiants\">R\u00e9sidences pour \u00e9tudiants<\/a>, <a href=\"https:\/\/www.horizonemployeur.fr\/wp2019\/project_category\/residences-jeunes-actifs\/\" title=\"R\u00e9sidences pour jeunes actifs\">R\u00e9sidences pour jeunes actifs<\/a><\/p>\n\t\t\t\t<\/div>\n\t\t\t\t\t\t\t\t<div id=\"post-6859\" class=\"post-6859 project type-project status-publish hentry project_category-residences-etudiants project_category-residences-jeunes-actifs et_pb_portfolio_item et_pb_portfolio_item_0_27 et_pb_grid_item\">\n\n\t\t\t\t\t\n\t\t\t\t\t<h2 class=\"et_pb_module_header\"><a href=\"https:\/\/www.horizonemployeur.fr\/wp2019\/project\/residence-studea-issy-2\/\" title=\"R\u00e9sidence STUDEA Issy 2\">R\u00e9sidence STUDEA Issy 2<\/a><\/h2><p class=\"post-meta\"><a href=\"https:\/\/www.horizonemployeur.fr\/wp2019\/project_category\/residences-etudiants\/\" title=\"R\u00e9sidences pour \u00e9tudiants\">R\u00e9sidences pour \u00e9tudiants<\/a>, <a href=\"https:\/\/www.horizonemployeur.fr\/wp2019\/project_category\/residences-jeunes-actifs\/\" title=\"R\u00e9sidences pour jeunes actifs\">R\u00e9sidences pour jeunes actifs<\/a><\/p>\n\t\t\t\t<\/div>\n\t\t\t\t\t\t\t\t<div id=\"post-6856\" class=\"post-6856 project type-project status-publish hentry project_category-residences-etudiants project_category-residences-jeunes-actifs et_pb_portfolio_item et_pb_portfolio_item_0_28 et_pb_grid_item\">\n\n\t\t\t\t\t\n\t\t\t\t\t<h2 class=\"et_pb_module_header\"><a href=\"https:\/\/www.horizonemployeur.fr\/wp2019\/project\/residence-studea-issy-1\/\" title=\"R\u00e9sidence STUDEA Issy 1\">R\u00e9sidence STUDEA Issy 1<\/a><\/h2><p class=\"post-meta\"><a href=\"https:\/\/www.horizonemployeur.fr\/wp2019\/project_category\/residences-etudiants\/\" title=\"R\u00e9sidences pour \u00e9tudiants\">R\u00e9sidences pour \u00e9tudiants<\/a>, <a href=\"https:\/\/www.horizonemployeur.fr\/wp2019\/project_category\/residences-jeunes-actifs\/\" title=\"R\u00e9sidences pour jeunes actifs\">R\u00e9sidences pour jeunes actifs<\/a><\/p>\n\t\t\t\t<\/div>\n\t\t\t\t\t\t\t\t<div id=\"post-6820\" class=\"post-6820 project type-project status-publish hentry project_category-residences-etudiants project_category-residences-jeunes-actifs et_pb_portfolio_item et_pb_portfolio_item_0_29 et_pb_grid_item\">\n\n\t\t\t\t\t\n\t\t\t\t\t<h2 class=\"et_pb_module_header\"><a href=\"https:\/\/www.horizonemployeur.fr\/wp2019\/project\/residence-studea-boulogne-seguin\/\" title=\"R\u00e9sidence STUDEA Boulogne-Seguin\">R\u00e9sidence STUDEA Boulogne-Seguin<\/a><\/h2><p class=\"post-meta\"><a href=\"https:\/\/www.horizonemployeur.fr\/wp2019\/project_category\/residences-etudiants\/\" title=\"R\u00e9sidences pour \u00e9tudiants\">R\u00e9sidences pour \u00e9tudiants<\/a>, <a href=\"https:\/\/www.horizonemployeur.fr\/wp2019\/project_category\/residences-jeunes-actifs\/\" title=\"R\u00e9sidences pour jeunes actifs\">R\u00e9sidences pour jeunes actifs<\/a><\/p>\n\t\t\t\t<\/div>\n\t\t\t\t\t\t\t\t<div id=\"post-6930\" class=\"post-6930 project type-project status-publish hentry project_category-residences-etudiants project_category-residences-jeunes-actifs et_pb_portfolio_item et_pb_portfolio_item_0_30 et_pb_grid_item\">\n\n\t\t\t\t\t\n\t\t\t\t\t<h2 class=\"et_pb_module_header\"><a href=\"https:\/\/www.horizonemployeur.fr\/wp2019\/project\/residence-studea-clamart\/\" title=\"R\u00e9sidence STUDEA Clamart\">R\u00e9sidence STUDEA Clamart<\/a><\/h2><p class=\"post-meta\"><a href=\"https:\/\/www.horizonemployeur.fr\/wp2019\/project_category\/residences-etudiants\/\" title=\"R\u00e9sidences pour \u00e9tudiants\">R\u00e9sidences pour \u00e9tudiants<\/a>, <a href=\"https:\/\/www.horizonemployeur.fr\/wp2019\/project_category\/residences-jeunes-actifs\/\" title=\"R\u00e9sidences pour jeunes actifs\">R\u00e9sidences pour jeunes actifs<\/a><\/p>\n\t\t\t\t<\/div>\n\t\t\t\t\t\t\t\t<div id=\"post-6737\" class=\"post-6737 project type-project status-publish hentry project_category-residences-etudiants project_category-residences-jeunes-actifs et_pb_portfolio_item et_pb_portfolio_item_0_31 et_pb_grid_item\">\n\n\t\t\t\t\t\n\t\t\t\t\t<h2 class=\"et_pb_module_header\"><a href=\"https:\/\/www.horizonemployeur.fr\/wp2019\/project\/residence-millenium-velizy\/\" title=\"R\u00e9sidence MILLENIUM V\u00e9lizy\">R\u00e9sidence MILLENIUM V\u00e9lizy<\/a><\/h2><p class=\"post-meta\"><a href=\"https:\/\/www.horizonemployeur.fr\/wp2019\/project_category\/residences-etudiants\/\" title=\"R\u00e9sidences pour \u00e9tudiants\">R\u00e9sidences pour \u00e9tudiants<\/a>, <a href=\"https:\/\/www.horizonemployeur.fr\/wp2019\/project_category\/residences-jeunes-actifs\/\" title=\"R\u00e9sidences pour jeunes actifs\">R\u00e9sidences pour jeunes actifs<\/a><\/p>\n\t\t\t\t<\/div>\n\t\t\t\t\n\t\t\t\t\t<\/div>\n\t\t\t\t\t<div class=\"pagination clearfix\">\n\t\t\t\t\t\t\t\n\t\t\t\t\t\t\t\n\t\t\t\t\t\t<\/div>\n\t\t\t\t<\/div>\n\t\t\t<\/div>\n\t\t\t<\/div>\n\t\t\t\t\n\t\t\t\t\n\t\t\t\t\n\t\t\t\t\n\t\t\t<\/div><div class=\"et_d4_element et_pb_row et_pb_row_3  et_pb_css_mix_blend_mode et_block_row\">\n\t\t\t\t<div class=\"et_d4_element et_pb_column_4_4 et_pb_column et_pb_column_3  et_pb_css_mix_blend_mode et-last-child et_block_column\">\n\t\t\t\t\n\t\t\t\t\n\t\t\t\t\n\t\t\t\t\n\t\t\t\t<div class=\"et_pb_module et_d4_element et_pb_text et_pb_text_2  et_pb_text_align_left et_pb_bg_layout_light\">\n\t\t\t\t\n\t\t\t\t\n\t\t\t\t\n\t\t\t\t\n\t\t\t\t\n\t\t\t<\/div>\n\t\t\t<\/div>\n\t\t\t\t\n\t\t\t\t\n\t\t\t\t\n\t\t\t\t\n\t\t\t<\/div>\n\t\t\t\t\n\t\t\t\t\n\t\t\t<\/div>\n","protected":false},"excerpt":{"rendered":"","protected":false},"author":1,"featured_media":0,"parent":0,"menu_order":0,"comment_status":"closed","ping_status":"closed","template":"","meta":{"_acf_changed":false,"inline_featured_image":false,"_et_pb_use_builder":"on","_et_pb_old_content":"","_et_gb_content_width":"","footnotes":""},"dipi_cpt_category":[],"class_list":["post-6498","page","type-page","status-publish","hentry"],"acf":[],"dsm_author":{"name":"Association Horizon Employeur","avatar_url":"https:\/\/www.horizonemployeur.fr\/wp2019\/wp-content\/plugins\/ultimate-member\/assets\/img\/default_avatar.jpg","archive_link":"https:\/\/www.horizonemployeur.fr\/wp2019\/author\/horizonemployeur\/","biodata":""},"dsm_categories":[],"dsm_attachment_categories":[],"dsm_featured_image":null,"_links":{"self":[{"href":"https:\/\/www.horizonemployeur.fr\/wp2019\/wp-json\/wp\/v2\/pages\/6498","targetHints":{"allow":["GET"]}}],"collection":[{"href":"https:\/\/www.horizonemployeur.fr\/wp2019\/wp-json\/wp\/v2\/pages"}],"about":[{"href":"https:\/\/www.horizonemployeur.fr\/wp2019\/wp-json\/wp\/v2\/types\/page"}],"author":[{"embeddable":true,"href":"https:\/\/www.horizonemployeur.fr\/wp2019\/wp-json\/wp\/v2\/users\/1"}],"replies":[{"embeddable":true,"href":"https:\/\/www.horizonemployeur.fr\/wp2019\/wp-json\/wp\/v2\/comments?post=6498"}],"version-history":[{"count":0,"href":"https:\/\/www.horizonemployeur.fr\/wp2019\/wp-json\/wp\/v2\/pages\/6498\/revisions"}],"wp:attachment":[{"href":"https:\/\/www.horizonemployeur.fr\/wp2019\/wp-json\/wp\/v2\/media?parent=6498"}],"wp:term":[{"taxonomy":"dipi_cpt_category","embeddable":true,"href":"https:\/\/www.horizonemployeur.fr\/wp2019\/wp-json\/wp\/v2\/dipi_cpt_category?post=6498"}],"curies":[{"name":"wp","href":"https:\/\/api.w.org\/{rel}","templated":true}]}}