{"id":823,"date":"2015-10-19T17:32:54","date_gmt":"2015-10-19T15:32:54","guid":{"rendered":"https:\/\/horizonmobi.wordpress.com\/?page_id=823"},"modified":"2017-11-06T17:07:47","modified_gmt":"2017-11-06T16:07:47","slug":"subvention-vae","status":"publish","type":"page","link":"https:\/\/www.horizonemployeur.fr\/wordpress\/subvention-vae\/","title":{"rendered":"Subventions \u00e0 l&rsquo;achat d&rsquo;un v\u00e9lo \u00e0 assistance \u00e9lectrique"},"content":{"rendered":"<h2>Subvention d&rsquo;Etat<\/h2>\n<p>Jusqu&rsquo;au <span style=\"text-decoration: underline;\"><strong>31 janvier 2018<\/strong><\/span>, l&rsquo;Etat subventionne sous conditions l&rsquo;achat d&rsquo;un v\u00e9lo \u00e0 assistance \u00e9lectrique \u00e0 raison de 20 % du montant TTC hors options, la subvention \u00e9tant limit\u00e9e \u00e0 200 EUR<\/p>\n<p>Vous trouverez les conditions d&rsquo;attribution et les formalit\u00e9s \u00e0 remplir sur la page d\u00e9di\u00e9e:<br \/>\n<a href=\"https:\/\/www.economie.gouv.fr\/particuliers\/prime-velo-electrique\" target=\"_blank\" rel=\"noopener\">https:\/\/www.economie.gouv.fr\/particuliers\/prime-velo-electrique<\/a><\/p>\n<p>L&rsquo;attribution de cette subvention d&rsquo;Etat \u00e9tant incompatible avec celle d&rsquo;une subvention d&rsquo;une collectivit\u00e9 locale ou territoriale, de nombreuses collectivit\u00e9s qui offraient cette subvention \u00e0 l&rsquo;achat l&rsquo;ont supprim\u00e9e ou suspendue. Comme quelques autres collectivit\u00e9s, la ville de Paris l&rsquo;a conserv\u00e9e, pour un montant sup\u00e9rieur \u00e0 la subvention d&rsquo;Etat.<\/p>\n<hr>\n<h2>Subvention de la Ville de Paris<\/h2>\n<p>Une subvention de 33 % (limit\u00e9e \u00e0 400 EUR) peut \u00eatre allou\u00e9e. Elle est \u00e9galement applicable aux cyclomoteurs \u00e9lectriques.&nbsp;Aucune date limit\u00e9e est indiqu\u00e9e \u00e0 ce jour.<\/p>\n<p>Informations compl\u00e9mentaires<br \/>\n<a href=\"https:\/\/www.paris.fr\/services-et-infos-pratiques\/deplacements-et-stationnement\/deplacements\/vehicules-electriques-2776#subvention-pour-les-2-roues-electriques_4\" target=\"_blank\" rel=\"noopener\">https:\/\/www.paris.fr\/services-et-infos-pratiques\/deplacements-et-stationnement\/deplacements\/vehicules-electriques-2776#subvention-pour-les-2-roues-electriques_4<\/a>&nbsp;<\/p>\n<hr>\n<p>&nbsp;<\/p>\n","protected":false},"excerpt":{"rendered":"<p>Subvention d&rsquo;Etat Jusqu&rsquo;au 31 janvier 2018, l&rsquo;Etat subventionne sous conditions l&rsquo;achat d&rsquo;un v\u00e9lo \u00e0 assistance \u00e9lectrique \u00e0 raison de 20 % du montant TTC hors options, la subvention \u00e9tant limit\u00e9e \u00e0 200 EUR Vous trouverez les conditions d&rsquo;attribution et les formalit\u00e9s \u00e0 remplir sur la page d\u00e9di\u00e9e: https:\/\/www.economie.gouv.fr\/particuliers\/prime-velo-electrique L&rsquo;attribution de cette subvention d&rsquo;Etat \u00e9tant incompatible [&hellip;]<\/p>\n","protected":false},"author":1,"featured_media":0,"parent":0,"menu_order":3,"comment_status":"closed","ping_status":"closed","template":"page-templates\/no-sidebar.php","meta":{"ngg_post_thumbnail":0,"jetpack_post_was_ever_published":false},"jetpack_sharing_enabled":true,"jetpack_shortlink":"https:\/\/wp.me\/P7AoJR-dh","jetpack-related-posts":[{"id":33,"url":"https:\/\/www.horizonemployeur.fr\/wordpress\/accueil\/sedeplacer\/circulations-douces\/","url_meta":{"origin":823,"position":0},"title":"Les Circulations Douces","date":"27 f\u00e9vrier 2014","format":false,"excerpt":"Les circulations douces (ou circulations actives) sont les modes de transport dans lesquels seule (ou pratiquement seule) l'\u00e9nergie du voyageur est mis en oeuvre. \u00a0 La marche \u00e0 pied Pour qui habite V\u00e9lizy ou Meudon-la-For\u00eat, voire quelques autres communes environnantes, la marche \u00e0 pied peut \u00eatre, surtout par beau temps,\u2026","rel":"","context":"Article similaire","img":{"alt_text":"","src":"https:\/\/i0.wp.com\/www.horizonemployeur.fr\/wordpress\/wp-content\/uploads\/2016\/03\/20141121_175251_1200x600d.jpg?fit=1200%2C600&ssl=1&resize=350%2C200","width":350,"height":200},"classes":[]},{"id":3610,"url":"https:\/\/www.horizonemployeur.fr\/wordpress\/covoiturage\/","url_meta":{"origin":823,"position":1},"title":"Le covoiturage","date":"17 novembre 2017","format":false,"excerpt":"Le covoiturage, c'est un trajet partag\u00e9 entre membres de la famille ou voisins, ou entre coll\u00e8gues d'un m\u00eame service ou d'une m\u00eame entreprise. Mais ce dispositif peut \u00eatre \u00e9largi entre salari\u00e9s de diff\u00e9rentes entreprises d'Inovel Parc ou personnes partageant simplement toute ou partie d'un m\u00eame trajet. Afin de faciliter la\u2026","rel":"","context":"Article similaire","img":{"alt_text":"","src":"","width":0,"height":0},"classes":[]},{"id":2996,"url":"https:\/\/www.horizonemployeur.fr\/wordpress\/contribution-velo-10-2016\/","url_meta":{"origin":823,"position":2},"title":"Contribution sur le plan v\u00e9lo r\u00e9gional (octobre 2016)","date":"20 octobre 2016","format":false,"excerpt":"\"Participez au Plan v\u00e9lo de l'\u00cele-de-France Le d\u00e9veloppement de l\u2019usage du v\u00e9lo en \u00cele-de-France repr\u00e9sente un enjeu majeur pour les Franciliens en termes de d\u00e9placements quotidiens, de sant\u00e9 publique, de qualit\u00e9 de l\u2019air, de r\u00e9duction des nuisances sonores, de d\u00e9veloppement \u00e9conomique, de tourisme, de sport et de loisirs.\u00a0 Une conf\u00e9rence\u2026","rel":"","context":"Article similaire","img":{"alt_text":"","src":"","width":0,"height":0},"classes":[]},{"id":3027,"url":"https:\/\/www.horizonemployeur.fr\/wordpress\/contribution-velo-11-2016\/","url_meta":{"origin":823,"position":3},"title":"Contribution \u00e0 la consultation sur le plan v\u00e9lo r\u00e9gional","date":"10 novembre 2016","format":false,"excerpt":"En septembre 2016, l'ex\u00e9cutif r\u00e9gional a lanc\u00e9 une consultation en vue de d\u00e9finir le contenu du futur plan v\u00e9lo de la r\u00e9gion Ile-de-France. Cette consultation, programm\u00e9e du 28 septembre au 10 novembre 2016, est bas\u00e9e sur 3 questions 1. Quels seraient les am\u00e9nagements utiles pour favoriser l\u2019intermodalit\u00e9 et\/ou r\u00e9sorber les\u2026","rel":"","context":"Article similaire","img":{"alt_text":"cartographie-velizy-iau-idf","src":"https:\/\/i0.wp.com\/www.horizonemployeur.fr\/wordpress\/wp-content\/uploads\/2016\/11\/Cartographie-Velizy-IAU-IDF.png?resize=350%2C200","width":350,"height":200},"classes":[]},{"id":569,"url":"https:\/\/www.horizonemployeur.fr\/wordpress\/accueil\/pdie\/pdie-he\/","url_meta":{"origin":823,"position":4},"title":"Le PDIE de l&rsquo;association \u00ab\u00a0Horizon Employeur\u00a0\u00bb","date":"13 juillet 2015","format":false,"excerpt":"Le PDIE s'est mis en place au long d'un processus comportant plusieurs \u00e9tapes: 2008-2009 (9 mois): r\u00e9alisation d'un diagnostic de la mobilit\u00e9 dans les zones d'activit\u00e9s 2009 (3 mois): d\u00e9finition du plan d'actions \u00e0 mettre en oeuvre 2010-2014: mise en oeuvre du 1er plan de d\u00e9placements 2014: bilan des 5\u2026","rel":"","context":"Article similaire","img":{"alt_text":"","src":"","width":0,"height":0},"classes":[]},{"id":3800,"url":"https:\/\/www.horizonemployeur.fr\/wordpress\/travaux-l15-pt-sevres-6\/","url_meta":{"origin":823,"position":5},"title":"Les travaux de la ligne 15 \u00e0 Pont de S\u00e8vres (partie 6)","date":"18 d\u00e9cembre 2017","format":false,"excerpt":"Que faire pendant ces 34 mois ? Suivant les probl\u00e8mes qui surviendront, il conviendra d'\u00eatre particuli\u00e8rement inventifs... Quelques r\u00e9ponses possibles, qui ne s'appliqueront pas n\u00e9cessairement toutes \u00e0 toutes les personnes impact\u00e9es, dont l'objectif principal reste de limiter les flux de v\u00e9hicules en particulier aux heures de pointe. Les itin\u00e9raires bis\u2026","rel":"","context":"Article similaire","img":{"alt_text":"","src":"https:\/\/i0.wp.com\/www.horizonemployeur.fr\/wordpress\/wp-content\/uploads\/2018\/01\/Page-Waze-RD1.png?resize=350%2C200","width":350,"height":200},"classes":[]}],"_links":{"self":[{"href":"https:\/\/www.horizonemployeur.fr\/wordpress\/wp-json\/wp\/v2\/pages\/823"}],"collection":[{"href":"https:\/\/www.horizonemployeur.fr\/wordpress\/wp-json\/wp\/v2\/pages"}],"about":[{"href":"https:\/\/www.horizonemployeur.fr\/wordpress\/wp-json\/wp\/v2\/types\/page"}],"author":[{"embeddable":true,"href":"https:\/\/www.horizonemployeur.fr\/wordpress\/wp-json\/wp\/v2\/users\/1"}],"replies":[{"embeddable":true,"href":"https:\/\/www.horizonemployeur.fr\/wordpress\/wp-json\/wp\/v2\/comments?post=823"}],"version-history":[{"count":3,"href":"https:\/\/www.horizonemployeur.fr\/wordpress\/wp-json\/wp\/v2\/pages\/823\/revisions"}],"predecessor-version":[{"id":3530,"href":"https:\/\/www.horizonemployeur.fr\/wordpress\/wp-json\/wp\/v2\/pages\/823\/revisions\/3530"}],"wp:attachment":[{"href":"https:\/\/www.horizonemployeur.fr\/wordpress\/wp-json\/wp\/v2\/media?parent=823"}],"curies":[{"name":"wp","href":"https:\/\/api.w.org\/{rel}","templated":true}]}}