{"id":650,"date":"2015-07-19T12:22:59","date_gmt":"2015-07-19T10:22:59","guid":{"rendered":"https:\/\/horizonmobi.wordpress.com\/?page_id=650"},"modified":"2017-11-06T16:07:21","modified_gmt":"2017-11-06T15:07:21","slug":"itineraires-pietons-velos","status":"publish","type":"page","link":"https:\/\/www.horizonemployeur.fr\/wordpress\/accueil\/sedeplacer\/circulations-douces\/itineraires-pietons-velos\/","title":{"rendered":"Itin\u00e9raires pi\u00e9tons et v\u00e9los"},"content":{"rendered":"<p><span style=\"color: #808080;\"><em>Cette page est un h\u00e9ritage de la Commission Transports d&rsquo;Alcatel-Lucent V\u00e9lizy, avant que cet \u00e9tablissement ne soit transf\u00e9r\u00e9 sur Villarceaux (Essonne). Les informations sont reprises ici avec leur accord.<\/em><\/span><\/p>\n<p><span style=\"color: #808080;\"><em>Un certain nombre d&rsquo;itin\u00e9raires avaient \u00e9t\u00e9 cartographi\u00e9s par diff\u00e9rentes personnes et r\u00e9pertori\u00e9s dans cette rubrique (site original: <a style=\"color: #808080;\" href=\"http:\/\/bosseravelizy.blogspot.fr\/\" target=\"_blank\" rel=\"noopener\">bosseravelizy.blogspot.fr\/<\/a>). Attention, ces itin\u00e9raires n&rsquo;ont pas fait l&rsquo;objet de mise \u00e0 jour depuis 2013: des modifications de voirie ont pu intervenir depuis, certains itin\u00e9raires peuvent donc se trouver modifi\u00e9s. Dans la mesure des possibilit\u00e9s, une actualisation de ces itin\u00e9raires sera, un jour, effectu\u00e9e.<\/em><\/span><\/p>\n<ul>\n<li><a href=\"http:\/\/maps.google.fr\/maps\/ms?hl=fr&amp;ie=UTF8&amp;msa=0&amp;msid=103114712200640498862.0004721b99eab84eccad0&amp;ll=48.797931,2.195206&amp;spn=0.057103,0.15398&amp;z=13\" target=\"_blank\" rel=\"noopener\">pi\u00e9tons vers les gares de Chaville<\/a><\/li>\n<li><a href=\"http:\/\/maps.google.fr\/maps\/ms?hl=fr&amp;ie=UTF8&amp;msa=0&amp;msid=103114712200640498862.00047ecc868b6351b36e1&amp;ll=48.797931,2.195206&amp;spn=0.057103,0.15398&amp;z=13\" target=\"_blank\" rel=\"noopener\">\u00e0 v\u00e9lo vers les gares de Chaville<\/a><\/li>\n<li><a href=\"http:\/\/maps.google.fr\/maps\/ms?ie=UTF8&amp;hl=fr&amp;t=k&amp;msa=0&amp;ll=48.798157,2.145596&amp;spn=0.01371,0.038238&amp;z=15&amp;msid=207646796821325663633.00049d2b2c81d557ccfec\" target=\"_blank\" rel=\"noopener\">vers Versailles<\/a><\/li>\n<li><a href=\"http:\/\/maps.google.fr\/maps\/ms?hl=fr&amp;ie=UTF8&amp;msa=0&amp;msid=207646796821325663633.000487a58ee202a96036a\" target=\"_blank\" rel=\"noopener\">vers Meudon-la-For\u00eat\/Petit Clamart (Antony\/Verri\u00e8res)<\/a><\/li>\n<li><a href=\"http:\/\/maps.google.com\/maps\/ms?msa=0&amp;msid=207646796821325663633.0004a2859b44b2d8805a3&amp;hl=fr&amp;ie=UTF8&amp;z=13\" target=\"_blank\" rel=\"noopener\">vers Antony<\/a><\/li>\n<li><a href=\"http:\/\/maps.google.com\/maps\/ms?hl=fr&amp;ie=UTF8&amp;msa=0&amp;msid=207646796821325663633.00046f4791667233dadca&amp;z=12\" target=\"_blank\" rel=\"noopener\">vers Verri\u00e8res\/Massy\/Palaiseau<\/a><\/li>\n<li><a href=\"http:\/\/www.openrunner.com\/index.php?id=147864\" target=\"_blank\" rel=\"noopener\">vers Robinson &amp; Bourg-la-Reine<\/a><\/li>\n<li><a href=\"http:\/\/www.openrunner.com\/index.php?id=30154\" target=\"_blank\" rel=\"noopener\">vers Ch\u00e2tillon-Montrouge<\/a><\/li>\n<li><a href=\"http:\/\/www.calculitineraires.fr\/index.php?id=107952#map\" target=\"_blank\" rel=\"noopener\">vers Paris-porte d&rsquo;Orl\u00e9ans<\/a><\/li>\n<li><a href=\"http:\/\/maps.google.com\/maps\/ms?msa=0&amp;msid=210087780168549750737.0004ad811bd11f5a58eef\" target=\"_blank\" rel=\"noopener\">de Meudon-Issy<\/a><\/li>\n<li><a href=\"http:\/\/maps.google.fr\/maps\/ms?ie=UTF8&amp;hl=fr&amp;t=k&amp;msa=0&amp;ll=48.807655,2.253056&amp;spn=0.054831,0.15295&amp;z=13&amp;msid=207646796821325663633.00047076e725da96ac406\" target=\"_blank\" rel=\"noopener\">vers Meudon-Issy-Paris(Brancion)<\/a><\/li>\n<li><a href=\"http:\/\/maps.google.com\/maps\/ms?hl=fr&amp;ie=UTF8&amp;msa=0&amp;msid=207646796821325663633.00047c9210a66453ef9c0&amp;z=13\" target=\"_blank\" rel=\"noopener\">vers S\u00e8vres m\u00e9tro\/tram<\/a><\/li>\n<li><a href=\"http:\/\/maps.google.com\/maps\/ms?hl=fr&amp;ie=UTF8&amp;msa=0&amp;msid=207646796821325663633.0004973b17e7cf6be4315\" target=\"_blank\" rel=\"noopener\">vers Bi\u00e8vres\/Igny; Orsay<\/a><\/li>\n<li><a href=\"http:\/\/maps.google.fr\/maps\/ms?vpsrc=1&amp;ctz=-120&amp;ie=UTF8&amp;msa=0&amp;msid=207646796821325663633.0004b045d60a9d7b831b1&amp;t=m&amp;z=14\" target=\"_blank\" rel=\"noopener\">vers Jouy\/(Les Loges\/Buc\/Guyancourt)\/Saclay<\/a><\/li>\n<\/ul>\n","protected":false},"excerpt":{"rendered":"<p>Cette page est un h\u00e9ritage de la Commission Transports d&rsquo;Alcatel-Lucent V\u00e9lizy, avant que cet \u00e9tablissement ne soit transf\u00e9r\u00e9 sur Villarceaux (Essonne). Les informations sont reprises ici avec leur accord. Un certain nombre d&rsquo;itin\u00e9raires avaient \u00e9t\u00e9 cartographi\u00e9s par diff\u00e9rentes personnes et r\u00e9pertori\u00e9s dans cette rubrique (site original: bosseravelizy.blogspot.fr\/). Attention, ces itin\u00e9raires n&rsquo;ont pas fait l&rsquo;objet de [&hellip;]<\/p>\n","protected":false},"author":1,"featured_media":1802,"parent":33,"menu_order":0,"comment_status":"open","ping_status":"open","template":"page-templates\/no-sidebar.php","meta":{"ngg_post_thumbnail":0,"jetpack_post_was_ever_published":false},"jetpack_sharing_enabled":true,"jetpack_shortlink":"https:\/\/wp.me\/P7AoJR-au","jetpack-related-posts":[{"id":3743,"url":"https:\/\/www.horizonemployeur.fr\/wordpress\/travaux-l15-pt-sevres-4\/","url_meta":{"origin":650,"position":0},"title":"Les travaux de la ligne 15 \u00e0 Pont de S\u00e8vres (partie 4)","date":"14 d\u00e9cembre 2017","format":false,"excerpt":"Les itin\u00e9raires de d\u00e9viation\u00a0 (Version provisoire) La coupure du quai Georges Gorse, entre le pont de S\u00e8vres et le pont Renault qui donne acc\u00e8s \u00e0 l'\u00eele Seguin, aura d'importantes cons\u00e9quences sur les d\u00e9placements dans le secteur: on a pu en avoir un aper\u00e7u le 12 d\u00e9cembre 2017, lors du One\u2026","rel":"","context":"Article similaire","img":{"alt_text":"","src":"https:\/\/i0.wp.com\/www.horizonemployeur.fr\/wordpress\/wp-content\/uploads\/2017\/12\/D\u00c3\u00a9viations-M15-Pt-de-S\u00c3\u00a8vres-A.jpg?resize=350%2C200","width":350,"height":200},"classes":[]},{"id":3796,"url":"https:\/\/www.horizonemployeur.fr\/wordpress\/travaux-l15-pt-sevres\/","url_meta":{"origin":650,"position":1},"title":"Les travaux de la ligne 15 \u00e0 Pont de S\u00e8vres","date":"18 d\u00e9cembre 2017","format":false,"excerpt":"Le 5 janvier 2018 marquera une \u00e9tape importante dans\u00a0 le d\u00e9roulement des travaux de la gare \"Pont de S\u00e8vres\" de la ligne 15 du m\u00e9tro Grand Paris Express. C'est en effet dans la nuit du jeudi 4 au vendredi 5 janvier 2018 que sera ferm\u00e9e la section du quai Georges\u2026","rel":"","context":"Article similaire","img":{"alt_text":"","src":"https:\/\/i0.wp.com\/www.horizonemployeur.fr\/wordpress\/wp-content\/uploads\/2017\/12\/Fermeture-Quai-G-Gorse-2018-2020.png?resize=350%2C200","width":350,"height":200},"classes":[]},{"id":3800,"url":"https:\/\/www.horizonemployeur.fr\/wordpress\/travaux-l15-pt-sevres-6\/","url_meta":{"origin":650,"position":2},"title":"Les travaux de la ligne 15 \u00e0 Pont de S\u00e8vres (partie 6)","date":"18 d\u00e9cembre 2017","format":false,"excerpt":"Que faire pendant ces 34 mois ? Suivant les probl\u00e8mes qui surviendront, il conviendra d'\u00eatre particuli\u00e8rement inventifs... Quelques r\u00e9ponses possibles, qui ne s'appliqueront pas n\u00e9cessairement toutes \u00e0 toutes les personnes impact\u00e9es, dont l'objectif principal reste de limiter les flux de v\u00e9hicules en particulier aux heures de pointe. Les itin\u00e9raires bis\u2026","rel":"","context":"Article similaire","img":{"alt_text":"","src":"https:\/\/i0.wp.com\/www.horizonemployeur.fr\/wordpress\/wp-content\/uploads\/2018\/01\/Page-Waze-RD1.png?resize=350%2C200","width":350,"height":200},"classes":[]},{"id":3004,"url":"https:\/\/www.horizonemployeur.fr\/wordpress\/contribution-bus-10-2016\/","url_meta":{"origin":650,"position":3},"title":"Contribution sur le plan bus r\u00e9gional (octobre 2016)","date":"24 octobre 2016","format":false,"excerpt":"L\u2019association Horizon Employeur Cr\u00e9\u00e9e en 2007 afin de regrouper les principales entreprises des zones d\u2019activit\u00e9s de V\u00e9lizy-Villacoublay sur les th\u00e9matiques des transports, du logement et des services aux entreprises et \u00e0 leurs collaborateurs, elle regroupe aujourd\u2019hui une quarantaine d\u2019\u00e9tablissements d\u2019Inovel Parc (V\u00e9lizy-Villacoublay et Meudon-la-For\u00eat) et de Bi\u00e8vres (Burospace), repr\u00e9sentant environ\u2026","rel":"","context":"Article similaire","img":{"alt_text":"extrait-24-est","src":"https:\/\/i0.wp.com\/www.horizonemployeur.fr\/wordpress\/wp-content\/uploads\/2016\/10\/Extrait-24-est.png?resize=350%2C200","width":350,"height":200},"classes":[]},{"id":33,"url":"https:\/\/www.horizonemployeur.fr\/wordpress\/accueil\/sedeplacer\/circulations-douces\/","url_meta":{"origin":650,"position":4},"title":"Les Circulations Douces","date":"27 f\u00e9vrier 2014","format":false,"excerpt":"Les circulations douces (ou circulations actives) sont les modes de transport dans lesquels seule (ou pratiquement seule) l'\u00e9nergie du voyageur est mis en oeuvre. \u00a0 La marche \u00e0 pied Pour qui habite V\u00e9lizy ou Meudon-la-For\u00eat, voire quelques autres communes environnantes, la marche \u00e0 pied peut \u00eatre, surtout par beau temps,\u2026","rel":"","context":"Article similaire","img":{"alt_text":"","src":"https:\/\/i0.wp.com\/www.horizonemployeur.fr\/wordpress\/wp-content\/uploads\/2016\/03\/20141121_175251_1200x600d.jpg?fit=1200%2C600&ssl=1&resize=350%2C200","width":350,"height":200},"classes":[]},{"id":2261,"url":"https:\/\/www.horizonemployeur.fr\/wordpress\/echangeur-a86\/","url_meta":{"origin":650,"position":5},"title":"L&rsquo;\u00e9changeur \u00ab\u00a0V\u00e9lizy 2\u00a0\u00bb de l&rsquo;A 86","date":"8 avril 2016","format":false,"excerpt":"Que ce soit pour rejoindre Inovel Parc Nord ou Inovel Parc Sud, il n'existe pratiquement qu'un acc\u00e8s unique c\u00f4t\u00e9 est: l'\u00e9changeur n\u00b03 de la RN 118 (V\u00e9lizy-Zone d'Emplois - Meudon-la-For\u00eat) pour Inovel Parc Nord l'\u00e9changeur n\u00b04.1 de la m\u00eame RN 118 (ZA Villacoublay) pour Inovel Parc Sud A c\u00f4t\u00e9 de\u2026","rel":"","context":"Article similaire","img":{"alt_text":"","src":"https:\/\/i0.wp.com\/www.horizonemployeur.fr\/wordpress\/wp-content\/uploads\/2016\/04\/vignette-projet-c3a9changeur-vc3a9lizy-2.png?fit=600%2C430&ssl=1&resize=350%2C200","width":350,"height":200},"classes":[]}],"_links":{"self":[{"href":"https:\/\/www.horizonemployeur.fr\/wordpress\/wp-json\/wp\/v2\/pages\/650"}],"collection":[{"href":"https:\/\/www.horizonemployeur.fr\/wordpress\/wp-json\/wp\/v2\/pages"}],"about":[{"href":"https:\/\/www.horizonemployeur.fr\/wordpress\/wp-json\/wp\/v2\/types\/page"}],"author":[{"embeddable":true,"href":"https:\/\/www.horizonemployeur.fr\/wordpress\/wp-json\/wp\/v2\/users\/1"}],"replies":[{"embeddable":true,"href":"https:\/\/www.horizonemployeur.fr\/wordpress\/wp-json\/wp\/v2\/comments?post=650"}],"version-history":[{"count":3,"href":"https:\/\/www.horizonemployeur.fr\/wordpress\/wp-json\/wp\/v2\/pages\/650\/revisions"}],"predecessor-version":[{"id":3526,"href":"https:\/\/www.horizonemployeur.fr\/wordpress\/wp-json\/wp\/v2\/pages\/650\/revisions\/3526"}],"up":[{"embeddable":true,"href":"https:\/\/www.horizonemployeur.fr\/wordpress\/wp-json\/wp\/v2\/pages\/33"}],"wp:featuredmedia":[{"embeddable":true,"href":"https:\/\/www.horizonemployeur.fr\/wordpress\/wp-json\/wp\/v2\/media\/1802"}],"wp:attachment":[{"href":"https:\/\/www.horizonemployeur.fr\/wordpress\/wp-json\/wp\/v2\/media?parent=650"}],"curies":[{"name":"wp","href":"https:\/\/api.w.org\/{rel}","templated":true}]}}