{"id":3866,"date":"2018-02-09T05:35:27","date_gmt":"2018-02-09T04:35:27","guid":{"rendered":"http:\/\/www.horizonemployeur.fr\/wordpress\/?page_id=3866"},"modified":"2018-02-09T05:35:27","modified_gmt":"2018-02-09T04:35:27","slug":"infos-08-02-2018-archives","status":"publish","type":"page","link":"https:\/\/www.horizonemployeur.fr\/wordpress\/infos-08-02-2018-archives\/","title":{"rendered":"La synth\u00e8se du jour: 8 f\u00e9vrier 2018"},"content":{"rendered":"<p>Vous retrouverez ce jeudi 8 f\u00e9vrier l&rsquo;essentiel des informations circulation sur cette page.<\/p>\n<p>Le fil d&rsquo;info en direct est sur Twitter: <a href=\"https:\/\/www.twitter.com\/vvtrafic\" target=\"_blank\" rel=\"noopener\">@vvtrafic<\/a><\/p>\n<h1>La m\u00e9t\u00e9o<\/h1>\n<p>Les pr\u00e9visions de M\u00e9t\u00e9o-France pour les heures \u00e0 venir: temps calme jusqu&rsquo;\u00e0 demain matin, o\u00f9 la neige et le vent feront leur apparition le tout sous des temp\u00e9ratures n\u00e9gatives approximativement entre 7h et 16h ce vendredi.<\/p>\n<p>&nbsp;<img data-attachment-id=\"3839\" data-permalink=\"https:\/\/www.horizonemployeur.fr\/wordpress\/infos\/meteo-8-9-fevrier-2018\/\" data-orig-file=\"https:\/\/i0.wp.com\/www.horizonemployeur.fr\/wordpress\/wp-content\/uploads\/2018\/02\/M\u00e9t\u00e9o-8-9-f\u00e9vrier-2018.jpg?fit=680%2C309&amp;ssl=1\" data-orig-size=\"680,309\" data-comments-opened=\"1\" data-image-meta=\"{&quot;aperture&quot;:&quot;0&quot;,&quot;credit&quot;:&quot;&quot;,&quot;camera&quot;:&quot;&quot;,&quot;caption&quot;:&quot;&quot;,&quot;created_timestamp&quot;:&quot;0&quot;,&quot;copyright&quot;:&quot;&quot;,&quot;focal_length&quot;:&quot;0&quot;,&quot;iso&quot;:&quot;0&quot;,&quot;shutter_speed&quot;:&quot;0&quot;,&quot;title&quot;:&quot;&quot;,&quot;orientation&quot;:&quot;0&quot;}\" data-image-title=\"M\u00e9t\u00e9o 8-9 f\u00e9vrier 2018\" data-image-description=\"\" data-image-caption=\"\" data-medium-file=\"https:\/\/i0.wp.com\/www.horizonemployeur.fr\/wordpress\/wp-content\/uploads\/2018\/02\/M\u00e9t\u00e9o-8-9-f\u00e9vrier-2018.jpg?fit=300%2C136&amp;ssl=1\" data-large-file=\"https:\/\/i0.wp.com\/www.horizonemployeur.fr\/wordpress\/wp-content\/uploads\/2018\/02\/M\u00e9t\u00e9o-8-9-f\u00e9vrier-2018.jpg?fit=680%2C309&amp;ssl=1\" decoding=\"async\" loading=\"lazy\" class=\"alignnone size-full wp-image-3839\" src=\"https:\/\/i0.wp.com\/www.horizonemployeur.fr\/wordpress\/wp-content\/uploads\/2018\/02\/M\u00e9t\u00e9o-8-9-f\u00e9vrier-2018.jpg?resize=680%2C309\" alt=\"\" width=\"680\" height=\"309\" srcset=\"https:\/\/i0.wp.com\/www.horizonemployeur.fr\/wordpress\/wp-content\/uploads\/2018\/02\/M\u00e9t\u00e9o-8-9-f\u00e9vrier-2018.jpg?w=680&amp;ssl=1 680w, https:\/\/i0.wp.com\/www.horizonemployeur.fr\/wordpress\/wp-content\/uploads\/2018\/02\/M\u00e9t\u00e9o-8-9-f\u00e9vrier-2018.jpg?resize=300%2C136&amp;ssl=1 300w\" sizes=\"(max-width: 680px) 100vw, 680px\" data-recalc-dims=\"1\" \/><img data-attachment-id=\"3838\" data-permalink=\"https:\/\/www.horizonemployeur.fr\/wordpress\/infos\/meteo-9-fevrier-2018\/\" data-orig-file=\"https:\/\/i0.wp.com\/www.horizonemployeur.fr\/wordpress\/wp-content\/uploads\/2018\/02\/M\u00e9t\u00e9o-9-f\u00e9vrier-2018.jpg?fit=680%2C309&amp;ssl=1\" data-orig-size=\"680,309\" data-comments-opened=\"1\" data-image-meta=\"{&quot;aperture&quot;:&quot;0&quot;,&quot;credit&quot;:&quot;&quot;,&quot;camera&quot;:&quot;&quot;,&quot;caption&quot;:&quot;&quot;,&quot;created_timestamp&quot;:&quot;0&quot;,&quot;copyright&quot;:&quot;&quot;,&quot;focal_length&quot;:&quot;0&quot;,&quot;iso&quot;:&quot;0&quot;,&quot;shutter_speed&quot;:&quot;0&quot;,&quot;title&quot;:&quot;&quot;,&quot;orientation&quot;:&quot;0&quot;}\" data-image-title=\"M\u00e9t\u00e9o 9 f\u00e9vrier 2018\" data-image-description=\"\" data-image-caption=\"\" data-medium-file=\"https:\/\/i0.wp.com\/www.horizonemployeur.fr\/wordpress\/wp-content\/uploads\/2018\/02\/M\u00e9t\u00e9o-9-f\u00e9vrier-2018.jpg?fit=300%2C136&amp;ssl=1\" data-large-file=\"https:\/\/i0.wp.com\/www.horizonemployeur.fr\/wordpress\/wp-content\/uploads\/2018\/02\/M\u00e9t\u00e9o-9-f\u00e9vrier-2018.jpg?fit=680%2C309&amp;ssl=1\" decoding=\"async\" loading=\"lazy\" class=\"alignnone size-full wp-image-3838\" src=\"https:\/\/i0.wp.com\/www.horizonemployeur.fr\/wordpress\/wp-content\/uploads\/2018\/02\/M\u00e9t\u00e9o-9-f\u00e9vrier-2018.jpg?resize=680%2C309\" alt=\"\" width=\"680\" height=\"309\" srcset=\"https:\/\/i0.wp.com\/www.horizonemployeur.fr\/wordpress\/wp-content\/uploads\/2018\/02\/M\u00e9t\u00e9o-9-f\u00e9vrier-2018.jpg?w=680&amp;ssl=1 680w, https:\/\/i0.wp.com\/www.horizonemployeur.fr\/wordpress\/wp-content\/uploads\/2018\/02\/M\u00e9t\u00e9o-9-f\u00e9vrier-2018.jpg?resize=300%2C136&amp;ssl=1 300w\" sizes=\"(max-width: 680px) 100vw, 680px\" data-recalc-dims=\"1\" \/><\/p>\n<p>Source:&nbsp;http:\/\/www.meteofrance.com\/previsions-meteo-france\/velizy-villacoublay\/78140&nbsp;<\/p>\n<p><img data-attachment-id=\"3857\" data-permalink=\"https:\/\/www.horizonemployeur.fr\/wordpress\/infos\/previsions-meteo-france-du-8-2-10-heures-pour-le-9-2-18\/\" data-orig-file=\"https:\/\/i0.wp.com\/www.horizonemployeur.fr\/wordpress\/wp-content\/uploads\/2018\/02\/Pr\u00e9visions-M\u00e9t\u00e9o-France-du-8-2-10-heures-pour-le-9-2-18.png?fit=600%2C338&amp;ssl=1\" data-orig-size=\"600,338\" data-comments-opened=\"1\" data-image-meta=\"{&quot;aperture&quot;:&quot;0&quot;,&quot;credit&quot;:&quot;&quot;,&quot;camera&quot;:&quot;&quot;,&quot;caption&quot;:&quot;&quot;,&quot;created_timestamp&quot;:&quot;0&quot;,&quot;copyright&quot;:&quot;&quot;,&quot;focal_length&quot;:&quot;0&quot;,&quot;iso&quot;:&quot;0&quot;,&quot;shutter_speed&quot;:&quot;0&quot;,&quot;title&quot;:&quot;&quot;,&quot;orientation&quot;:&quot;0&quot;}\" data-image-title=\"Pr\u00e9visions M\u00e9t\u00e9o-France du 8-2 10 heures pour le 9-2-18\" data-image-description=\"\" data-image-caption=\"\" data-medium-file=\"https:\/\/i0.wp.com\/www.horizonemployeur.fr\/wordpress\/wp-content\/uploads\/2018\/02\/Pr\u00e9visions-M\u00e9t\u00e9o-France-du-8-2-10-heures-pour-le-9-2-18.png?fit=300%2C169&amp;ssl=1\" data-large-file=\"https:\/\/i0.wp.com\/www.horizonemployeur.fr\/wordpress\/wp-content\/uploads\/2018\/02\/Pr\u00e9visions-M\u00e9t\u00e9o-France-du-8-2-10-heures-pour-le-9-2-18.png?fit=600%2C338&amp;ssl=1\" decoding=\"async\" loading=\"lazy\" class=\"alignnone size-full wp-image-3857\" src=\"https:\/\/i0.wp.com\/www.horizonemployeur.fr\/wordpress\/wp-content\/uploads\/2018\/02\/Pr\u00e9visions-M\u00e9t\u00e9o-France-du-8-2-10-heures-pour-le-9-2-18.png?resize=600%2C338\" alt=\"\" width=\"600\" height=\"338\" srcset=\"https:\/\/i0.wp.com\/www.horizonemployeur.fr\/wordpress\/wp-content\/uploads\/2018\/02\/Pr\u00e9visions-M\u00e9t\u00e9o-France-du-8-2-10-heures-pour-le-9-2-18.png?w=600&amp;ssl=1 600w, https:\/\/i0.wp.com\/www.horizonemployeur.fr\/wordpress\/wp-content\/uploads\/2018\/02\/Pr\u00e9visions-M\u00e9t\u00e9o-France-du-8-2-10-heures-pour-le-9-2-18.png?resize=300%2C169&amp;ssl=1 300w\" sizes=\"(max-width: 600px) 100vw, 600px\" data-recalc-dims=\"1\" \/><br \/>\n<em>Source: M\u00e9t\u00e9o-France via Twitter<\/em><\/p>\n<p>M\u00e9t\u00e9o-France a donc prolong\u00e9 la p\u00e9riode de vigilance orange jusqu&rsquo;\u00e0 vendredi 22 heures. Voici un extrait du bulletin de vigilance de jeudi 10 heures:<\/p>\n<table>\n<tbody>\n<tr>\n<td><span style=\"color: #003366;\"><b>Qualification du ph\u00e9nom\u00e8ne :&nbsp;<\/b><\/span><br \/>\n<span style=\"color: #003366;\">Conditions encore glissantes localement puis futur \u00e9pisode neigeux suffisamment notable pour engendrer des difficult\u00e9s de circulation et perturber certaines activit\u00e9s \u00e9conomiques pour la journ\u00e9e de demain.<\/span><span style=\"color: #003366;\"><b>Faits nouveaux :&nbsp;<\/b><\/span><br \/>\n<span style=\"color: #003366;\">Episode neigeux notable demain.<\/span><span style=\"color: #003366;\"><b>Situation actuelle :&nbsp;<\/b><\/span><br \/>\n<span style=\"color: #003366;\">Apr\u00e8s les chutes de neige d&rsquo;hier associ\u00e9es \u00e0 des cumuls remarquables (g\u00e9n\u00e9ralement 7 \u00e0 15 cm, parfois 20 cm), les \u00e9claircies nocturnes ont favoris\u00e9 l&rsquo;installation du froid. On observe ce matin des temp\u00e9ratures allant de -2 \u00b0C \u00e0 Paris intra-muros et jusqu&rsquo;\u00e0 -12 voire -13 \u00b0C en grande banlieue du c\u00f4t\u00e9 du Val d&rsquo;Oise, des Yvelines ou de la Seine-et-Marne. Quelques ph\u00e9nom\u00e8nes localement glissants sont encore observ\u00e9s.<\/span><br \/>\n<span style=\"color: #003366;\">Demain, une nouvelle perturbation neigeuse va parcourir la r\u00e9gion d&rsquo;ouest en est du d\u00e9but de matin\u00e9e au d\u00e9but de soir\u00e9e prochaine. Elle apportera une couche de neige au sol de 4 \u00e0 7 cm voire localement l\u00e9g\u00e8rement plus.<\/span><br \/>\n<span style=\"color: #003366;\"><b>Evolution pr\u00e9vue :&nbsp;<\/b><\/span><br \/>\n<span style=\"color: #003366;\">Pas de nouvelles chutes de neige attendues ce jour. Les temp\u00e9ratures vont progressivement augmenter au fil de la journ\u00e9e en devenant leg\u00e8rement positives par endroits.<\/span><\/td>\n<\/tr>\n<\/tbody>\n<\/table>\n<p>Source:&nbsp;http:\/\/vigilance.meteofrance.com\/Bulletin.html?a=dept78&amp;b=&nbsp;<\/p>\n<p>&nbsp;<\/p>\n<h1>Les informations de la pr\u00e9fecture de police<\/h1>\n<p>Le dernier communiqu\u00e9 de presse, paru jeudi midi, figure ici (ouvrez les images dans un nouve onglet pour les voir en format normal)<\/p>\n<p><img data-attachment-id=\"3841\" data-permalink=\"https:\/\/www.horizonemployeur.fr\/wordpress\/infos\/pp-8-2-2018-a\/\" data-orig-file=\"https:\/\/i0.wp.com\/www.horizonemployeur.fr\/wordpress\/wp-content\/uploads\/2018\/02\/PP-8-2-2018-A.jpg?fit=849%2C1200&amp;ssl=1\" data-orig-size=\"849,1200\" data-comments-opened=\"1\" data-image-meta=\"{&quot;aperture&quot;:&quot;0&quot;,&quot;credit&quot;:&quot;&quot;,&quot;camera&quot;:&quot;&quot;,&quot;caption&quot;:&quot;&quot;,&quot;created_timestamp&quot;:&quot;0&quot;,&quot;copyright&quot;:&quot;&quot;,&quot;focal_length&quot;:&quot;0&quot;,&quot;iso&quot;:&quot;0&quot;,&quot;shutter_speed&quot;:&quot;0&quot;,&quot;title&quot;:&quot;&quot;,&quot;orientation&quot;:&quot;0&quot;}\" data-image-title=\"PP 8 2 2018 A\" data-image-description=\"\" data-image-caption=\"\" data-medium-file=\"https:\/\/i0.wp.com\/www.horizonemployeur.fr\/wordpress\/wp-content\/uploads\/2018\/02\/PP-8-2-2018-A.jpg?fit=212%2C300&amp;ssl=1\" data-large-file=\"https:\/\/i0.wp.com\/www.horizonemployeur.fr\/wordpress\/wp-content\/uploads\/2018\/02\/PP-8-2-2018-A.jpg?fit=700%2C990&amp;ssl=1\" decoding=\"async\" loading=\"lazy\" class=\"alignnone wp-image-3841 size-large\" src=\"https:\/\/i0.wp.com\/www.horizonemployeur.fr\/wordpress\/wp-content\/uploads\/2018\/02\/PP-8-2-2018-A-724x1024.jpg?resize=700%2C990\" alt=\"\" width=\"700\" height=\"990\" srcset=\"https:\/\/i0.wp.com\/www.horizonemployeur.fr\/wordpress\/wp-content\/uploads\/2018\/02\/PP-8-2-2018-A.jpg?resize=724%2C1024&amp;ssl=1 724w, https:\/\/i0.wp.com\/www.horizonemployeur.fr\/wordpress\/wp-content\/uploads\/2018\/02\/PP-8-2-2018-A.jpg?resize=212%2C300&amp;ssl=1 212w, https:\/\/i0.wp.com\/www.horizonemployeur.fr\/wordpress\/wp-content\/uploads\/2018\/02\/PP-8-2-2018-A.jpg?resize=768%2C1086&amp;ssl=1 768w, https:\/\/i0.wp.com\/www.horizonemployeur.fr\/wordpress\/wp-content\/uploads\/2018\/02\/PP-8-2-2018-A.jpg?w=849&amp;ssl=1 849w\" sizes=\"(max-width: 700px) 100vw, 700px\" data-recalc-dims=\"1\" \/><img data-attachment-id=\"3840\" data-permalink=\"https:\/\/www.horizonemployeur.fr\/wordpress\/infos\/pp-8-2-2018-b\/\" data-orig-file=\"https:\/\/i0.wp.com\/www.horizonemployeur.fr\/wordpress\/wp-content\/uploads\/2018\/02\/PP-8-2-2018-B.jpg?fit=849%2C1200&amp;ssl=1\" data-orig-size=\"849,1200\" data-comments-opened=\"1\" data-image-meta=\"{&quot;aperture&quot;:&quot;0&quot;,&quot;credit&quot;:&quot;&quot;,&quot;camera&quot;:&quot;&quot;,&quot;caption&quot;:&quot;&quot;,&quot;created_timestamp&quot;:&quot;0&quot;,&quot;copyright&quot;:&quot;&quot;,&quot;focal_length&quot;:&quot;0&quot;,&quot;iso&quot;:&quot;0&quot;,&quot;shutter_speed&quot;:&quot;0&quot;,&quot;title&quot;:&quot;&quot;,&quot;orientation&quot;:&quot;0&quot;}\" data-image-title=\"PP 8 2 2018 B\" data-image-description=\"\" data-image-caption=\"\" data-medium-file=\"https:\/\/i0.wp.com\/www.horizonemployeur.fr\/wordpress\/wp-content\/uploads\/2018\/02\/PP-8-2-2018-B.jpg?fit=212%2C300&amp;ssl=1\" data-large-file=\"https:\/\/i0.wp.com\/www.horizonemployeur.fr\/wordpress\/wp-content\/uploads\/2018\/02\/PP-8-2-2018-B.jpg?fit=700%2C990&amp;ssl=1\" decoding=\"async\" loading=\"lazy\" class=\"alignnone wp-image-3840 size-large\" src=\"https:\/\/i0.wp.com\/www.horizonemployeur.fr\/wordpress\/wp-content\/uploads\/2018\/02\/PP-8-2-2018-B-724x1024.jpg?resize=700%2C990\" alt=\"\" width=\"700\" height=\"990\" srcset=\"https:\/\/i0.wp.com\/www.horizonemployeur.fr\/wordpress\/wp-content\/uploads\/2018\/02\/PP-8-2-2018-B.jpg?resize=724%2C1024&amp;ssl=1 724w, https:\/\/i0.wp.com\/www.horizonemployeur.fr\/wordpress\/wp-content\/uploads\/2018\/02\/PP-8-2-2018-B.jpg?resize=212%2C300&amp;ssl=1 212w, https:\/\/i0.wp.com\/www.horizonemployeur.fr\/wordpress\/wp-content\/uploads\/2018\/02\/PP-8-2-2018-B.jpg?resize=768%2C1086&amp;ssl=1 768w, https:\/\/i0.wp.com\/www.horizonemployeur.fr\/wordpress\/wp-content\/uploads\/2018\/02\/PP-8-2-2018-B.jpg?w=849&amp;ssl=1 849w\" sizes=\"(max-width: 700px) 100vw, 700px\" data-recalc-dims=\"1\" \/><\/p>\n<p>A en retenir:<\/p>\n<ul>\n<li>la fermeture de la RN 118 dans son int\u00e9gralit\u00e9 jusqu&rsquo;\u00e0 nouvel ordre.<br \/>\n<span style=\"color: #339966;\">Une pr\u00e9cision quant \u00e0 la r\u00e9ouverture est donn\u00e9e par la pr\u00e9fecture de l&rsquo;Essonne (https:\/\/twitter.com\/Prefet91\/status\/961613093234192384): elle est pr\u00e9vue<\/span> <strong><span style=\"color: #339966;\">samedi 12h00<\/span><\/strong><br \/>\n<del><\/del><del><\/del><\/li>\n<\/ul>\n<ul>\n<li>le risque pour les automobilistes utilisant leur v\u00e9hicule vendredi matin de ne pas pouvoir rentrer chez eux en fin de journ\u00e9e<\/li>\n<\/ul>\n<p>&nbsp;<\/p>\n<h1>La circulation routi\u00e8re<\/h1>\n<p>Jeudi \u00e0 14 h, l&rsquo;ensemble des grands axes de la r\u00e9gion est d\u00e9gag\u00e9, donnant une viabilit\u00e9 hivernale qualifi\u00e9e de normale. Seule \u00e9chappe \u00e0 ce qualificatif la viabilit\u00e9 de la RN 118, qualifi\u00e9e de \u00ab\u00a0d\u00e9licate\u00a0\u00bb. Mais comme cette route est ferm\u00e9e, cela n&rsquo;a pas vraiment d&rsquo;importance. Notez l&rsquo;onglet de la carte de www.sytadin.fr o\u00f9 se trouve cette information.<\/p>\n<p><img data-attachment-id=\"3842\" data-permalink=\"https:\/\/www.horizonemployeur.fr\/wordpress\/infos\/viabilite-hivernale-08-02-2018-14h04-sytadin\/\" data-orig-file=\"https:\/\/i0.wp.com\/www.horizonemployeur.fr\/wordpress\/wp-content\/uploads\/2018\/02\/Viabilit\u00e9-hivernale-08-02-2018-14h04-Sytadin.png?fit=592%2C523&amp;ssl=1\" data-orig-size=\"592,523\" data-comments-opened=\"1\" data-image-meta=\"{&quot;aperture&quot;:&quot;0&quot;,&quot;credit&quot;:&quot;&quot;,&quot;camera&quot;:&quot;&quot;,&quot;caption&quot;:&quot;&quot;,&quot;created_timestamp&quot;:&quot;0&quot;,&quot;copyright&quot;:&quot;&quot;,&quot;focal_length&quot;:&quot;0&quot;,&quot;iso&quot;:&quot;0&quot;,&quot;shutter_speed&quot;:&quot;0&quot;,&quot;title&quot;:&quot;&quot;,&quot;orientation&quot;:&quot;0&quot;}\" data-image-title=\"Viabilit\u00e9 hivernale 08 02 2018 14h04 Sytadin\" data-image-description=\"\" data-image-caption=\"\" data-medium-file=\"https:\/\/i0.wp.com\/www.horizonemployeur.fr\/wordpress\/wp-content\/uploads\/2018\/02\/Viabilit\u00e9-hivernale-08-02-2018-14h04-Sytadin.png?fit=300%2C265&amp;ssl=1\" data-large-file=\"https:\/\/i0.wp.com\/www.horizonemployeur.fr\/wordpress\/wp-content\/uploads\/2018\/02\/Viabilit\u00e9-hivernale-08-02-2018-14h04-Sytadin.png?fit=592%2C523&amp;ssl=1\" decoding=\"async\" loading=\"lazy\" class=\"alignnone size-full wp-image-3842\" src=\"https:\/\/i0.wp.com\/www.horizonemployeur.fr\/wordpress\/wp-content\/uploads\/2018\/02\/Viabilit\u00e9-hivernale-08-02-2018-14h04-Sytadin.png?resize=592%2C523\" alt=\"\" width=\"592\" height=\"523\" srcset=\"https:\/\/i0.wp.com\/www.horizonemployeur.fr\/wordpress\/wp-content\/uploads\/2018\/02\/Viabilit\u00e9-hivernale-08-02-2018-14h04-Sytadin.png?w=592&amp;ssl=1 592w, https:\/\/i0.wp.com\/www.horizonemployeur.fr\/wordpress\/wp-content\/uploads\/2018\/02\/Viabilit\u00e9-hivernale-08-02-2018-14h04-Sytadin.png?resize=300%2C265&amp;ssl=1 300w\" sizes=\"(max-width: 592px) 100vw, 592px\" data-recalc-dims=\"1\" \/><\/p>\n<p>Le reste de la voirie est plus ou moins d\u00e9gag\u00e9. Attention au r\u00e9seau secondaire qui peut ne pas \u00eatre d\u00e9gag\u00e9 et poser quelques probl\u00e8mes, en particulier dans les for\u00eats, sur les ponts, &#8230;<\/p>\n<p>&nbsp;<\/p>\n<h1>Les transports en commun<\/h1>\n<p>A noter que les bus scolaires ne circulent pas ce jeudi.<\/p>\n<p>&nbsp;<\/p>\n<h2>SNCF<\/h2>\n<p>Les perturbations de ce matin se sont en partie estomp\u00e9es. Voici la situation \u00e0 14 h:<\/p>\n<table>\n<tbody>\n<tr>\n<th>Ligne<\/th>\n<th>Situation<\/th>\n<th>Pr\u00e9visions vendredi 09<\/th>\n<\/tr>\n<tr>\n<td style=\"text-align: center;\"><strong>A<\/strong><\/td>\n<td>Retour progressif \u00e0 la normale, avec cependant des retards et suppressions jusqu&rsquo;en fin de journ\u00e9e<\/td>\n<td><strong><span style=\"color: #339966;\">trafic normal<\/span><\/strong><\/td>\n<\/tr>\n<tr>\n<td style=\"text-align: center;\"><strong>B<\/strong><\/td>\n<td>Trafic normal<\/td>\n<td><strong>&nbsp;<\/strong><\/td>\n<\/tr>\n<tr>\n<td style=\"text-align: center;\"><strong>C<br \/>\nnord<\/strong><\/td>\n<td>Avenue Henri Martin &#8211; Pontoise : 1 train toutes les 15 min<\/p>\n<p>&nbsp;<\/td>\n<td><strong>&nbsp;<\/strong><\/td>\n<\/tr>\n<tr>\n<td style=\"text-align: center;\"><strong>C<br \/>\nouest<\/strong><\/td>\n<td>Javel &#8211; Versailles Ch\u00e2teau Rive Gauche : 1 train toutes les 30 min<br \/>\nJavel \u2013 St Quentin en Yvelines : 1 train toutes les 30 min<\/td>\n<td><strong>&nbsp;<\/strong><\/td>\n<\/tr>\n<tr>\n<td style=\"text-align: center;\"><strong>C<br \/>\nsud<\/strong><\/td>\n<td>Paris Austerlitz &#8211; Saint Martin d\u2019Etampes : 1 train toutes les 30 min<br \/>\nParis Austerlitz &#8211; Dourdan : 1 train toutes les 30 min<\/td>\n<td><strong>&nbsp;<\/strong><\/td>\n<\/tr>\n<tr>\n<td style=\"text-align: center;\"><strong>D<\/strong><\/td>\n<td>Trafic normal<\/td>\n<td><strong><span style=\"color: #339966;\">4 trains sur 5<\/span><\/strong><\/td>\n<\/tr>\n<tr>\n<td style=\"text-align: center;\"><strong>E<\/strong><\/td>\n<td>Trafic fortement ralenti<\/td>\n<td><strong><span style=\"color: #339966;\">2 trains sur 3<\/span><\/strong><\/td>\n<\/tr>\n<tr>\n<td style=\"text-align: center;\"><strong>H<\/strong><\/td>\n<td>3 trains sur 4<br \/>\nquelques trains Pontoise &#8211; Persan supprim\u00e9s<\/td>\n<td><strong>&nbsp;<\/strong><\/td>\n<\/tr>\n<tr>\n<td style=\"text-align: center;\"><strong>J<\/strong><\/td>\n<td>Retour progressif \u00e0 la normale, avec cependant des retards et suppressions jusqu&rsquo;en fin de journ\u00e9e<\/td>\n<td><strong><span style=\"color: #339966;\">matin:<\/span><\/strong><br \/>\n<strong><span style=\"color: #339966;\">2 trains sur 3<\/span><\/strong><\/td>\n<\/tr>\n<tr>\n<td style=\"text-align: center;\"><strong>K<\/strong><\/td>\n<td>3 trains sur 4<\/td>\n<td><strong>&nbsp;<\/strong><\/td>\n<\/tr>\n<tr>\n<td style=\"text-align: center;\"><strong>L<\/strong><\/td>\n<td>Retour progressif \u00e0 la normale, avec cependant des retards et suppressions jusqu&rsquo;en fin de journ\u00e9e<\/td>\n<td><strong><span style=\"color: #339966;\">matin:<\/span><\/strong><br \/>\n<strong><span style=\"color: #339966;\">2 trains sur 3<\/span><\/strong><\/td>\n<\/tr>\n<tr>\n<td style=\"text-align: center;\"><strong>N<\/strong><\/td>\n<td>2 trains sur 3<br \/>\nHoraires disponibles ici:&nbsp;https:\/\/www.transilien.com\/#info-trafic-temps-reel<br \/>\n<strong><span style=\"color: #339966;\">Attention, arr\u00eat des circulations jusqu&rsquo;\u00e0 20h entre Plaisir et Dreux (collision entre un train et un v\u00e9hicule en panne sur un passage \u00e0 niveau)<\/span><\/strong><\/td>\n<td><strong><span style=\"color: #339966;\">3 trains sur 4<\/span><\/strong><\/td>\n<\/tr>\n<tr>\n<td style=\"text-align: center;\"><strong>P<\/strong><\/td>\n<td>Axe Meaux et Ch\u00e2teau-Thierry: 1 train sur 2<br \/>\nEntre Meaux et La Fert\u00e9-Milon: 1 train sur 2 jusqu&rsquo;\u00e0 18h<br \/>\nAxe Provins: trafic ralenti<br \/>\nAxe Coulommiers: bus de sustitution<br \/>\nEntre Esbly et Cr\u00e9cy: bus de substitution<\/td>\n<td><strong><span style=\"color: #339966;\">Axes Meaux, Ch\u00e2teau-Thierry, La Fert\u00e9-Milon, Provins:<\/span><\/strong><br \/>\n<strong><span style=\"color: #339966;\">1 train sur 2<\/span><\/strong><br \/>\n<strong><span style=\"color: #339966;\">Axe Coulommiers: non connu<\/span><\/strong><br \/>\n<strong><span style=\"color: #339966;\">Esbly-Cr\u00e9cy: bus de substitution&nbsp;<\/span><\/strong><\/td>\n<\/tr>\n<tr>\n<td style=\"text-align: center;\"><strong>R<\/strong><\/td>\n<td>Quelques suppressions de TER Bourgogne entre Paris et Montereau<\/td>\n<td><strong><span style=\"color: #339966;\">4 trains sur 5<\/span><\/strong><\/td>\n<\/tr>\n<tr>\n<td style=\"text-align: center;\"><strong>U<\/strong><\/td>\n<td>2 trains sur 3<\/td>\n<td><strong><span style=\"color: #339966;\">3 trains sur 4<\/span><\/strong><\/td>\n<\/tr>\n<tr>\n<td style=\"text-align: center;\"><strong>T4<\/strong><\/td>\n<td>1 tramway toutes les 15 min<\/td>\n<td><strong><span style=\"color: #339966;\">1 tramway toutes les 15 min jusqu&rsquo;\u00e0 10 h, puis 1 bus toutes les 15 min<\/span><\/strong><\/td>\n<\/tr>\n<tr>\n<td style=\"text-align: center;\"><strong>T11<\/strong><\/td>\n<td>Trafic normal<\/td>\n<td><strong><span style=\"color: #339966;\">Trafic normal<\/span><\/strong><\/td>\n<\/tr>\n<\/tbody>\n<\/table>\n<p>&nbsp;<\/p>\n<h2>RATP<\/h2>\n<p>Voici le dernier communiqu\u00e9 global, datant de jeudi d\u00e9but d&rsquo;apr\u00e8s-midi (source www.ratp.fr)<\/p>\n<table>\n<tbody>\n<tr>\n<td><strong>Trafic du r\u00e9seau RATP pour l&rsquo;apr\u00e8s-midi du 8 f\u00e9vrier :<\/strong><\/p>\n<p><strong>M\u00e9tro et RER&nbsp;:&nbsp;<\/strong>trafic quasi normal. Les lignes 1 et 14 sont renforc\u00e9es aux heures de pointe.<\/p>\n<p><strong>Tramway&nbsp;:<\/strong><\/p>\n<ul>\n<li>T1, T2, T3a, T3b, T5, T7 et T8&nbsp;: trafic normal \u00e0 prise de service.<\/li>\n<li>T6&nbsp;: la ligne reste interrompue (rail gel\u00e9). Des bus de substitution sont en place sur l\u2019ensemble de l\u2019itin\u00e9raire.<\/li>\n<\/ul>\n<p><strong>BUS&nbsp;<\/strong>: Plus de 80 % des lignes de bus RATP sont exploit\u00e9es. Les sorties des d\u00e9p\u00f4ts continuent \u00e0 se faire progressivement en fonction des conditions de voirie locales. Toutes les informations en temps r\u00e9el sont disponibles sur l\u2019application RATP.<\/p>\n<p><strong>Roissybus&nbsp;:&nbsp;<\/strong>trafic normal.<\/p>\n<p><strong>Orlybus&nbsp;:&nbsp;<\/strong>trafic normal.<\/p>\n<p><strong>Orlyval&nbsp;:<\/strong>&nbsp;trafic normal.<\/p>\n<p><strong>Nous invitons l\u2019ensemble de nos voyageurs \u00e0 s\u2019informer sur les diff\u00e9rents canaux d\u2019information mis \u00e0 leur disposition (ratp.fr comptes twitter des lignes, applications, \u00e9crans d\u2019information).<\/strong><\/p>\n<p><strong>La RATP tient \u00e0 remercier ses voyageurs pour leur compr\u00e9hension.<\/strong><\/td>\n<\/tr>\n<\/tbody>\n<\/table>\n<p>Dans la pratique, et dans notre secteur:<\/p>\n<ul>\n<li>le tramway T6 est \u00e0 l&rsquo;arr\u00eat. Des bus de substitution circulent tout au long de la ligne.<br \/>\n<span style=\"color: #008080;\"><em>Cependant un t\u00e9moignage en direct de Viroflay montre que c&rsquo;est tout sauf gagn\u00e9 que de r\u00e9cup\u00e9rer un bus de substitution \u00e0 Viroflay&#8230;<\/em><\/span><\/li>\n<li>l&rsquo;\u00e9tat des lignes de bus est le suivant:\n<ul>\n<li>sont en circulation les lignes 179, 190, 291, 379, 389, 390<br \/>\nla ligne 291 est d\u00e9vi\u00e9e par Bellevue et le cimeti\u00e8re de Trivaux<\/li>\n<li>sont en service partiel les lignes 189 (Pte de St-Cloud &#8211; Soleil Levant)<\/li>\n<li>ne sont pas en circulation les lignes 289 et 290<\/li>\n<\/ul>\n<\/li>\n<\/ul>\n<p>(situation \u00e0 14h30 extrapol\u00e9es des horaires temps r\u00e9el des diff\u00e9rentes lignes sur le site ratp.fr)<\/p>\n<p>&nbsp;<\/p>\n<h2>Keolis Ph\u00e9bus<\/h2>\n<h3>V\u00e9lizy<\/h3>\n<p>Situation 17h50, ligne par ligne&nbsp;:<\/p>\n<ul>\n<li>Ligne 22&nbsp;: service normal (jusqu&rsquo;\u00e0 Burospace)&nbsp;<\/li>\n<li>Ligne 23&nbsp;: service normal.<\/li>\n<li>Ligne 24&nbsp;: dans le sens V\u00e9lizy &gt; Versailles: d\u00e9bouch\u00e9 de la rue Brindejonc des Moulinais \u00e0 V\u00e9lizy ferm\u00e9e, ligne d\u00e9vi\u00e9e par De Gaulle, l&rsquo;arr\u00eat Mermoz n&rsquo;est pas desservi<\/li>\n<li>Ligne 31&nbsp;: pas de service pour le moment (secteur V\u00e9lizy-le-Bas impraticable)<\/li>\n<li>Ligne 32&nbsp;: service normal sauf secteur Jouy Les Metz impraticable non desservi pour le moment<\/li>\n<li>Ligne 33&nbsp;: service en cours de reprise, terminus&nbsp;<span style=\"color: #339966;\"><strong>Burospace <\/strong><\/span>en direction de Gare de Bi\u00e8vres, Bi\u00e8vres non desservi pour le moment.<\/li>\n<li>Ligne 34&nbsp;: service normal<\/li>\n<li>Lignes scolaires 35\/36: circulation interdite jeudi et vendredi par arr\u00eat\u00e9 pr\u00e9fectoral<\/li>\n<li>Ligne 40&nbsp;: pas de service (N118 ferm\u00e9e).<\/li>\n<li>Ligne 42&nbsp;: idem.<\/li>\n<li>Ligne 45&nbsp;: idem.<\/li>\n<li>Ligne 60&nbsp;: ligne en d\u00e9viation par le carrefour du Petit-Clamart et Bi\u00e8vres (N118 ferm\u00e9e).&nbsp;Secteur L&rsquo;Usine Mode et Maison non desservi, allongement du temps de parcours.<strong><span style=\"color: #339966;\"><br \/>\n<\/span><\/strong><\/li>\n<\/ul>\n<p><strong><span style=\"color: #339966;\">Le m\u00eame service sera appliqu\u00e9 demain vendredi, au moins en d\u00e9but de matin\u00e9e. Il \u00e9voluera en cours de journ\u00e9e en fonction de la m\u00e9t\u00e9orologie.<\/span><\/strong><\/p>\n<h3>Keolis Versailles<\/h3>\n<p><strong><span style=\"color: #339966;\">Situation \u00e0 16h20<\/span><\/strong><\/p>\n<ul>\n<li>A = Satory &lt;&gt; Bagatelle (Mignot)<\/li>\n<li>B = Service normal<\/li>\n<li>C = Service normal<\/li>\n<li>D = Service normal<\/li>\n<li>F = Service normal<\/li>\n<li>G = Service normal<\/li>\n<li>GHP = Service normal<\/li>\n<li>H = Service normal<\/li>\n<li>Hex = Service normal<\/li>\n<li>I = Service normal<\/li>\n<li>K = Service normal<\/li>\n<li>M = Service normal<\/li>\n<li>N = Service normal<\/li>\n<li>P = Service normal<\/li>\n<li>R = Service normal<\/li>\n<li>S = Service normal<\/li>\n<li>Tex = Service normal<\/li>\n<li>U = Service normal<\/li>\n<li>W =&nbsp;Service normal<\/li>\n<li>Z =&nbsp;Service normal<\/li>\n<li>Nuit1 pr\u00e9vu Service normal<\/li>\n<\/ul>\n<h3>Keolis St-Cyr<\/h3>\n<p><strong><span style=\"color: #339966;\">Situation \u00e0 18h30<\/span><\/strong><\/p>\n<p>Service normal sur toutes les lignes (sauf desserte de la gare =&gt; utilisez les arr\u00eats R\u00e9publique ou Division Leclerc).<\/p>\n<p>&nbsp;<\/p>\n<h2>Albatrans<\/h2>\n<p>Les services ont repris en milieu de journ\u00e9e sauf sur<\/p>\n<ul>\n<li><span style=\"text-decoration: underline;\">la ligne 91.08 \u00e0 cause de la fermeture de la RN 118<\/span><\/li>\n<li>la ligne 91.07.<\/li>\n<\/ul>\n<p><span style=\"color: #339966;\"><strong>Aucun service sur ces 2 lignes le vendredi 9 f\u00e9vrier<\/strong><\/span><\/p>\n<p>&nbsp;<\/p>\n<h2>SAVAC<\/h2>\n<p>La ligne 307 circule depuis ce matin<\/p>\n<p><strong><span style=\"color: #339966;\">16h10: limitation de la ligne au Centre Commercial (congestion du secteur de la gare routi\u00e8re V\u00e9lizy 2)<\/span><\/strong><\/p>\n<p>&nbsp;<\/p>\n<h2>Cars d&rsquo;Orsay &#8211; MobiCAPS<\/h2>\n<p>La plupart des services ont repris en milieu de journ\u00e9e, dont celui de la ligne 15. Les lignes 6, 7 et partiellement 8 ne sont cependant pas exploit\u00e9es.<\/p>\n<p>&nbsp;<\/p>\n<h2>Le Paladin<\/h2>\n<p>Le r\u00e9seau est en service \u00e0 l&rsquo;exception des lignes 6, 7 et 11.<\/p>\n<p>&nbsp;<\/p>\n<h2>SQYbus<\/h2>\n<p>Service normal<\/p>\n","protected":false},"excerpt":{"rendered":"<p>Vous retrouverez ce jeudi 8 f\u00e9vrier l&rsquo;essentiel des informations circulation sur cette page. Le fil d&rsquo;info en direct est sur Twitter: @vvtrafic La m\u00e9t\u00e9o Les pr\u00e9visions de M\u00e9t\u00e9o-France pour les heures \u00e0 venir: temps calme jusqu&rsquo;\u00e0 demain matin, o\u00f9 la neige et le vent feront leur apparition le tout sous des temp\u00e9ratures n\u00e9gatives approximativement entre [&hellip;]<\/p>\n","protected":false},"author":1,"featured_media":0,"parent":0,"menu_order":0,"comment_status":"closed","ping_status":"closed","template":"","meta":{"ngg_post_thumbnail":0,"jetpack_post_was_ever_published":false},"jetpack_sharing_enabled":true,"jetpack_shortlink":"https:\/\/wp.me\/P7AoJR-10m","jetpack-related-posts":[{"id":3837,"url":"https:\/\/www.horizonemployeur.fr\/wordpress\/infos\/","url_meta":{"origin":3866,"position":0},"title":"La synth\u00e8se du jour: vendredi 9 f\u00e9vrier 2018","date":"8 f\u00e9vrier 2018","format":false,"excerpt":"Vous retrouverez ce vendredi 9 f\u00e9vrier l'essentiel des informations circulation sur cette page. Le fil d'info en direct est sur Twitter: @vvtrafic La m\u00e9t\u00e9o Les pr\u00e9visions de M\u00e9t\u00e9o-France pour les heures \u00e0 venir: neige et le vent feront leur apparition le tout sous des temp\u00e9ratures n\u00e9gatives approximativement entre 7h et\u2026","rel":"","context":"Article similaire","img":{"alt_text":"","src":"https:\/\/i0.wp.com\/www.horizonemployeur.fr\/wordpress\/wp-content\/uploads\/2018\/02\/M\u00c3\u00a9t\u00c3\u00a9o-09-02-16-V\u00c3\u00a9lizy.png?resize=350%2C200","width":350,"height":200},"classes":[]},{"id":4018,"url":"https:\/\/www.horizonemployeur.fr\/wordpress\/live\/","url_meta":{"origin":3866,"position":1},"title":"Journ\u00e9e du jeudi 1er mars 2018","date":"28 f\u00e9vrier 2018","format":false,"excerpt":"Sommaire Pr\u00e9visions m\u00e9t\u00e9o Circulation routi\u00e8re Transports en commun \u00a0 \u00a0 Pr\u00e9visions m\u00e9t\u00e9o Derni\u00e8re mise \u00e0 jour: jeudi 14 heures LEVEE DE LA VIGILANCE ORANGE NEIGE-VERGLAS JEUDI 14 HEURES Attention \u00e0 la matin\u00e9e de demain vendredi: voir plus bas M\u00e9t\u00e9o-France a mis un niveau de vigilance orange neige-verglas pour l'Ile-de-France (et\u2026","rel":"","context":"Article similaire","img":{"alt_text":"","src":"https:\/\/i0.wp.com\/www.horizonemployeur.fr\/wordpress\/wp-content\/uploads\/2018\/02\/M\u00c3\u00a9t\u00c3\u00a9o-France-Ile-de-France-1er-mars-2018.png?resize=350%2C200","width":350,"height":200},"classes":[]},{"id":854,"url":"https:\/\/www.horizonemployeur.fr\/wordpress\/pics-pollution\/","url_meta":{"origin":3866,"position":2},"title":"Les pics de pollution","date":"21 octobre 2015","format":false,"excerpt":"Pratiquement quelle que soit la saison de l'ann\u00e9e, la pollution atmosph\u00e9rique est susceptible de pr\u00e9senter des pics n\u00e9cessitant la mise en place de dispositifs d'information puis d'alerte. La gestion de la pollution en termes de mesures de la qualit\u00e9 de l'air (en particulier par l'association Airparif), de dispositifs de lutte\u2026","rel":"","context":"Article similaire","img":{"alt_text":"","src":"https:\/\/i0.wp.com\/www.horizonemployeur.fr\/wordpress\/wp-content\/uploads\/2016\/11\/Facture-certificat-qualit\u00c3\u00a9-de-lair.jpg?resize=350%2C200","width":350,"height":200},"classes":[]},{"id":850,"url":"https:\/\/www.horizonemployeur.fr\/wordpress\/accueil\/sedeplacer\/securite-routiere\/conduire-en-hiver-2\/le-pnvif-plan-neige-ou-verglas-en-ile-de-france\/","url_meta":{"origin":3866,"position":3},"title":"Le PNVIF, Plan Neige ou Verglas en Ile-de-France","date":"20 octobre 2015","format":false,"excerpt":"En cas d'intemp\u00e9ries hivernales, principalement importantes chutes de neige ou formation de verglas, il est n\u00e9cessaire de coordonner l'action des diff\u00e9rents intervenants pour optimiser, autant que faire se peut, le fonctionnement du r\u00e9seau routier. C'est le r\u00f4le du PNVIF, Plan Neige ou Verglas en Ile-de-France, qui existe depuis 2004. PPrama,\u2026","rel":"","context":"Article similaire","img":{"alt_text":"","src":"","width":0,"height":0},"classes":[]},{"id":821,"url":"https:\/\/www.horizonemployeur.fr\/wordpress\/accueil\/sedeplacer\/securite-routiere\/conduire-en-hiver-2\/conduire-en-hiver\/","url_meta":{"origin":3866,"position":4},"title":"Conduire en hiver: quelques r\u00e8gles","date":"20 octobre 2015","format":false,"excerpt":"Quelques r\u00e8gles essentielles pour se d\u00e9placer avec le maximum de s\u00e9curit\u00e9 en hiver. L'hiver, ce sont la neige, le brouillard, le verglas, avec des cons\u00e9quences qui leur sont propres... Vous circulez en voiture (ou avec un 2 roues motoris\u00e9s).... D\u00e8s le d\u00e9but de l'hiver.... (en 2010, la neige s'\u00e9tait invit\u00e9e\u2026","rel":"","context":"Article similaire","img":{"alt_text":"","src":"","width":0,"height":0},"classes":[]},{"id":248,"url":"https:\/\/www.horizonemployeur.fr\/wordpress\/accueil\/pdie\/ppa\/ppa_reg11\/","url_meta":{"origin":3866,"position":5},"title":"La mesure r\u00e9glementaire n\u00b011 du PPA","date":"9 mai 2014","format":false,"excerpt":"La mesure r\u00e9glementaire n\u00b011 du PPA d\u00e9taille les mesures qui peuvent \u00eatre mises en oeuvre en cas d'alerte pollution. Ces mesures concernent diff\u00e9rents domaines dont celui des transports. Le texte du PPA en fait la liste suivante : \"renforcement des contr\u00f4les de vitesse et de pollution, immobilisation des v\u00e9hicules des\u2026","rel":"","context":"Article similaire","img":{"alt_text":"Contournement PL agglom\u00c3\u00a9ration parisienne","src":"https:\/\/i0.wp.com\/www.horizonemployeur.fr\/wordpress\/wp-content\/uploads\/2014\/05\/contournement-pl-agglomc3a9ration-parisienne.png?resize=350%2C200","width":350,"height":200},"classes":[]}],"_links":{"self":[{"href":"https:\/\/www.horizonemployeur.fr\/wordpress\/wp-json\/wp\/v2\/pages\/3866"}],"collection":[{"href":"https:\/\/www.horizonemployeur.fr\/wordpress\/wp-json\/wp\/v2\/pages"}],"about":[{"href":"https:\/\/www.horizonemployeur.fr\/wordpress\/wp-json\/wp\/v2\/types\/page"}],"author":[{"embeddable":true,"href":"https:\/\/www.horizonemployeur.fr\/wordpress\/wp-json\/wp\/v2\/users\/1"}],"replies":[{"embeddable":true,"href":"https:\/\/www.horizonemployeur.fr\/wordpress\/wp-json\/wp\/v2\/comments?post=3866"}],"version-history":[{"count":1,"href":"https:\/\/www.horizonemployeur.fr\/wordpress\/wp-json\/wp\/v2\/pages\/3866\/revisions"}],"predecessor-version":[{"id":3867,"href":"https:\/\/www.horizonemployeur.fr\/wordpress\/wp-json\/wp\/v2\/pages\/3866\/revisions\/3867"}],"wp:attachment":[{"href":"https:\/\/www.horizonemployeur.fr\/wordpress\/wp-json\/wp\/v2\/media?parent=3866"}],"curies":[{"name":"wp","href":"https:\/\/api.w.org\/{rel}","templated":true}]}}