{"id":3521,"date":"2017-11-06T16:03:39","date_gmt":"2017-11-06T15:03:39","guid":{"rendered":"http:\/\/www.horizonemployeur.fr\/wordpress\/?page_id=3521"},"modified":"2017-11-06T16:03:39","modified_gmt":"2017-11-06T15:03:39","slug":"adil","status":"publish","type":"page","link":"https:\/\/www.horizonemployeur.fr\/wordpress\/se-loger\/adil\/","title":{"rendered":"Les ADIL"},"content":{"rendered":"<p>Les ADIL, Agences D\u00e9partementales d&rsquo;Information sur le Logement, ont \u00e9t\u00e9 cr\u00e9\u00e9es dans la plupart des d\u00e9partements \u00e0 l&rsquo;initiative conjointe des conseils d\u00e9partementaux et de l&rsquo;Etat. Ces agences&nbsp;ont \u00ab&nbsp;<em>pour mission d&rsquo;informer gratuitement les usagers sur leurs droits et obligations, sur les solutions de logement qui leur sont adapt\u00e9es, notamment sur les conditions d&rsquo;acc\u00e8s au parc locatif et sur les aspects juridiques et financiers de leur projet d&rsquo;accession \u00e0 la propri\u00e9t\u00e9, ceci \u00e0 l&rsquo;exclusion de tout acte administratif, contentieux ou commercial<\/em>&nbsp;\u00bb (extrait de l&rsquo;article L.366-1 du Code de la Construction et de l&rsquo;Habitation).<\/p>\n<p class=\"bodytext\">D&rsquo;apr\u00e8s le site de l&rsquo;ANIL (<a href=\"https:\/\/www.anil.org\/\" target=\"_blank\" rel=\"noopener\">https:\/\/www.anil.org\/<\/a>), l&rsquo;agence nationale qui les chapeaute, les missions des ADIL couvrent notamment :<\/p>\n<ul>\n<li>Les services au public,<\/li>\n<li>Le conseil juridique, financier, fiscal,<\/li>\n<li>L&rsquo;aide au logement des m\u00e9nages en difficult\u00e9s,<\/li>\n<li>La pr\u00e9sentation de l&rsquo;offre de logements disponibles,<\/li>\n<li>Les services aux partenaires,<\/li>\n<li>Un r\u00f4le de sensibilisation et de formation.<\/li>\n<\/ul>\n<h2>Les adresses<\/h2>\n<p>N&rsquo;h\u00e9sitez pas \u00e0 v\u00e9rifier les informations ci-dessous sur les sites des agences d\u00e9partementales.<\/p>\n<p>Attention, le d\u00e9partement de l&rsquo;Eure-et-Loir ne dispose pas d&rsquo;agence. Il faut s&rsquo;adresser \u00e0 celle du Loiret \u00e0 Orl\u00e9ans.<\/p>\n<h3>D\u00e9partement des Yvelines<\/h3>\n<p>ADIL des Yvelines<br \/>\n4 rue Saint-Nicolas &#8211;&nbsp;78000 VERSAILLES&nbsp;<br \/>\n<strong>T\u00e9l<\/strong>&nbsp;: 01 39 50 84 72&nbsp; &#8211;&nbsp;<strong>Fax<\/strong>&nbsp;: 01 39 50 97 00 &#8211;&nbsp;<strong>Site<\/strong>&nbsp;:&nbsp;<a class=\"txt-color\" title=\"ADIL des Yvelines (nouvelle fen\u00eatre)\" href=\"http:\/\/www.adil78.org\/\" target=\"_blank\" rel=\"noopener\">http:\/\/www.adil78.org\/<\/a><\/p>\n<p>L&rsquo;ADIL 78 organise des permanences \u00e0 Versailles, mais aussi \u00e0 V\u00e9lizy, et dans les villes suivantes: Ach\u00e8res, Carri\u00e8res-sous-Poissy, Carri\u00e8res-sur-Seine, Chateloup-les-Vignes, Chatou, Fonteany-le-Fleury, Guyancourt, Houilles, La Celle-St-Cloud, Magnanville, Les Mureaux, Mantes-la-Jolie, Mantes-la-Ville, Meulan, Montesson, Montigny-le-Bretonneux, Plaisir, Poissy, St-Germain-en-Laye, Sartrouville et Trappes.<\/p>\n<ul>\n<li>A <strong>Versailles<\/strong>, les permanences ont lieu&nbsp;du lundi au vendredi (sauf le jeudi apr\u00e8s-midi), de 9h00 \u00e0 12h30 et de 14h00 \u00e0 17h30, sans rendez-vous pr\u00e9alable.<\/li>\n<li>A <strong>V\u00e9lizy-Villacoublay<\/strong>, les permanences ont lieu une semaine sur deux, le jeudi de 13h30 \u00e0 17h00 au service logement en mairie, sur rendez-vous \u00e0 prendre au service logement (01 34 58 50 00).&nbsp;Informations compl\u00e9mentaires sur le site de la ville (Mon quotidien &gt; Logement &gt; Nos partenaires logement), au 01 34 58 50 00 ou au 01 39 50 84 72<\/li>\n<\/ul>\n<h3>D\u00e9partement des Hauts-de-Seine<\/h3>\n<p>ADIL des Hauts-de-Seine<br \/>\n5, boulevard des Bouvets &#8211; 92000 NANTERRE&nbsp;<br \/>\n<strong>T\u00e9l<\/strong>&nbsp;: 01 41 45 06 10 &#8211;&nbsp;<strong>Site<\/strong>&nbsp;:&nbsp;<a class=\"txt-color\" title=\"ADIL des Yvelines (nouvelle fen\u00eatre)\" href=\"http:\/\/www.adil92.org\/\" target=\"_blank\" rel=\"noopener\">http:\/\/www.adil92.org\/<\/a><\/p>\n<p>L&rsquo;ADIL 92 organise des permanences dans ses 2 centres de Nanterre et de Boulogne, mais aussi \u00e0 Meudon-la-For\u00eat, et dans les villes suivantes: Antony, Asni\u00e8res, Bagneux, Bois-Colombes, Bourg-la-Reine, Ch\u00e2tenay-Malabry, Chaville, Ch\u00e2tillon, Clamart, Clichy, Colombes, Courbevoie, Fontenay-aux-Roses, La Garenne-Colombes,&nbsp;Gennevilliers, Issy-les-Moulineaux, Malakoff, Montrouge, Le Plessis-Robinson, Puteaux, Rueil, Saint-Cloud, Sceaux, S\u00e8vres, Suresnes et Villeneuve-la-Garenne<\/p>\n<ul>\n<li>A <strong>Nanterre<\/strong>, la r\u00e9ception se fait avec ou sans rendez-vous&nbsp;du&nbsp;lundi au mercredi&nbsp;de 8h30 \u00e0 17h30, le jeudi de 8h30 \u00e0 12h30 et le vendredi de 8h30 \u00e0 16h30<\/li>\n<li>A <strong>Boulogne<\/strong>, les permanences ont lieu sur rendez-vous \u00e0 la Maison du Droit, 35 rue Paul Bert (T\u00e9l: 01 46 21 81 45) du&nbsp;lundi au mercredi&nbsp;de 8h30 \u00e0 17h30, le jeudi de 8h30 \u00e0 12h30 et le vendredi de 8h30 \u00e0 16h30<\/li>\n<li>A <strong>Meudon-la-For\u00eat<\/strong>, les permanences ont lieu sur rendez-vous (par t\u00e9l\u00e9phone au&nbsp;01.41.45.06.10 ou au 01.46.21.81.45) au Centre Social Millandy,&nbsp;5 rue Georges Millandy, le 3e mardi de chaque mois de 14h \u00e0 17h<\/li>\n<\/ul>\n<h3>D\u00e9partement de l&rsquo;Essonne<\/h3>\n<p>ADIL de l&rsquo;Essonne<br \/>\n1 boulevard de l&rsquo;Ecoute-s&rsquo;Il-Pleut &#8211; 91003 EVRY CEDEX<br \/>\n91003 Evry CEDEX&nbsp;<br \/>\n<strong>T\u00e9l<\/strong>&nbsp;: 01 60 77 21 22 &#8211;&nbsp;<strong>Fax<\/strong>&nbsp;: 01 64 97 27 03 &#8211;&nbsp;<strong>Email<\/strong>&nbsp;:&nbsp;<a>adil.91[at]wanadoo.fr &#8211;&nbsp;<\/a><strong>Site<\/strong>&nbsp;:&nbsp;<a class=\"txt-color\" title=\"ADIL de l'Essonne (nouvelle fen\u00eatre)\" href=\"https:\/\/www.adil91.org\/\" target=\"_blank\" rel=\"noopener\">https:\/\/www.adil91.org<\/a><\/p>\n<p>L&rsquo;ADIL 91 organise des permanences \u00e0 Evry mais aussi dans les villes suivantes: Arpajon, Chilly-Mazarin, Etampes, Evry (Point d&rsquo;Acc\u00e8s au Droit), Longjumeau, Massy, Ris-Orangis, Les Ulis, Vigneux, Villemoisson-sur-Orge<\/p>\n<ul>\n<li>A <strong>Evry (si\u00e8ge de l&rsquo;ADIL 91)<\/strong>, la r\u00e9ception se fait avec rendez-vous (01 60 77 21 22) les lundi, mardi et jeudi de 9h00 \u00e0 18h00, et le vendredi de 9h00 \u00e0 17h00<\/li>\n<li>A <strong>Massy<\/strong>, les permanences ont lieu sur rendez-vous (01 60 77 21 22) \u00e0 la mairie, 1 avenue G\u00e9n\u00e9ral de Gaulle, le mercredi&nbsp;de 10h00 \u00e0 17h00<\/li>\n<\/ul>\n","protected":false},"excerpt":{"rendered":"<p>Les ADIL, Agences D\u00e9partementales d&rsquo;Information sur le Logement, ont \u00e9t\u00e9 cr\u00e9\u00e9es dans la plupart des d\u00e9partements \u00e0 l&rsquo;initiative conjointe des conseils d\u00e9partementaux et de l&rsquo;Etat. Ces agences&nbsp;ont \u00ab&nbsp;pour mission d&rsquo;informer gratuitement les usagers sur leurs droits et obligations, sur les solutions de logement qui leur sont adapt\u00e9es, notamment sur les conditions d&rsquo;acc\u00e8s au parc locatif [&hellip;]<\/p>\n","protected":false},"author":1,"featured_media":0,"parent":3418,"menu_order":0,"comment_status":"closed","ping_status":"closed","template":"page-templates\/no-sidebar.php","meta":{"ngg_post_thumbnail":0,"jetpack_post_was_ever_published":false},"jetpack_sharing_enabled":true,"jetpack_shortlink":"https:\/\/wp.me\/P7AoJR-UN","jetpack-related-posts":[{"id":3441,"url":"https:\/\/www.horizonemployeur.fr\/wordpress\/se-loger\/residences-etudiants\/","url_meta":{"origin":3521,"position":0},"title":"Les r\u00e9sidences \u00e9tudiants et jeunes actifs","date":"2 novembre 2017","format":false,"excerpt":"Les ressources sur Inovel Parc Gestion ARPEJ Les r\u00e9sidences g\u00e9r\u00e9es par l\u2019association ARPEJ sont destin\u00e9es aux \u00e9tudiants, aux jeunes actifs et aux chercheurs. 3 r\u00e9sidences existent sur Inovel Parc Nord: Victor Guerreau\u00a0(Univer\u2019city = \u00e9tudiants seulement) 5 rue Paul Dautier Fiche Campuseo\u00a0(Univer\u2019city = \u00e9tudiants et ProLog = jeunes actifs) 12 rue\u2026","rel":"","context":"Article similaire","img":{"alt_text":"","src":"","width":0,"height":0},"classes":[]},{"id":696,"url":"https:\/\/www.horizonemployeur.fr\/wordpress\/accueil\/inovelparc\/adherents\/","url_meta":{"origin":3521,"position":1},"title":"L&rsquo;association Horizon Employeur","date":"27 ao\u00fbt 2015","format":false,"excerpt":"L'association Horizon Employeur a \u00e9t\u00e9 cr\u00e9\u00e9e en janvier 2007. La finalit\u00e9 de l'association est \u00ab la mise en oeuvre d'actions collectives, \u00e0 destination prioritairement des membres de l'association et de leurs employ\u00e9s, dans les domaines du transport, du logement et des services \u00bb. Elle comprend aujourd'hui une quarantaine d'entreprises du\u2026","rel":"","context":"Article similaire","img":{"alt_text":"","src":"https:\/\/i0.wp.com\/www.horizonemployeur.fr\/wordpress\/wp-content\/uploads\/2016\/04\/logo-he-600x430.png?fit=600%2C430&ssl=1&resize=350%2C200","width":350,"height":200},"classes":[]},{"id":3439,"url":"https:\/\/www.horizonemployeur.fr\/wordpress\/se-loger\/montempo\/","url_meta":{"origin":3521,"position":2},"title":"La r\u00e9sidence h\u00f4teli\u00e8re Montemp\u00f4","date":"2 novembre 2017","format":false,"excerpt":"La r\u00e9sidence h\u00f4teli\u00e8re Montemp\u00f4 se distingue des autres r\u00e9sidences h\u00f4teli\u00e8res situ\u00e9es sur Inovel Parc ou \u00e0 sa proximit\u00e9 de par sa vocation sociale. Elle a en effet \u00e9t\u00e9 construite par Action Logement (collecteur du \u00ab\u00a01 % logement\u00a0\u00bb aupr\u00e8s des entreprises) et la Caisse des D\u00e9p\u00f4ts. A ce titre-l\u00e0, elle propose\u2026","rel":"","context":"Article similaire","img":{"alt_text":"","src":"","width":0,"height":0},"classes":[]},{"id":569,"url":"https:\/\/www.horizonemployeur.fr\/wordpress\/accueil\/pdie\/pdie-he\/","url_meta":{"origin":3521,"position":3},"title":"Le PDIE de l&rsquo;association \u00ab\u00a0Horizon Employeur\u00a0\u00bb","date":"13 juillet 2015","format":false,"excerpt":"Le PDIE s'est mis en place au long d'un processus comportant plusieurs \u00e9tapes: 2008-2009 (9 mois): r\u00e9alisation d'un diagnostic de la mobilit\u00e9 dans les zones d'activit\u00e9s 2009 (3 mois): d\u00e9finition du plan d'actions \u00e0 mettre en oeuvre 2010-2014: mise en oeuvre du 1er plan de d\u00e9placements 2014: bilan des 5\u2026","rel":"","context":"Article similaire","img":{"alt_text":"","src":"","width":0,"height":0},"classes":[]},{"id":2295,"url":"https:\/\/www.horizonemployeur.fr\/wordpress\/a-propos\/","url_meta":{"origin":3521,"position":4},"title":"L&rsquo;association Horizon Employeur","date":"26 f\u00e9vrier 2014","format":false,"excerpt":"L'association Horizon Employeur a \u00e9t\u00e9 cr\u00e9\u00e9e en janvier 2007. La finalit\u00e9 de l'association est \u00ab la mise en oeuvre d'actions collectives, \u00e0 destination prioritairement des membres de l'association et de leurs employ\u00e9s, en particulier dans les domaines du transport, du logement et des services \u00bb (statuts version avril 2017). Elle\u2026","rel":"","context":"Article similaire","img":{"alt_text":"","src":"","width":0,"height":0},"classes":[]},{"id":248,"url":"https:\/\/www.horizonemployeur.fr\/wordpress\/accueil\/pdie\/ppa\/ppa_reg11\/","url_meta":{"origin":3521,"position":5},"title":"La mesure r\u00e9glementaire n\u00b011 du PPA","date":"9 mai 2014","format":false,"excerpt":"La mesure r\u00e9glementaire n\u00b011 du PPA d\u00e9taille les mesures qui peuvent \u00eatre mises en oeuvre en cas d'alerte pollution. Ces mesures concernent diff\u00e9rents domaines dont celui des transports. Le texte du PPA en fait la liste suivante : \"renforcement des contr\u00f4les de vitesse et de pollution, immobilisation des v\u00e9hicules des\u2026","rel":"","context":"Article similaire","img":{"alt_text":"Contournement PL agglom\u00c3\u00a9ration parisienne","src":"https:\/\/i0.wp.com\/www.horizonemployeur.fr\/wordpress\/wp-content\/uploads\/2014\/05\/contournement-pl-agglomc3a9ration-parisienne.png?resize=350%2C200","width":350,"height":200},"classes":[]}],"_links":{"self":[{"href":"https:\/\/www.horizonemployeur.fr\/wordpress\/wp-json\/wp\/v2\/pages\/3521"}],"collection":[{"href":"https:\/\/www.horizonemployeur.fr\/wordpress\/wp-json\/wp\/v2\/pages"}],"about":[{"href":"https:\/\/www.horizonemployeur.fr\/wordpress\/wp-json\/wp\/v2\/types\/page"}],"author":[{"embeddable":true,"href":"https:\/\/www.horizonemployeur.fr\/wordpress\/wp-json\/wp\/v2\/users\/1"}],"replies":[{"embeddable":true,"href":"https:\/\/www.horizonemployeur.fr\/wordpress\/wp-json\/wp\/v2\/comments?post=3521"}],"version-history":[{"count":2,"href":"https:\/\/www.horizonemployeur.fr\/wordpress\/wp-json\/wp\/v2\/pages\/3521\/revisions"}],"predecessor-version":[{"id":3523,"href":"https:\/\/www.horizonemployeur.fr\/wordpress\/wp-json\/wp\/v2\/pages\/3521\/revisions\/3523"}],"up":[{"embeddable":true,"href":"https:\/\/www.horizonemployeur.fr\/wordpress\/wp-json\/wp\/v2\/pages\/3418"}],"wp:attachment":[{"href":"https:\/\/www.horizonemployeur.fr\/wordpress\/wp-json\/wp\/v2\/media?parent=3521"}],"curies":[{"name":"wp","href":"https:\/\/api.w.org\/{rel}","templated":true}]}}