{"id":33,"date":"2014-02-27T19:39:51","date_gmt":"2014-02-27T19:39:51","guid":{"rendered":"http:\/\/horizonmobi.wordpress.com\/?page_id=33"},"modified":"2018-04-23T16:44:46","modified_gmt":"2018-04-23T14:44:46","slug":"circulations-douces","status":"publish","type":"page","link":"https:\/\/www.horizonemployeur.fr\/wordpress\/accueil\/sedeplacer\/circulations-douces\/","title":{"rendered":"Les Circulations Douces"},"content":{"rendered":"<p>Les circulations douces (ou circulations actives) sont les modes de transport dans lesquels seule (ou pratiquement seule) l&rsquo;\u00e9nergie du voyageur est mis en oeuvre.<\/p>\n<p>&nbsp;<\/p>\n<h2>La marche \u00e0 pied<\/h2>\n<p>Pour qui habite V\u00e9lizy ou Meudon-la-For\u00eat, voire quelques autres communes environnantes, la marche \u00e0 pied peut \u00eatre, surtout par beau temps, une fa\u00e7on agr\u00e9able d&rsquo;effectuer le trajet entre chez soi et son lieu de travail.<\/p>\n<p>&nbsp;<\/p>\n<h2>Le v\u00e9lo<\/h2>\n<p>Utiliser le v\u00e9lo pour venir sur Inovel Parc, zone d&rsquo;activit\u00e9s con\u00e7ue il y a un demi-si\u00e8cle \u00e0 l&rsquo;usage de la seule voiture, para\u00eet relever du d\u00e9fi impossible \u00e0 premi\u00e8re vue. Il existe pourtant un certain nombre d&rsquo;itin\u00e9raires plus adapt\u00e9s, r\u00e9pertori\u00e9s par des utilisateurs du v\u00e9lo au quotidien, en particulier des salari\u00e9s d&rsquo;Alcatel-Lucent du temps o\u00f9 cette entreprise \u00e9tait v\u00e9lizienne.<\/p>\n<p><a href=\"http:\/\/www.horizonemployeur.fr\/wordpress\/se-deplacer\/circulations-douces\/itineraires-pietons-velos\/\">Itin\u00e9raires pi\u00e9tons et v\u00e9los<\/a><\/p>\n<p>La pr\u00e9sence des for\u00eats, en particulier Meudon, Versailles ou &nbsp;Verri\u00e8res, repr\u00e9sente une opportunit\u00e9, au moins par beau temps, de profiter d&rsquo;itin\u00e9raires quotidiens plus agr\u00e9ables que les voies de circulation partag\u00e9es avec les v\u00e9hicules \u00e0 moteur. Tout n&rsquo;est cependant pas possible, voici les r\u00e8gles valables dans les for\u00eats domaniales g\u00e9r\u00e9es par l&rsquo;Office National des For\u00eats.<\/p>\n<p><a href=\"http:\/\/www.horizonemployeur.fr\/wordpress\/se-deplacer\/circulations-douces\/a-pied-ou-a-velo-en-foret\/\">Circuler en for\u00eat<\/a><\/p>\n<p>La mise en service, au printemps 2013, de la voie verte le long du tramway, entre la patinoire de Meudon-la-For\u00eat et L&rsquo;Onde, augmente les possibilit\u00e9s d&rsquo;utiliser le v\u00e9lo de mani\u00e8re s\u00e9curis\u00e9e pour r\u00e9aliser son trajet domicile-travail.<\/p>\n<p>A votre arriv\u00e9e dans votre entreprise, la plupart du temps, des arceaux permettent de garer votre v\u00e9lo, et des douches et des casiers \u00e0 v\u00eatements sont \u00e0 votre disposition pour vous changer. Renseignez-vous.<\/p>\n<p>&nbsp;<\/p>\n<h2>Le v\u00e9lo \u00e0 assistance \u00e9lectrique (VAE)<\/h2>\n<p>Si vous avez un trajet domicile-travail un peu long, vous avez la possibilit\u00e9 de vous doter d&rsquo;un v\u00e9lo \u00e0 assistance \u00e9lectrique. Ce type de v\u00e9lo ne vous dispense pas de p\u00e9daler, mais le moteur \u00e9lectrique dont il est dot\u00e9 vous aide \u00e0 avancer, notamment dans les passages un peu ardus (fortes mont\u00e9es). S&rsquo;il vous est possible de p\u00e9daler pour d\u00e9passer les 25 km\/h, l&rsquo;assistance se coupe automatiquement une fois cette vitesse atteinte.<\/p>\n<p>A la diff\u00e9rence d&rsquo;un v\u00e9hicule \u00e9lectrique classique type scooter, le fait qu&rsquo;il s&rsquo;agisse d&rsquo;une assistance et pas d&rsquo;une motorisation totale pr\u00e9serve la caract\u00e9ristique de v\u00e9lo et vous permet d&rsquo;utiliser les am\u00e9nagements cyclables.<\/p>\n<p>Un v\u00e9lo&nbsp;\u00e0 assistance \u00e9lectrique repr\u00e9sentant un investissement non n\u00e9gligeable, l&rsquo;Etat ou certaines collectivit\u00e9s locales subventionnent un tel achat.<\/p>\n<p><a href=\"http:\/\/www.horizonemployeur.fr\/wordpress\/se-deplacer\/circulations-douces\/subvention-vae\/\">Subvention \u00e0 l&rsquo;achat d&rsquo;un VAE<\/a>&nbsp;(mise \u00e0 jour novembre 2017)<\/p>\n<p>La subvention d&rsquo;Etat ne devrait pas \u00eatre maintenue apr\u00e8s le 31 janvier 2018, il restera \u00e0 voir la position des collectivit\u00e9s qui avaient supprim\u00e9 ou suspendu l&rsquo;attribution d&rsquo;une subvention sp\u00e9cifique lors de la mise en place de la subvention d&rsquo;Etat. N&rsquo;h\u00e9sitez pas \u00e0 vous renseigner aupr\u00e8s de vos collectivit\u00e9s.<\/p>\n","protected":false},"excerpt":{"rendered":"<p>Les circulations douces (ou circulations actives) sont les modes de transport dans lesquels seule (ou pratiquement seule) l&rsquo;\u00e9nergie du voyageur est mis en oeuvre. &nbsp; La marche \u00e0 pied Pour qui habite V\u00e9lizy ou Meudon-la-For\u00eat, voire quelques autres communes environnantes, la marche \u00e0 pied peut \u00eatre, surtout par beau temps, une fa\u00e7on agr\u00e9able d&rsquo;effectuer le [&hellip;]<\/p>\n","protected":false},"author":1,"featured_media":1808,"parent":1781,"menu_order":1,"comment_status":"open","ping_status":"open","template":"page-templates\/no-sidebar.php","meta":{"ngg_post_thumbnail":0,"jetpack_post_was_ever_published":false},"jetpack_sharing_enabled":true,"jetpack_shortlink":"https:\/\/wp.me\/P7AoJR-x","jetpack-related-posts":[{"id":654,"url":"https:\/\/www.horizonemployeur.fr\/wordpress\/accueil\/sedeplacer\/circulations-douces\/a-pied-ou-a-velo-en-foret\/","url_meta":{"origin":33,"position":0},"title":"Circuler \u00e0 pied ou \u00e0 v\u00e9lo en for\u00eat","date":"20 juillet 2015","format":false,"excerpt":"Le site de l'Office National des For\u00eats\u00a0(www.onf.fr) dispose d'une section d\u00e9di\u00e9e \u00e0 la for\u00eat de Meudon. On y trouve entre autres ressources \u00e0 explorer quelques r\u00e8gles \u00e0 respecter pour circuler en for\u00eat que ce soit \u00e0 pied ou \u00e0 v\u00e9lo:\u00a0www.onf.fr\/enforet\/meudon\/explorer\/recommandations\/@@index.html Ces recommandations sont valables dans toutes les for\u00eats domaniales, donc\u2026","rel":"","context":"Article similaire","img":{"alt_text":"","src":"https:\/\/i0.wp.com\/www.horizonemployeur.fr\/wordpress\/wp-content\/uploads\/2016\/03\/p1100507_600x250d.jpg?fit=600%2C250&ssl=1&resize=350%2C200","width":350,"height":200},"classes":[]},{"id":650,"url":"https:\/\/www.horizonemployeur.fr\/wordpress\/accueil\/sedeplacer\/circulations-douces\/itineraires-pietons-velos\/","url_meta":{"origin":33,"position":1},"title":"Itin\u00e9raires pi\u00e9tons et v\u00e9los","date":"19 juillet 2015","format":false,"excerpt":"Cette page est un h\u00e9ritage de la Commission Transports d'Alcatel-Lucent V\u00e9lizy, avant que cet \u00e9tablissement ne soit transf\u00e9r\u00e9 sur Villarceaux (Essonne). Les informations sont reprises ici avec leur accord. Un certain nombre d'itin\u00e9raires avaient \u00e9t\u00e9 cartographi\u00e9s par diff\u00e9rentes personnes et r\u00e9pertori\u00e9s dans cette rubrique (site original: bosseravelizy.blogspot.fr\/). Attention, ces itin\u00e9raires\u2026","rel":"","context":"Article similaire","img":{"alt_text":"","src":"https:\/\/i0.wp.com\/www.horizonemployeur.fr\/wordpress\/wp-content\/uploads\/2016\/03\/p1180112_600-1.jpg?fit=600%2C450&ssl=1&resize=350%2C200","width":350,"height":200},"classes":[]},{"id":2996,"url":"https:\/\/www.horizonemployeur.fr\/wordpress\/contribution-velo-10-2016\/","url_meta":{"origin":33,"position":2},"title":"Contribution sur le plan v\u00e9lo r\u00e9gional (octobre 2016)","date":"20 octobre 2016","format":false,"excerpt":"\"Participez au Plan v\u00e9lo de l'\u00cele-de-France Le d\u00e9veloppement de l\u2019usage du v\u00e9lo en \u00cele-de-France repr\u00e9sente un enjeu majeur pour les Franciliens en termes de d\u00e9placements quotidiens, de sant\u00e9 publique, de qualit\u00e9 de l\u2019air, de r\u00e9duction des nuisances sonores, de d\u00e9veloppement \u00e9conomique, de tourisme, de sport et de loisirs.\u00a0 Une conf\u00e9rence\u2026","rel":"","context":"Article similaire","img":{"alt_text":"","src":"","width":0,"height":0},"classes":[]},{"id":3027,"url":"https:\/\/www.horizonemployeur.fr\/wordpress\/contribution-velo-11-2016\/","url_meta":{"origin":33,"position":3},"title":"Contribution \u00e0 la consultation sur le plan v\u00e9lo r\u00e9gional","date":"10 novembre 2016","format":false,"excerpt":"En septembre 2016, l'ex\u00e9cutif r\u00e9gional a lanc\u00e9 une consultation en vue de d\u00e9finir le contenu du futur plan v\u00e9lo de la r\u00e9gion Ile-de-France. Cette consultation, programm\u00e9e du 28 septembre au 10 novembre 2016, est bas\u00e9e sur 3 questions 1. Quels seraient les am\u00e9nagements utiles pour favoriser l\u2019intermodalit\u00e9 et\/ou r\u00e9sorber les\u2026","rel":"","context":"Article similaire","img":{"alt_text":"cartographie-velizy-iau-idf","src":"https:\/\/i0.wp.com\/www.horizonemployeur.fr\/wordpress\/wp-content\/uploads\/2016\/11\/Cartographie-Velizy-IAU-IDF.png?resize=350%2C200","width":350,"height":200},"classes":[]},{"id":569,"url":"https:\/\/www.horizonemployeur.fr\/wordpress\/accueil\/pdie\/pdie-he\/","url_meta":{"origin":33,"position":4},"title":"Le PDIE de l&rsquo;association \u00ab\u00a0Horizon Employeur\u00a0\u00bb","date":"13 juillet 2015","format":false,"excerpt":"Le PDIE s'est mis en place au long d'un processus comportant plusieurs \u00e9tapes: 2008-2009 (9 mois): r\u00e9alisation d'un diagnostic de la mobilit\u00e9 dans les zones d'activit\u00e9s 2009 (3 mois): d\u00e9finition du plan d'actions \u00e0 mettre en oeuvre 2010-2014: mise en oeuvre du 1er plan de d\u00e9placements 2014: bilan des 5\u2026","rel":"","context":"Article similaire","img":{"alt_text":"","src":"","width":0,"height":0},"classes":[]},{"id":253,"url":"https:\/\/www.horizonemployeur.fr\/wordpress\/accueil\/pdie\/ppa\/ppa_reg1\/","url_meta":{"origin":33,"position":5},"title":"La mesure r\u00e9glementaire n\u00b01 du PPA","date":"9 mai 2014","format":false,"excerpt":"Que ce soit dans la version de 2006 ou dans la version de 2013, le Plan de Protection de l'Atmosph\u00e8re d'Ile-de-France demande aux grands p\u00f4les g\u00e9n\u00e9rateurs de trafic d'\u00e9laborer et de mettre en oeuvre des Plans de D\u00e9placements. \u00a0 Qu'est-ce qu'un Plan de D\u00e9placements ? Un Plan de D\u00e9placements a\u2026","rel":"","context":"Article similaire","img":{"alt_text":"","src":"","width":0,"height":0},"classes":[]}],"_links":{"self":[{"href":"https:\/\/www.horizonemployeur.fr\/wordpress\/wp-json\/wp\/v2\/pages\/33"}],"collection":[{"href":"https:\/\/www.horizonemployeur.fr\/wordpress\/wp-json\/wp\/v2\/pages"}],"about":[{"href":"https:\/\/www.horizonemployeur.fr\/wordpress\/wp-json\/wp\/v2\/types\/page"}],"author":[{"embeddable":true,"href":"https:\/\/www.horizonemployeur.fr\/wordpress\/wp-json\/wp\/v2\/users\/1"}],"replies":[{"embeddable":true,"href":"https:\/\/www.horizonemployeur.fr\/wordpress\/wp-json\/wp\/v2\/comments?post=33"}],"version-history":[{"count":4,"href":"https:\/\/www.horizonemployeur.fr\/wordpress\/wp-json\/wp\/v2\/pages\/33\/revisions"}],"predecessor-version":[{"id":4543,"href":"https:\/\/www.horizonemployeur.fr\/wordpress\/wp-json\/wp\/v2\/pages\/33\/revisions\/4543"}],"up":[{"embeddable":true,"href":"https:\/\/www.horizonemployeur.fr\/wordpress\/wp-json\/wp\/v2\/pages\/1781"}],"wp:featuredmedia":[{"embeddable":true,"href":"https:\/\/www.horizonemployeur.fr\/wordpress\/wp-json\/wp\/v2\/media\/1808"}],"wp:attachment":[{"href":"https:\/\/www.horizonemployeur.fr\/wordpress\/wp-json\/wp\/v2\/media?parent=33"}],"curies":[{"name":"wp","href":"https:\/\/api.w.org\/{rel}","templated":true}]}}