{"id":2459,"date":"2016-04-28T10:22:25","date_gmt":"2016-04-28T08:22:25","guid":{"rendered":"http:\/\/www.horizonemployeur.fr\/wordpress\/?page_id=2459"},"modified":"2016-05-17T20:27:37","modified_gmt":"2016-05-17T18:27:37","slug":"restructuration-bus-phase-2","status":"publish","type":"page","link":"https:\/\/www.horizonemployeur.fr\/wordpress\/28-05-2016\/restructuration-bus-phase-2\/","title":{"rendered":"La restructuration des lignes de bus du r\u00e9seau Ph\u00e9bus V\u00e9lizy"},"content":{"rendered":"<p>Cette phase de restructuration a pour objectifs:<\/p>\n<ul>\n<li>de prendre en compte la mise en service du prolongement du tramway T6 \u00e0 Viroflay pour rendre le r\u00e9seau bus compl\u00e9mentaire \u00e0 la nouvelle liaison tramway<\/li>\n<li>de proposer une offre plus adapt\u00e9e aux besoins des salari\u00e9s et des V\u00e9liziens sur certains axes<\/li>\n<\/ul>\n<p>Elle a fait l&rsquo;objet de longues discussions entre le STIF, l&rsquo;op\u00e9rateur de transport Ph\u00e9bus (groupe Keolis) et les collectivit\u00e9s locales (Mairie de V\u00e9lizy-Villacoublay et communaut\u00e9 d&rsquo;agglom\u00e9ration Versailles Grand Parc), auxquelles l&rsquo;association Horizon Employeur a \u00e9t\u00e9 en partie associ\u00e9e.<\/p>\n<p>Voyons axe par axe les nouveaut\u00e9s:<\/p>\n<ul>\n<li><a href=\"http:\/\/www.horizonemployeur.fr\/wordpress\/28-05-2016\/restructuration-bus-phase-2\/versailles\/\">axe Versailles<\/a> (lignes 20 \u00e0 24)<\/li>\n<li><a href=\"http:\/\/www.horizonemployeur.fr\/wordpress\/28-05-2016\/restructuration-bus-phase-2\/restructuration-bus-phase-2-chaville\/\">axe Chaville<\/a> (lignes 30 \u00e0 34)<\/li>\n<li><a href=\"http:\/\/www.horizonemployeur.fr\/wordpress\/28-05-2016\/restructuration-bus-phase-2\/restructuration-bus-phase-2-antony\/\">axe Antony<\/a> (ligne 50)<\/li>\n<li><a href=\"http:\/\/www.horizonemployeur.fr\/wordpress\/28-05-2016\/restructuration-bus-phase-2\/restructuration-bus-phase-2-bievres\/\">axe Bi\u00e8vres<\/a> (ligne MobiCAPS 17)<\/li>\n<li><a href=\"http:\/\/www.horizonemployeur.fr\/wordpress\/28-05-2016\/restructuration-bus-phase-2\/jouy\/\">axe Jouy-en-Josas<\/a> (ligne 32)<\/li>\n<\/ul>\n<p>Les diff\u00e9rentes lignes en d\u00e9tail:<\/p>\n<table>\n<tbody>\n<tr>\n<td><a href=\"http:\/\/www.horizonemployeur.fr\/wordpress\/28-05-2016\/restructuration-bus-phase-2\/la-ligne-mobicaps-17-en-details\/\"><img data-attachment-id=\"2549\" data-permalink=\"https:\/\/www.horizonemployeur.fr\/wordpress\/28-05-2016\/restructuration-bus-phase-2\/vignette_mobicaps_17g_330x240\/\" data-orig-file=\"https:\/\/i0.wp.com\/www.horizonemployeur.fr\/wordpress\/wp-content\/uploads\/2016\/04\/vignette_mobicaps_17g_330x240.png?fit=330%2C240&amp;ssl=1\" data-orig-size=\"330,240\" data-comments-opened=\"1\" data-image-meta=\"{&quot;aperture&quot;:&quot;0&quot;,&quot;credit&quot;:&quot;&quot;,&quot;camera&quot;:&quot;&quot;,&quot;caption&quot;:&quot;&quot;,&quot;created_timestamp&quot;:&quot;0&quot;,&quot;copyright&quot;:&quot;&quot;,&quot;focal_length&quot;:&quot;0&quot;,&quot;iso&quot;:&quot;0&quot;,&quot;shutter_speed&quot;:&quot;0&quot;,&quot;title&quot;:&quot;&quot;,&quot;orientation&quot;:&quot;0&quot;}\" data-image-title=\"vignette_mobicaps_17g_330x240\" data-image-description=\"\" data-image-caption=\"\" data-medium-file=\"https:\/\/i0.wp.com\/www.horizonemployeur.fr\/wordpress\/wp-content\/uploads\/2016\/04\/vignette_mobicaps_17g_330x240.png?fit=300%2C218&amp;ssl=1\" data-large-file=\"https:\/\/i0.wp.com\/www.horizonemployeur.fr\/wordpress\/wp-content\/uploads\/2016\/04\/vignette_mobicaps_17g_330x240.png?fit=330%2C240&amp;ssl=1\" decoding=\"async\" loading=\"lazy\" class=\"alignnone wp-image-2549\" src=\"https:\/\/i0.wp.com\/www.horizonemployeur.fr\/wordpress\/wp-content\/uploads\/2016\/04\/vignette_mobicaps_17g_330x240-300x218.png?resize=120%2C87\" alt=\"vignette_mobicaps_17g_330x240\" width=\"120\" height=\"87\" srcset=\"https:\/\/i0.wp.com\/www.horizonemployeur.fr\/wordpress\/wp-content\/uploads\/2016\/04\/vignette_mobicaps_17g_330x240.png?resize=300%2C218&amp;ssl=1 300w, https:\/\/i0.wp.com\/www.horizonemployeur.fr\/wordpress\/wp-content\/uploads\/2016\/04\/vignette_mobicaps_17g_330x240.png?w=330&amp;ssl=1 330w, https:\/\/i0.wp.com\/www.horizonemployeur.fr\/wordpress\/wp-content\/uploads\/2016\/04\/vignette_mobicaps_17g_330x240.png?resize=264%2C192&amp;ssl=1 264w\" sizes=\"(max-width: 120px) 100vw, 120px\" data-recalc-dims=\"1\" \/><\/a><\/td>\n<td><a href=\"http:\/\/www.horizonemployeur.fr\/wordpress\/28-05-2016\/restructuration-bus-phase-2\/ligne-phebus-20\/\"><img data-attachment-id=\"2550\" data-permalink=\"https:\/\/www.horizonemployeur.fr\/wordpress\/28-05-2016\/restructuration-bus-phase-2\/vignette_phebus_20g_330x240\/\" data-orig-file=\"https:\/\/i0.wp.com\/www.horizonemployeur.fr\/wordpress\/wp-content\/uploads\/2016\/04\/vignette_phebus_20g_330x240.png?fit=330%2C240&amp;ssl=1\" data-orig-size=\"330,240\" data-comments-opened=\"1\" data-image-meta=\"{&quot;aperture&quot;:&quot;0&quot;,&quot;credit&quot;:&quot;&quot;,&quot;camera&quot;:&quot;&quot;,&quot;caption&quot;:&quot;&quot;,&quot;created_timestamp&quot;:&quot;0&quot;,&quot;copyright&quot;:&quot;&quot;,&quot;focal_length&quot;:&quot;0&quot;,&quot;iso&quot;:&quot;0&quot;,&quot;shutter_speed&quot;:&quot;0&quot;,&quot;title&quot;:&quot;&quot;,&quot;orientation&quot;:&quot;0&quot;}\" data-image-title=\"vignette_phebus_20g_330x240\" data-image-description=\"\" data-image-caption=\"\" data-medium-file=\"https:\/\/i0.wp.com\/www.horizonemployeur.fr\/wordpress\/wp-content\/uploads\/2016\/04\/vignette_phebus_20g_330x240.png?fit=300%2C218&amp;ssl=1\" data-large-file=\"https:\/\/i0.wp.com\/www.horizonemployeur.fr\/wordpress\/wp-content\/uploads\/2016\/04\/vignette_phebus_20g_330x240.png?fit=330%2C240&amp;ssl=1\" decoding=\"async\" loading=\"lazy\" class=\"alignnone wp-image-2550\" src=\"https:\/\/i0.wp.com\/www.horizonemployeur.fr\/wordpress\/wp-content\/uploads\/2016\/04\/vignette_phebus_20g_330x240-300x218.png?resize=120%2C87\" alt=\"vignette_phebus_20g_330x240\" width=\"120\" height=\"87\" srcset=\"https:\/\/i0.wp.com\/www.horizonemployeur.fr\/wordpress\/wp-content\/uploads\/2016\/04\/vignette_phebus_20g_330x240.png?resize=300%2C218&amp;ssl=1 300w, https:\/\/i0.wp.com\/www.horizonemployeur.fr\/wordpress\/wp-content\/uploads\/2016\/04\/vignette_phebus_20g_330x240.png?w=330&amp;ssl=1 330w, https:\/\/i0.wp.com\/www.horizonemployeur.fr\/wordpress\/wp-content\/uploads\/2016\/04\/vignette_phebus_20g_330x240.png?resize=264%2C192&amp;ssl=1 264w\" sizes=\"(max-width: 120px) 100vw, 120px\" data-recalc-dims=\"1\" \/><\/a><\/td>\n<td><a href=\"http:\/\/www.horizonemployeur.fr\/wordpress\/28-05-2016\/restructuration-bus-phase-2\/ligne-phebus-22\/\"><img data-attachment-id=\"2551\" data-permalink=\"https:\/\/www.horizonemployeur.fr\/wordpress\/28-05-2016\/restructuration-bus-phase-2\/vignette_phebus_22_330x240\/\" data-orig-file=\"https:\/\/i0.wp.com\/www.horizonemployeur.fr\/wordpress\/wp-content\/uploads\/2016\/04\/vignette_phebus_22_330x240.png?fit=330%2C240&amp;ssl=1\" data-orig-size=\"330,240\" data-comments-opened=\"1\" data-image-meta=\"{&quot;aperture&quot;:&quot;0&quot;,&quot;credit&quot;:&quot;&quot;,&quot;camera&quot;:&quot;&quot;,&quot;caption&quot;:&quot;&quot;,&quot;created_timestamp&quot;:&quot;0&quot;,&quot;copyright&quot;:&quot;&quot;,&quot;focal_length&quot;:&quot;0&quot;,&quot;iso&quot;:&quot;0&quot;,&quot;shutter_speed&quot;:&quot;0&quot;,&quot;title&quot;:&quot;&quot;,&quot;orientation&quot;:&quot;0&quot;}\" data-image-title=\"vignette_phebus_22_330x240\" data-image-description=\"\" data-image-caption=\"\" data-medium-file=\"https:\/\/i0.wp.com\/www.horizonemployeur.fr\/wordpress\/wp-content\/uploads\/2016\/04\/vignette_phebus_22_330x240.png?fit=300%2C218&amp;ssl=1\" data-large-file=\"https:\/\/i0.wp.com\/www.horizonemployeur.fr\/wordpress\/wp-content\/uploads\/2016\/04\/vignette_phebus_22_330x240.png?fit=330%2C240&amp;ssl=1\" decoding=\"async\" loading=\"lazy\" class=\"alignnone wp-image-2551\" src=\"https:\/\/i0.wp.com\/www.horizonemployeur.fr\/wordpress\/wp-content\/uploads\/2016\/04\/vignette_phebus_22_330x240-300x218.png?resize=120%2C87\" alt=\"vignette_phebus_22_330x240\" width=\"120\" height=\"87\" srcset=\"https:\/\/i0.wp.com\/www.horizonemployeur.fr\/wordpress\/wp-content\/uploads\/2016\/04\/vignette_phebus_22_330x240.png?resize=300%2C218&amp;ssl=1 300w, https:\/\/i0.wp.com\/www.horizonemployeur.fr\/wordpress\/wp-content\/uploads\/2016\/04\/vignette_phebus_22_330x240.png?w=330&amp;ssl=1 330w, https:\/\/i0.wp.com\/www.horizonemployeur.fr\/wordpress\/wp-content\/uploads\/2016\/04\/vignette_phebus_22_330x240.png?resize=264%2C192&amp;ssl=1 264w\" sizes=\"(max-width: 120px) 100vw, 120px\" data-recalc-dims=\"1\" \/><\/a><\/td>\n<td><a href=\"http:\/\/www.horizonemployeur.fr\/wordpress\/28-05-2016\/restructuration-bus-phase-2\/ligne-phebus-23\/\"><img data-attachment-id=\"2552\" data-permalink=\"https:\/\/www.horizonemployeur.fr\/wordpress\/28-05-2016\/restructuration-bus-phase-2\/vignette_phebus_23_330x240\/\" data-orig-file=\"https:\/\/i0.wp.com\/www.horizonemployeur.fr\/wordpress\/wp-content\/uploads\/2016\/04\/vignette_phebus_23_330x240.png?fit=330%2C240&amp;ssl=1\" data-orig-size=\"330,240\" data-comments-opened=\"1\" data-image-meta=\"{&quot;aperture&quot;:&quot;0&quot;,&quot;credit&quot;:&quot;&quot;,&quot;camera&quot;:&quot;&quot;,&quot;caption&quot;:&quot;&quot;,&quot;created_timestamp&quot;:&quot;0&quot;,&quot;copyright&quot;:&quot;&quot;,&quot;focal_length&quot;:&quot;0&quot;,&quot;iso&quot;:&quot;0&quot;,&quot;shutter_speed&quot;:&quot;0&quot;,&quot;title&quot;:&quot;&quot;,&quot;orientation&quot;:&quot;0&quot;}\" data-image-title=\"vignette_phebus_23_330x240\" data-image-description=\"\" data-image-caption=\"\" data-medium-file=\"https:\/\/i0.wp.com\/www.horizonemployeur.fr\/wordpress\/wp-content\/uploads\/2016\/04\/vignette_phebus_23_330x240.png?fit=300%2C218&amp;ssl=1\" data-large-file=\"https:\/\/i0.wp.com\/www.horizonemployeur.fr\/wordpress\/wp-content\/uploads\/2016\/04\/vignette_phebus_23_330x240.png?fit=330%2C240&amp;ssl=1\" decoding=\"async\" loading=\"lazy\" class=\"alignnone wp-image-2552\" src=\"https:\/\/i0.wp.com\/www.horizonemployeur.fr\/wordpress\/wp-content\/uploads\/2016\/04\/vignette_phebus_23_330x240-300x218.png?resize=120%2C87\" alt=\"vignette_phebus_23_330x240\" width=\"120\" height=\"87\" srcset=\"https:\/\/i0.wp.com\/www.horizonemployeur.fr\/wordpress\/wp-content\/uploads\/2016\/04\/vignette_phebus_23_330x240.png?resize=300%2C218&amp;ssl=1 300w, https:\/\/i0.wp.com\/www.horizonemployeur.fr\/wordpress\/wp-content\/uploads\/2016\/04\/vignette_phebus_23_330x240.png?w=330&amp;ssl=1 330w, https:\/\/i0.wp.com\/www.horizonemployeur.fr\/wordpress\/wp-content\/uploads\/2016\/04\/vignette_phebus_23_330x240.png?resize=264%2C192&amp;ssl=1 264w\" sizes=\"(max-width: 120px) 100vw, 120px\" data-recalc-dims=\"1\" \/><\/a><\/td>\n<\/tr>\n<tr>\n<td><a href=\"http:\/\/www.horizonemployeur.fr\/wordpress\/28-05-2016\/restructuration-bus-phase-2\/ligne-phebus-24\/\"><img data-attachment-id=\"2553\" data-permalink=\"https:\/\/www.horizonemployeur.fr\/wordpress\/28-05-2016\/restructuration-bus-phase-2\/vignette_phebus_24_330x240\/\" data-orig-file=\"https:\/\/i0.wp.com\/www.horizonemployeur.fr\/wordpress\/wp-content\/uploads\/2016\/04\/vignette_phebus_24_330x240.png?fit=330%2C240&amp;ssl=1\" data-orig-size=\"330,240\" data-comments-opened=\"1\" data-image-meta=\"{&quot;aperture&quot;:&quot;0&quot;,&quot;credit&quot;:&quot;&quot;,&quot;camera&quot;:&quot;&quot;,&quot;caption&quot;:&quot;&quot;,&quot;created_timestamp&quot;:&quot;0&quot;,&quot;copyright&quot;:&quot;&quot;,&quot;focal_length&quot;:&quot;0&quot;,&quot;iso&quot;:&quot;0&quot;,&quot;shutter_speed&quot;:&quot;0&quot;,&quot;title&quot;:&quot;&quot;,&quot;orientation&quot;:&quot;0&quot;}\" data-image-title=\"vignette_phebus_24_330x240\" data-image-description=\"\" data-image-caption=\"\" data-medium-file=\"https:\/\/i0.wp.com\/www.horizonemployeur.fr\/wordpress\/wp-content\/uploads\/2016\/04\/vignette_phebus_24_330x240.png?fit=300%2C218&amp;ssl=1\" data-large-file=\"https:\/\/i0.wp.com\/www.horizonemployeur.fr\/wordpress\/wp-content\/uploads\/2016\/04\/vignette_phebus_24_330x240.png?fit=330%2C240&amp;ssl=1\" decoding=\"async\" loading=\"lazy\" class=\"alignnone wp-image-2553\" src=\"https:\/\/i0.wp.com\/www.horizonemployeur.fr\/wordpress\/wp-content\/uploads\/2016\/04\/vignette_phebus_24_330x240-300x218.png?resize=120%2C87\" alt=\"vignette_phebus_24_330x240\" width=\"120\" height=\"87\" srcset=\"https:\/\/i0.wp.com\/www.horizonemployeur.fr\/wordpress\/wp-content\/uploads\/2016\/04\/vignette_phebus_24_330x240.png?resize=300%2C218&amp;ssl=1 300w, https:\/\/i0.wp.com\/www.horizonemployeur.fr\/wordpress\/wp-content\/uploads\/2016\/04\/vignette_phebus_24_330x240.png?w=330&amp;ssl=1 330w, https:\/\/i0.wp.com\/www.horizonemployeur.fr\/wordpress\/wp-content\/uploads\/2016\/04\/vignette_phebus_24_330x240.png?resize=264%2C192&amp;ssl=1 264w\" sizes=\"(max-width: 120px) 100vw, 120px\" data-recalc-dims=\"1\" \/><\/a><\/td>\n<td><a href=\"http:\/\/www.horizonemployeur.fr\/wordpress\/28-05-2016\/restructuration-bus-phase-2\/ligne-phebus-30\/\"><img data-attachment-id=\"2554\" data-permalink=\"https:\/\/www.horizonemployeur.fr\/wordpress\/28-05-2016\/restructuration-bus-phase-2\/vignette_phebus_30g_330x240\/\" data-orig-file=\"https:\/\/i0.wp.com\/www.horizonemployeur.fr\/wordpress\/wp-content\/uploads\/2016\/04\/vignette_phebus_30g_330x240.png?fit=330%2C240&amp;ssl=1\" data-orig-size=\"330,240\" data-comments-opened=\"1\" data-image-meta=\"{&quot;aperture&quot;:&quot;0&quot;,&quot;credit&quot;:&quot;&quot;,&quot;camera&quot;:&quot;&quot;,&quot;caption&quot;:&quot;&quot;,&quot;created_timestamp&quot;:&quot;0&quot;,&quot;copyright&quot;:&quot;&quot;,&quot;focal_length&quot;:&quot;0&quot;,&quot;iso&quot;:&quot;0&quot;,&quot;shutter_speed&quot;:&quot;0&quot;,&quot;title&quot;:&quot;&quot;,&quot;orientation&quot;:&quot;0&quot;}\" data-image-title=\"vignette_phebus_30g_330x240\" data-image-description=\"\" data-image-caption=\"\" data-medium-file=\"https:\/\/i0.wp.com\/www.horizonemployeur.fr\/wordpress\/wp-content\/uploads\/2016\/04\/vignette_phebus_30g_330x240.png?fit=300%2C218&amp;ssl=1\" data-large-file=\"https:\/\/i0.wp.com\/www.horizonemployeur.fr\/wordpress\/wp-content\/uploads\/2016\/04\/vignette_phebus_30g_330x240.png?fit=330%2C240&amp;ssl=1\" decoding=\"async\" loading=\"lazy\" class=\"alignnone wp-image-2554\" src=\"https:\/\/i0.wp.com\/www.horizonemployeur.fr\/wordpress\/wp-content\/uploads\/2016\/04\/vignette_phebus_30g_330x240-300x218.png?resize=120%2C87\" alt=\"vignette_phebus_30g_330x240\" width=\"120\" height=\"87\" srcset=\"https:\/\/i0.wp.com\/www.horizonemployeur.fr\/wordpress\/wp-content\/uploads\/2016\/04\/vignette_phebus_30g_330x240.png?resize=300%2C218&amp;ssl=1 300w, https:\/\/i0.wp.com\/www.horizonemployeur.fr\/wordpress\/wp-content\/uploads\/2016\/04\/vignette_phebus_30g_330x240.png?w=330&amp;ssl=1 330w, https:\/\/i0.wp.com\/www.horizonemployeur.fr\/wordpress\/wp-content\/uploads\/2016\/04\/vignette_phebus_30g_330x240.png?resize=264%2C192&amp;ssl=1 264w\" sizes=\"(max-width: 120px) 100vw, 120px\" data-recalc-dims=\"1\" \/><\/a><\/td>\n<td><a href=\"http:\/\/www.horizonemployeur.fr\/wordpress\/28-05-2016\/restructuration-bus-phase-2\/ligne-phebus-31\/\"><img data-attachment-id=\"2555\" data-permalink=\"https:\/\/www.horizonemployeur.fr\/wordpress\/28-05-2016\/restructuration-bus-phase-2\/vignette_phebus_31_330x240\/\" data-orig-file=\"https:\/\/i0.wp.com\/www.horizonemployeur.fr\/wordpress\/wp-content\/uploads\/2016\/04\/vignette_phebus_31_330x240.png?fit=330%2C240&amp;ssl=1\" data-orig-size=\"330,240\" data-comments-opened=\"1\" data-image-meta=\"{&quot;aperture&quot;:&quot;0&quot;,&quot;credit&quot;:&quot;&quot;,&quot;camera&quot;:&quot;&quot;,&quot;caption&quot;:&quot;&quot;,&quot;created_timestamp&quot;:&quot;0&quot;,&quot;copyright&quot;:&quot;&quot;,&quot;focal_length&quot;:&quot;0&quot;,&quot;iso&quot;:&quot;0&quot;,&quot;shutter_speed&quot;:&quot;0&quot;,&quot;title&quot;:&quot;&quot;,&quot;orientation&quot;:&quot;0&quot;}\" data-image-title=\"vignette_phebus_31_330x240\" data-image-description=\"\" data-image-caption=\"\" data-medium-file=\"https:\/\/i0.wp.com\/www.horizonemployeur.fr\/wordpress\/wp-content\/uploads\/2016\/04\/vignette_phebus_31_330x240.png?fit=300%2C218&amp;ssl=1\" data-large-file=\"https:\/\/i0.wp.com\/www.horizonemployeur.fr\/wordpress\/wp-content\/uploads\/2016\/04\/vignette_phebus_31_330x240.png?fit=330%2C240&amp;ssl=1\" decoding=\"async\" loading=\"lazy\" class=\"alignnone wp-image-2555\" src=\"https:\/\/i0.wp.com\/www.horizonemployeur.fr\/wordpress\/wp-content\/uploads\/2016\/04\/vignette_phebus_31_330x240-300x218.png?resize=120%2C87\" alt=\"vignette_phebus_31_330x240\" width=\"120\" height=\"87\" srcset=\"https:\/\/i0.wp.com\/www.horizonemployeur.fr\/wordpress\/wp-content\/uploads\/2016\/04\/vignette_phebus_31_330x240.png?resize=300%2C218&amp;ssl=1 300w, https:\/\/i0.wp.com\/www.horizonemployeur.fr\/wordpress\/wp-content\/uploads\/2016\/04\/vignette_phebus_31_330x240.png?w=330&amp;ssl=1 330w, https:\/\/i0.wp.com\/www.horizonemployeur.fr\/wordpress\/wp-content\/uploads\/2016\/04\/vignette_phebus_31_330x240.png?resize=264%2C192&amp;ssl=1 264w\" sizes=\"(max-width: 120px) 100vw, 120px\" data-recalc-dims=\"1\" \/><\/a><\/td>\n<td><a href=\"http:\/\/www.horizonemployeur.fr\/wordpress\/28-05-2016\/restructuration-bus-phase-2\/ligne-phebus-32\/\"><img data-attachment-id=\"2556\" data-permalink=\"https:\/\/www.horizonemployeur.fr\/wordpress\/28-05-2016\/restructuration-bus-phase-2\/vignette_phebus_32_330x240\/\" data-orig-file=\"https:\/\/i0.wp.com\/www.horizonemployeur.fr\/wordpress\/wp-content\/uploads\/2016\/04\/vignette_phebus_32_330x240.png?fit=330%2C240&amp;ssl=1\" data-orig-size=\"330,240\" data-comments-opened=\"1\" data-image-meta=\"{&quot;aperture&quot;:&quot;0&quot;,&quot;credit&quot;:&quot;&quot;,&quot;camera&quot;:&quot;&quot;,&quot;caption&quot;:&quot;&quot;,&quot;created_timestamp&quot;:&quot;0&quot;,&quot;copyright&quot;:&quot;&quot;,&quot;focal_length&quot;:&quot;0&quot;,&quot;iso&quot;:&quot;0&quot;,&quot;shutter_speed&quot;:&quot;0&quot;,&quot;title&quot;:&quot;&quot;,&quot;orientation&quot;:&quot;0&quot;}\" data-image-title=\"vignette_phebus_32_330x240\" data-image-description=\"\" data-image-caption=\"\" data-medium-file=\"https:\/\/i0.wp.com\/www.horizonemployeur.fr\/wordpress\/wp-content\/uploads\/2016\/04\/vignette_phebus_32_330x240.png?fit=300%2C218&amp;ssl=1\" data-large-file=\"https:\/\/i0.wp.com\/www.horizonemployeur.fr\/wordpress\/wp-content\/uploads\/2016\/04\/vignette_phebus_32_330x240.png?fit=330%2C240&amp;ssl=1\" decoding=\"async\" loading=\"lazy\" class=\"alignnone wp-image-2556\" src=\"https:\/\/i0.wp.com\/www.horizonemployeur.fr\/wordpress\/wp-content\/uploads\/2016\/04\/vignette_phebus_32_330x240-300x218.png?resize=120%2C87\" alt=\"vignette_phebus_32_330x240\" width=\"120\" height=\"87\" srcset=\"https:\/\/i0.wp.com\/www.horizonemployeur.fr\/wordpress\/wp-content\/uploads\/2016\/04\/vignette_phebus_32_330x240.png?resize=300%2C218&amp;ssl=1 300w, https:\/\/i0.wp.com\/www.horizonemployeur.fr\/wordpress\/wp-content\/uploads\/2016\/04\/vignette_phebus_32_330x240.png?w=330&amp;ssl=1 330w, https:\/\/i0.wp.com\/www.horizonemployeur.fr\/wordpress\/wp-content\/uploads\/2016\/04\/vignette_phebus_32_330x240.png?resize=264%2C192&amp;ssl=1 264w\" sizes=\"(max-width: 120px) 100vw, 120px\" data-recalc-dims=\"1\" \/><\/a><\/td>\n<\/tr>\n<tr>\n<td><a href=\"http:\/\/www.horizonemployeur.fr\/wordpress\/28-05-2016\/restructuration-bus-phase-2\/ligne-phebus-33\/\"><img data-attachment-id=\"2557\" data-permalink=\"https:\/\/www.horizonemployeur.fr\/wordpress\/28-05-2016\/restructuration-bus-phase-2\/vignette_phebus_33_330x240\/\" data-orig-file=\"https:\/\/i0.wp.com\/www.horizonemployeur.fr\/wordpress\/wp-content\/uploads\/2016\/04\/vignette_phebus_33_330x240.png?fit=330%2C240&amp;ssl=1\" data-orig-size=\"330,240\" data-comments-opened=\"1\" data-image-meta=\"{&quot;aperture&quot;:&quot;0&quot;,&quot;credit&quot;:&quot;&quot;,&quot;camera&quot;:&quot;&quot;,&quot;caption&quot;:&quot;&quot;,&quot;created_timestamp&quot;:&quot;0&quot;,&quot;copyright&quot;:&quot;&quot;,&quot;focal_length&quot;:&quot;0&quot;,&quot;iso&quot;:&quot;0&quot;,&quot;shutter_speed&quot;:&quot;0&quot;,&quot;title&quot;:&quot;&quot;,&quot;orientation&quot;:&quot;0&quot;}\" data-image-title=\"vignette_phebus_33_330x240\" data-image-description=\"\" data-image-caption=\"\" data-medium-file=\"https:\/\/i0.wp.com\/www.horizonemployeur.fr\/wordpress\/wp-content\/uploads\/2016\/04\/vignette_phebus_33_330x240.png?fit=300%2C218&amp;ssl=1\" data-large-file=\"https:\/\/i0.wp.com\/www.horizonemployeur.fr\/wordpress\/wp-content\/uploads\/2016\/04\/vignette_phebus_33_330x240.png?fit=330%2C240&amp;ssl=1\" decoding=\"async\" loading=\"lazy\" class=\"alignnone wp-image-2557\" src=\"https:\/\/i0.wp.com\/www.horizonemployeur.fr\/wordpress\/wp-content\/uploads\/2016\/04\/vignette_phebus_33_330x240-300x218.png?resize=120%2C87\" alt=\"vignette_phebus_33_330x240\" width=\"120\" height=\"87\" srcset=\"https:\/\/i0.wp.com\/www.horizonemployeur.fr\/wordpress\/wp-content\/uploads\/2016\/04\/vignette_phebus_33_330x240.png?resize=300%2C218&amp;ssl=1 300w, https:\/\/i0.wp.com\/www.horizonemployeur.fr\/wordpress\/wp-content\/uploads\/2016\/04\/vignette_phebus_33_330x240.png?w=330&amp;ssl=1 330w, https:\/\/i0.wp.com\/www.horizonemployeur.fr\/wordpress\/wp-content\/uploads\/2016\/04\/vignette_phebus_33_330x240.png?resize=264%2C192&amp;ssl=1 264w\" sizes=\"(max-width: 120px) 100vw, 120px\" data-recalc-dims=\"1\" \/><\/a><\/td>\n<td><a href=\"http:\/\/www.horizonemployeur.fr\/wordpress\/28-05-2016\/restructuration-bus-phase-2\/ligne-phebus-34\/\"><img data-attachment-id=\"2558\" data-permalink=\"https:\/\/www.horizonemployeur.fr\/wordpress\/28-05-2016\/restructuration-bus-phase-2\/vignette_phebus_34_330x240\/\" data-orig-file=\"https:\/\/i0.wp.com\/www.horizonemployeur.fr\/wordpress\/wp-content\/uploads\/2016\/04\/vignette_phebus_34_330x240.png?fit=330%2C240&amp;ssl=1\" data-orig-size=\"330,240\" data-comments-opened=\"1\" data-image-meta=\"{&quot;aperture&quot;:&quot;0&quot;,&quot;credit&quot;:&quot;&quot;,&quot;camera&quot;:&quot;&quot;,&quot;caption&quot;:&quot;&quot;,&quot;created_timestamp&quot;:&quot;0&quot;,&quot;copyright&quot;:&quot;&quot;,&quot;focal_length&quot;:&quot;0&quot;,&quot;iso&quot;:&quot;0&quot;,&quot;shutter_speed&quot;:&quot;0&quot;,&quot;title&quot;:&quot;&quot;,&quot;orientation&quot;:&quot;0&quot;}\" data-image-title=\"vignette_phebus_34_330x240\" data-image-description=\"\" data-image-caption=\"\" data-medium-file=\"https:\/\/i0.wp.com\/www.horizonemployeur.fr\/wordpress\/wp-content\/uploads\/2016\/04\/vignette_phebus_34_330x240.png?fit=300%2C218&amp;ssl=1\" data-large-file=\"https:\/\/i0.wp.com\/www.horizonemployeur.fr\/wordpress\/wp-content\/uploads\/2016\/04\/vignette_phebus_34_330x240.png?fit=330%2C240&amp;ssl=1\" decoding=\"async\" loading=\"lazy\" class=\"alignnone wp-image-2558\" src=\"https:\/\/i0.wp.com\/www.horizonemployeur.fr\/wordpress\/wp-content\/uploads\/2016\/04\/vignette_phebus_34_330x240-300x218.png?resize=120%2C87\" alt=\"vignette_phebus_34_330x240\" width=\"120\" height=\"87\" srcset=\"https:\/\/i0.wp.com\/www.horizonemployeur.fr\/wordpress\/wp-content\/uploads\/2016\/04\/vignette_phebus_34_330x240.png?resize=300%2C218&amp;ssl=1 300w, https:\/\/i0.wp.com\/www.horizonemployeur.fr\/wordpress\/wp-content\/uploads\/2016\/04\/vignette_phebus_34_330x240.png?w=330&amp;ssl=1 330w, https:\/\/i0.wp.com\/www.horizonemployeur.fr\/wordpress\/wp-content\/uploads\/2016\/04\/vignette_phebus_34_330x240.png?resize=264%2C192&amp;ssl=1 264w\" sizes=\"(max-width: 120px) 100vw, 120px\" data-recalc-dims=\"1\" \/><\/a><\/td>\n<td><a href=\"http:\/\/www.horizonemployeur.fr\/wordpress\/28-05-2016\/restructuration-bus-phase-2\/ligne-phebus-50\/\"><img data-attachment-id=\"2559\" data-permalink=\"https:\/\/www.horizonemployeur.fr\/wordpress\/28-05-2016\/restructuration-bus-phase-2\/vignette_phebus_50g_330x240\/\" data-orig-file=\"https:\/\/i0.wp.com\/www.horizonemployeur.fr\/wordpress\/wp-content\/uploads\/2016\/04\/vignette_phebus_50g_330x240.png?fit=330%2C240&amp;ssl=1\" data-orig-size=\"330,240\" data-comments-opened=\"1\" data-image-meta=\"{&quot;aperture&quot;:&quot;0&quot;,&quot;credit&quot;:&quot;&quot;,&quot;camera&quot;:&quot;&quot;,&quot;caption&quot;:&quot;&quot;,&quot;created_timestamp&quot;:&quot;0&quot;,&quot;copyright&quot;:&quot;&quot;,&quot;focal_length&quot;:&quot;0&quot;,&quot;iso&quot;:&quot;0&quot;,&quot;shutter_speed&quot;:&quot;0&quot;,&quot;title&quot;:&quot;&quot;,&quot;orientation&quot;:&quot;0&quot;}\" data-image-title=\"vignette_phebus_50g_330x240\" data-image-description=\"\" data-image-caption=\"\" data-medium-file=\"https:\/\/i0.wp.com\/www.horizonemployeur.fr\/wordpress\/wp-content\/uploads\/2016\/04\/vignette_phebus_50g_330x240.png?fit=300%2C218&amp;ssl=1\" data-large-file=\"https:\/\/i0.wp.com\/www.horizonemployeur.fr\/wordpress\/wp-content\/uploads\/2016\/04\/vignette_phebus_50g_330x240.png?fit=330%2C240&amp;ssl=1\" decoding=\"async\" loading=\"lazy\" class=\"alignnone wp-image-2559\" src=\"https:\/\/i0.wp.com\/www.horizonemployeur.fr\/wordpress\/wp-content\/uploads\/2016\/04\/vignette_phebus_50g_330x240-300x218.png?resize=120%2C87\" alt=\"vignette_phebus_50g_330x240\" width=\"120\" height=\"87\" srcset=\"https:\/\/i0.wp.com\/www.horizonemployeur.fr\/wordpress\/wp-content\/uploads\/2016\/04\/vignette_phebus_50g_330x240.png?resize=300%2C218&amp;ssl=1 300w, https:\/\/i0.wp.com\/www.horizonemployeur.fr\/wordpress\/wp-content\/uploads\/2016\/04\/vignette_phebus_50g_330x240.png?w=330&amp;ssl=1 330w, https:\/\/i0.wp.com\/www.horizonemployeur.fr\/wordpress\/wp-content\/uploads\/2016\/04\/vignette_phebus_50g_330x240.png?resize=264%2C192&amp;ssl=1 264w\" sizes=\"(max-width: 120px) 100vw, 120px\" data-recalc-dims=\"1\" \/><\/a><\/td>\n<td><\/td>\n<\/tr>\n<\/tbody>\n<\/table>\n<p><script>\n  (function(i,s,o,g,r,a,m){i['GoogleAnalyticsObject']=r;i[r]=i[r]||function(){\n  (i[r].q=i[r].q||[]).push(arguments)},i[r].l=1*new Date();a=s.createElement(o),\n  m=s.getElementsByTagName(o)[0];a.async=1;a.src=g;m.parentNode.insertBefore(a,m)\n  })(window,document,'script','https:\/\/www.google-analytics.com\/analytics.js','ga');<\/p>\n<p>  ga('create', 'UA-77901100-1', 'auto');\n  ga('send', 'pageview');<\/p>\n<p><\/script><\/p>\n","protected":false},"excerpt":{"rendered":"<p>Cette phase de restructuration a pour objectifs: de prendre en compte la mise en service du prolongement du tramway T6 \u00e0 Viroflay pour rendre le r\u00e9seau bus compl\u00e9mentaire \u00e0 la nouvelle liaison tramway de proposer une offre plus adapt\u00e9e aux besoins des salari\u00e9s et des V\u00e9liziens sur certains axes Elle a fait l&rsquo;objet de longues [&hellip;]<\/p>\n","protected":false},"author":1,"featured_media":0,"parent":2455,"menu_order":2,"comment_status":"closed","ping_status":"closed","template":"","meta":{"ngg_post_thumbnail":0,"jetpack_post_was_ever_published":false},"jetpack_sharing_enabled":true,"jetpack_shortlink":"https:\/\/wp.me\/P7AoJR-DF","jetpack-related-posts":[{"id":2544,"url":"https:\/\/www.horizonemployeur.fr\/wordpress\/28-05-2016\/restructuration-bus-phase-2\/ligne-phebus-30\/","url_meta":{"origin":2459,"position":0},"title":"La ligne Ph\u00e9bus 30 en d\u00e9tails","date":"2 mai 2016","format":false,"excerpt":"Cette ligne, issue de la ligne CVE pr\u00e9c\u00e9dente, avait pour vocation \u00e0 \u00eatre une ligne interquartiers, reliant l'ensemble des quartiers de V\u00e9lizy de Mozart-Provinces au centre commercial V\u00e9lizy 2 \u00e0 la gare RER C de Chaville-V\u00e9lizy. La ligne 30 est supprim\u00e9e. Les liaisons interquartiers sont assur\u00e9es par les autres lignes\u2026","rel":"","context":"Article similaire","img":{"alt_text":"","src":"","width":0,"height":0},"classes":[]},{"id":2599,"url":"https:\/\/www.horizonemployeur.fr\/wordpress\/28-05-2016\/documentation\/","url_meta":{"origin":2459,"position":1},"title":"Se renseigner","date":"4 mai 2016","format":false,"excerpt":"Avec le d\u00e9veloppement des affichages dans les gares routi\u00e8res et aux arr\u00eats, d'Internet, des sites, des applications, les canaux d'information \u00e0 votre disposition se sont multipli\u00e9s. Que peuvent-ils vous apporter ? en quoi peuvent-ils vous aider ? Qui fait quoi ? Face \u00e0 une mutiplicit\u00e9 de noms et d'abr\u00e9viations, il\u2026","rel":"","context":"Article similaire","img":{"alt_text":"","src":"","width":0,"height":0},"classes":[]},{"id":2461,"url":"https:\/\/www.horizonemployeur.fr\/wordpress\/28-05-2016\/restructuration-bus-phase-2\/versailles\/","url_meta":{"origin":2459,"position":2},"title":"La restructuration bus sur l&rsquo;axe Versailles","date":"28 avril 2016","format":false,"excerpt":"Depuis d\u00e9cembre 2014, l'offre sur l'axe Versailles est compos\u00e9e de 4 lignes: la ligne 20, Versailles-Rive-Gauche - V\u00e9lizy 2, qui dessert la gare des Chantiers et rejoint V\u00e9lizy par le pont Colbert et l'A 86 la ligne 22, Versailles-Chantiers - Burospace, passe \u00e9galement par le pont Colbert et l'A 86,\u2026","rel":"","context":"Article similaire","img":{"alt_text":"","src":"","width":0,"height":0},"classes":[]},{"id":2455,"url":"https:\/\/www.horizonemployeur.fr\/wordpress\/28-05-2016\/","url_meta":{"origin":2459,"position":3},"title":"28 mai 2016: le tramway T6 arrive \u00e0 Viroflay","date":"28 avril 2016","format":false,"excerpt":"Samedi 13 d\u00e9cembre 2014: apr\u00e8s plusieurs ann\u00e9es de longs et p\u00e9nibles travaux, le tramway est mis en service entre Ch\u00e2tillon-Montrouge, terminus de la ligne M13, et V\u00e9lizy-Robert Wagner, station situ\u00e9e le plus \u00e0 l'ouest sur la commune de V\u00e9lizy Samedi 28 mai 2016: apr\u00e8s une autre p\u00e9riode de travaux qui,\u2026","rel":"","context":"Article similaire","img":{"alt_text":"","src":"","width":0,"height":0},"classes":[]},{"id":2482,"url":"https:\/\/www.horizonemployeur.fr\/wordpress\/28-05-2016\/restructuration-bus-phase-2\/ligne-phebus-20\/","url_meta":{"origin":2459,"position":4},"title":"La ligne Ph\u00e9bus 20 en d\u00e9tails","date":"28 avril 2016","format":false,"excerpt":"Elle reliait la gare de Versailles-Rive Gauche et V\u00e9lizy 2 en passant par la gare des Chantiers, le pont Colbert et dans V\u00e9lizy, le quartier Mozart-Provinces\u00a0et\u00a0le centre ville (sauf jusqu'\u00e0 9h en direction de V\u00e9lizy 2) et Inovel Parc Nord. Cette ligne ne survit pas \u00e0 la restructuration, son itin\u00e9raire\u2026","rel":"","context":"Article similaire","img":{"alt_text":"","src":"","width":0,"height":0},"classes":[]},{"id":2484,"url":"https:\/\/www.horizonemployeur.fr\/wordpress\/28-05-2016\/restructuration-bus-phase-2\/ligne-phebus-24\/","url_meta":{"origin":2459,"position":5},"title":"La ligne Ph\u00e9bus 24 en d\u00e9tails","date":"29 avril 2016","format":false,"excerpt":"Un itin\u00e9raire modifi\u00e9 Cliquez sur l\u2019image pour la t\u00e9l\u00e9charger dans son format originel Plusieurs modifications sont apport\u00e9es \u00e0 l\u2019itin\u00e9raire de la ligne 24: la principale est la modification de l'itin\u00e9raire entre Versailles et V\u00e9lizy. L'itin\u00e9raire par la rue des Chantiers, la rue du Pont Colbert, les voies lat\u00e9rales de l'axe\u2026","rel":"","context":"Article similaire","img":{"alt_text":"","src":"","width":0,"height":0},"classes":[]}],"_links":{"self":[{"href":"https:\/\/www.horizonemployeur.fr\/wordpress\/wp-json\/wp\/v2\/pages\/2459"}],"collection":[{"href":"https:\/\/www.horizonemployeur.fr\/wordpress\/wp-json\/wp\/v2\/pages"}],"about":[{"href":"https:\/\/www.horizonemployeur.fr\/wordpress\/wp-json\/wp\/v2\/types\/page"}],"author":[{"embeddable":true,"href":"https:\/\/www.horizonemployeur.fr\/wordpress\/wp-json\/wp\/v2\/users\/1"}],"replies":[{"embeddable":true,"href":"https:\/\/www.horizonemployeur.fr\/wordpress\/wp-json\/wp\/v2\/comments?post=2459"}],"version-history":[{"count":14,"href":"https:\/\/www.horizonemployeur.fr\/wordpress\/wp-json\/wp\/v2\/pages\/2459\/revisions"}],"predecessor-version":[{"id":2687,"href":"https:\/\/www.horizonemployeur.fr\/wordpress\/wp-json\/wp\/v2\/pages\/2459\/revisions\/2687"}],"up":[{"embeddable":true,"href":"https:\/\/www.horizonemployeur.fr\/wordpress\/wp-json\/wp\/v2\/pages\/2455"}],"wp:attachment":[{"href":"https:\/\/www.horizonemployeur.fr\/wordpress\/wp-json\/wp\/v2\/media?parent=2459"}],"curies":[{"name":"wp","href":"https:\/\/api.w.org\/{rel}","templated":true}]}}