{"id":2295,"date":"2014-02-26T08:30:33","date_gmt":"2014-02-26T08:30:33","guid":{"rendered":"http:\/\/horizonmobi.wordpress.com\/?page_id=1"},"modified":"2017-11-02T12:12:54","modified_gmt":"2017-11-02T11:12:54","slug":"a-propos","status":"publish","type":"page","link":"https:\/\/www.horizonemployeur.fr\/wordpress\/a-propos\/","title":{"rendered":"L&rsquo;association Horizon Employeur"},"content":{"rendered":"<p>L&rsquo;association Horizon Employeur a \u00e9t\u00e9 cr\u00e9\u00e9e en janvier 2007. La finalit\u00e9 de l&rsquo;association est \u00ab <em>la mise en oeuvre d&rsquo;actions collectives, \u00e0 destination prioritairement des membres de l&rsquo;association et de leurs employ\u00e9s, en particulier dans les domaines du transport, du logement et des services<\/em> \u00bb (statuts version avril 2017).<\/p>\n<p>Elle comprend aujourd&rsquo;hui&nbsp; une quarantaine d&rsquo;\u00e9tablissements du plateau de V\u00e9lizy (V\u00e9lizy-Villacoublay, Meudon-la-For\u00eat et Bi\u00e8vres (Burospace)), dont la plupart des grandes entreprises. Elle travaille avec les partenaires que sont la Chambre de Commerce et d&rsquo;Industrie Versailles-Yvelines et les collectivit\u00e9s locales (ville de V\u00e9lizy-Villacoublay, ville de Meudon, communaut\u00e9 d&rsquo;agglom\u00e9ration Versailles Grand Parc, \u00e9tablissement public territorial Grand Paris Seine Ouest).<\/p>\n<p>Ce site, principalement tourn\u00e9 vers les th\u00e9matiques li\u00e9es \u00e0 la mobilit\u00e9 et au logement dans et autour d&rsquo;Inovel Parc, est g\u00e9r\u00e9 par le secr\u00e9taire de l&rsquo;association.<\/p>\n<p>Contact mail: contact[at]horizonemployeur.fr<\/p>\n","protected":false},"excerpt":{"rendered":"<p>L&rsquo;association Horizon Employeur a \u00e9t\u00e9 cr\u00e9\u00e9e en janvier 2007. La finalit\u00e9 de l&rsquo;association est \u00ab la mise en oeuvre d&rsquo;actions collectives, \u00e0 destination prioritairement des membres de l&rsquo;association et de leurs employ\u00e9s, en particulier dans les domaines du transport, du logement et des services \u00bb (statuts version avril 2017). Elle comprend aujourd&rsquo;hui&nbsp; une quarantaine d&rsquo;\u00e9tablissements [&hellip;]<\/p>\n","protected":false},"author":1,"featured_media":0,"parent":0,"menu_order":0,"comment_status":"open","ping_status":"open","template":"page-templates\/no-sidebar.php","meta":{"ngg_post_thumbnail":0,"jetpack_post_was_ever_published":false},"jetpack_sharing_enabled":true,"jetpack_shortlink":"https:\/\/wp.me\/P7AoJR-B1","jetpack-related-posts":[{"id":696,"url":"https:\/\/www.horizonemployeur.fr\/wordpress\/accueil\/inovelparc\/adherents\/","url_meta":{"origin":2295,"position":0},"title":"L&rsquo;association Horizon Employeur","date":"27 ao\u00fbt 2015","format":false,"excerpt":"L'association Horizon Employeur a \u00e9t\u00e9 cr\u00e9\u00e9e en janvier 2007. La finalit\u00e9 de l'association est \u00ab la mise en oeuvre d'actions collectives, \u00e0 destination prioritairement des membres de l'association et de leurs employ\u00e9s, dans les domaines du transport, du logement et des services \u00bb. Elle comprend aujourd'hui une quarantaine d'entreprises du\u2026","rel":"","context":"Article similaire","img":{"alt_text":"","src":"https:\/\/i0.wp.com\/www.horizonemployeur.fr\/wordpress\/wp-content\/uploads\/2016\/04\/logo-he-600x430.png?fit=600%2C430&ssl=1&resize=350%2C200","width":350,"height":200},"classes":[]},{"id":2459,"url":"https:\/\/www.horizonemployeur.fr\/wordpress\/28-05-2016\/restructuration-bus-phase-2\/","url_meta":{"origin":2295,"position":1},"title":"La restructuration des lignes de bus du r\u00e9seau Ph\u00e9bus V\u00e9lizy","date":"28 avril 2016","format":false,"excerpt":"Cette phase de restructuration a pour objectifs: de prendre en compte la mise en service du prolongement du tramway T6 \u00e0 Viroflay pour rendre le r\u00e9seau bus compl\u00e9mentaire \u00e0 la nouvelle liaison tramway de proposer une offre plus adapt\u00e9e aux besoins des salari\u00e9s et des V\u00e9liziens sur certains axes Elle\u2026","rel":"","context":"Article similaire","img":{"alt_text":"","src":"","width":0,"height":0},"classes":[]},{"id":196,"url":"https:\/\/www.horizonemployeur.fr\/wordpress\/accueil\/pdie\/","url_meta":{"origin":2295,"position":2},"title":"Le Plan de D\u00e9placements Inter-Entreprise (PDIE)","date":"4 avril 2014","format":false,"excerpt":"Depuis 2010, l'association des entreprises \"Horizon Employeur\" a mis en oeuvre un Plan de D\u00e9placements Inter-Entreprises (PDIE). Pourquoi ? \u00e0 quoi sert-il ? Tel est le sujet de cette page. \u00a0 Le PDIE r\u00e9pond avant tout \u00e0 une n\u00e9cessit\u00e9 r\u00e9glementaire faite principalement\u00a0aux grandes entreprises. Le PDIE, pour qui ? Dans\u2026","rel":"","context":"Avec 2 commentaires","img":{"alt_text":"","src":"https:\/\/i0.wp.com\/www.horizonemployeur.fr\/wordpress\/wp-content\/uploads\/2016\/04\/vignette-pdie-he-600x430-1.png?fit=600%2C430&ssl=1&resize=350%2C200","width":350,"height":200},"classes":[]},{"id":1731,"url":"https:\/\/www.horizonemployeur.fr\/wordpress\/inovel-parc\/","url_meta":{"origin":2295,"position":3},"title":"Inovel Parc","date":"1 janvier 2017","format":false,"excerpt":"Inovel Parc, c'est l'ensemble des parcs d'activit\u00e9s de V\u00e9lizy-Villacoublay et de Meudon-la-For\u00eat. Inovel Parc, ce sont plus de 40 000 salari\u00e9s et plus de 50 000 clients qui tous les jours se rendent dans les centres commerciaux: V\u00e9lizy 2, L'Usine Mode et Maison (ex Usines Center) et La Maison Villacoublay\u2026","rel":"","context":"Article similaire","img":{"alt_text":"","src":"https:\/\/i0.wp.com\/www.horizonemployeur.fr\/wordpress\/wp-content\/uploads\/2014\/02\/logo-rvb1.jpg?resize=350%2C200","width":350,"height":200},"classes":[]},{"id":30,"url":"https:\/\/www.horizonemployeur.fr\/wordpress\/accueil\/inovelparc\/parc-inovelparc\/","url_meta":{"origin":2295,"position":4},"title":"Le parc d&rsquo;activit\u00e9s \u00ab\u00a0Inovel Parc\u00a0\u00bb","date":"27 f\u00e9vrier 2014","format":false,"excerpt":"INOVEL PARC INOVEL PARC, c'est l'ensemble des parcs d'activit\u00e9s de V\u00e9lizy-Villacoublay et de Meudon-la-For\u00eat. INOVEL PARC, ce sont plus de 40 000 salari\u00e9s et plus de 50 000 clients qui tous les jours se rendent dans les centres commerciaux: V\u00e9lizy 2, L'Usine Mode et Maison (ex Usines Center) et La\u2026","rel":"","context":"Avec 2 commentaires","img":{"alt_text":"","src":"https:\/\/i0.wp.com\/www.horizonemployeur.fr\/wordpress\/wp-content\/uploads\/2016\/04\/vignette-inovel-parc-600x430-1.png?fit=600%2C430&ssl=1&resize=350%2C200","width":350,"height":200},"classes":[]},{"id":1775,"url":"https:\/\/www.horizonemployeur.fr\/wordpress\/","url_meta":{"origin":2295,"position":5},"title":"Accueil","date":"14 mars 2016","format":false,"excerpt":"Bienvenue Se d\u00e9placer dans Inovel Parc\u00a0et autour, y venir, en repartir, n\u2019est pas n\u00e9cessairement \u00e9vident. L\u2019objectif de ce site est de vous pr\u00e9senter, aussi pr\u00e9cis\u00e9ment que possible, les possibilit\u00e9s qui vous sont propos\u00e9es. Ce site vous est propos\u00e9 par l\u2019association \u00ab\u00a0Horizon Employeur\u00a0\u00bb des entreprises de V\u00e9lizy \/ Meudon-la-For\u00eat. A l'occasion\u2026","rel":"","context":"Article similaire","img":{"alt_text":"","src":"https:\/\/i0.wp.com\/www.horizonemployeur.fr\/wordpress\/wp-content\/uploads\/2016\/03\/P1140154_1632.jpg?fit=1200%2C781&ssl=1&resize=350%2C200","width":350,"height":200},"classes":[]}],"_links":{"self":[{"href":"https:\/\/www.horizonemployeur.fr\/wordpress\/wp-json\/wp\/v2\/pages\/2295"}],"collection":[{"href":"https:\/\/www.horizonemployeur.fr\/wordpress\/wp-json\/wp\/v2\/pages"}],"about":[{"href":"https:\/\/www.horizonemployeur.fr\/wordpress\/wp-json\/wp\/v2\/types\/page"}],"author":[{"embeddable":true,"href":"https:\/\/www.horizonemployeur.fr\/wordpress\/wp-json\/wp\/v2\/users\/1"}],"replies":[{"embeddable":true,"href":"https:\/\/www.horizonemployeur.fr\/wordpress\/wp-json\/wp\/v2\/comments?post=2295"}],"version-history":[{"count":4,"href":"https:\/\/www.horizonemployeur.fr\/wordpress\/wp-json\/wp\/v2\/pages\/2295\/revisions"}],"predecessor-version":[{"id":3417,"href":"https:\/\/www.horizonemployeur.fr\/wordpress\/wp-json\/wp\/v2\/pages\/2295\/revisions\/3417"}],"wp:attachment":[{"href":"https:\/\/www.horizonemployeur.fr\/wordpress\/wp-json\/wp\/v2\/media?parent=2295"}],"curies":[{"name":"wp","href":"https:\/\/api.w.org\/{rel}","templated":true}]}}