{"id":196,"date":"2014-04-04T12:57:12","date_gmt":"2014-04-04T11:57:12","guid":{"rendered":"http:\/\/horizonmobi.wordpress.com\/?page_id=196"},"modified":"2018-04-23T10:26:57","modified_gmt":"2018-04-23T08:26:57","slug":"pdie","status":"publish","type":"page","link":"https:\/\/www.horizonemployeur.fr\/wordpress\/accueil\/pdie\/","title":{"rendered":"Le Plan de D\u00e9placements Inter-Entreprise (PDIE)"},"content":{"rendered":"<p>Depuis 2010, l&rsquo;association des entreprises \u00ab\u00a0Horizon Employeur\u00a0\u00bb a mis en oeuvre un Plan de D\u00e9placements Inter-Entreprises (PDIE). Pourquoi ? \u00e0 quoi sert-il ? Tel est le sujet de cette page.<\/p>\n<h1>&nbsp;<\/h1>\n<p>Le PDIE r\u00e9pond avant tout \u00e0 une n\u00e9cessit\u00e9 r\u00e9glementaire faite principalement&nbsp;aux grandes entreprises.<\/p>\n<h2>Le PDIE, pour qui ?<\/h2>\n<p>Dans le but de lutter contre la pollution de l&rsquo;air, la Pr\u00e9fecture d&rsquo;Ile-de-France a mis en place un Plan de Protection de l&rsquo;Atmosph\u00e8re (PPA), dont l&rsquo;objectif premier est de lutter contre les principales sources de pollution. 10 mesures ont ainsi \u00e9t\u00e9 mises en place, dont la premi\u00e8re s&rsquo;adresse aux grands p\u00f4les g\u00e9n\u00e9rateurs de trafic.<\/p>\n<p>Un grand p\u00f4le g\u00e9n\u00e9rateur de trafic, c&rsquo;est une entreprise, une collectivit\u00e9, une administration, un centre hospitalier, un centre commercial, &#8230; qui g\u00e9n\u00e8re plus d&rsquo;un certain nombre de d\u00e9placements quotidiens en voiture. Depuis mars 2013 et la r\u00e9vision du PPA, ce nombre limite est fix\u00e9 \u00e0 500. Mais comment conna\u00eet-on ce nombre de d\u00e9placements quotidiens en voiture ? on se contente de l&rsquo;estimer \u00e0 partir de 2 donn\u00e9es:<\/p>\n<ul>\n<li>\n<div style=\"margin: 0; padding: 0;\">le nombre d&#8217;employ\u00e9s, tel que d\u00e9clar\u00e9 par chaque entreprise en 2008 (donn\u00e9e extraite du registre SIRENE)<\/div>\n<\/li>\n<li>\n<div style=\"margin: 0; padding: 0;\">le pourcentage des employ\u00e9s travaillant dans la commune qui effectuent leurs d\u00e9placements quotidiens en voiture. Ce chiffre est r\u00e9cup\u00e9r\u00e9 du recensement g\u00e9n\u00e9ral de la population de 2007.<\/div>\n<\/li>\n<\/ul>\n<p>dont on fait simplement le produit. Partant de ces r\u00e8gles, la liste publi\u00e9e comprend 341 \u00e9tablissements en Ile de France class\u00e9s en grands p\u00f4les g\u00e9n\u00e9rateurs de trafic. Il est cependant pr\u00e9cis\u00e9 que l&rsquo;\u00e9volution du nombre d&#8217;employ\u00e9s peut conduire un \u00e9tablissement \u00e0 entrer ou sortir de la liste.<\/p>\n<p>La r\u00e9glementation donne la possibilit\u00e9 de mener cette d\u00e9marche PDE \u00e0 plusieurs \u00e9tablissements d&rsquo;une m\u00eame entreprise proches, voire \u00e0 plusieurs entreprises proches. Cela deviendra donc un PDIE (Inter-Etablissements ou Inter-Entreprises).<\/p>\n<h3><span style=\"color: #0000ff;\">Sur V\u00e9lizy et Meudon-la-For\u00eat<\/span><\/h3>\n<p><span style=\"color: #0000ff;\">Le pourcentage des employ\u00e9s travaillant dans la commune et qui effectuent leurs d\u00e9placements quotidiens en voiture est d&rsquo;un peu plus de 50 % \u00e0 Meudon, et d&rsquo;environ 70 % \u00e0 V\u00e9lizy.<\/span><\/p>\n<p><span style=\"color: #0000ff;\">Concr\u00e8tement, un \u00e9tablissement de Meudon de plus de 900 employ\u00e9s, ou un de V\u00e9lizy de plus de 730 employ\u00e9s, sera donc consid\u00e9r\u00e9 comme un grand p\u00f4le g\u00e9n\u00e9rateur de trafic, et soumis \u00e0 l&rsquo;obligation de mettre en place un plan de d\u00e9placement d&rsquo;entreprise (PDE). Ce sont donc une dizaine d&rsquo;\u00e9tablissements v\u00e9liziens ou forestois qui se trouvent assujettis \u00e0 cette obligation.<\/span><\/p>\n<p><span style=\"color: #0000ff;\">D\u00e8s 2007, l&rsquo;association a fait le choix d&rsquo;une action inter-entreprises, sous la forme d&rsquo;un PDIE port\u00e9 par l&rsquo;association, en partenariat avec la CCI (Chambre de Commerce et d&rsquo;Industrie) Versailles-Yvelines et la ville de V\u00e9lizy-Villacoublay.<\/span><\/p>\n<p><span style=\"color: #0000ff;\">En 2015, les entreprises assujetties participant \u00e0 la d\u00e9marche PDIE sont les suivantes:<\/span><\/p>\n<p><img data-attachment-id=\"2032\" data-permalink=\"https:\/\/www.horizonemployeur.fr\/wordpress\/entreprises-pdie-2015\/\" data-orig-file=\"https:\/\/i0.wp.com\/www.horizonemployeur.fr\/wordpress\/wp-content\/uploads\/2016\/03\/entreprises-pdie-2015.png?fit=893%2C615&amp;ssl=1\" data-orig-size=\"893,615\" data-comments-opened=\"1\" data-image-meta=\"{&quot;aperture&quot;:&quot;0&quot;,&quot;credit&quot;:&quot;&quot;,&quot;camera&quot;:&quot;&quot;,&quot;caption&quot;:&quot;&quot;,&quot;created_timestamp&quot;:&quot;0&quot;,&quot;copyright&quot;:&quot;&quot;,&quot;focal_length&quot;:&quot;0&quot;,&quot;iso&quot;:&quot;0&quot;,&quot;shutter_speed&quot;:&quot;0&quot;,&quot;title&quot;:&quot;&quot;,&quot;orientation&quot;:&quot;0&quot;}\" data-image-title=\"Entreprises PDIE 2015\" data-image-description=\"\" data-image-caption=\"\" data-medium-file=\"https:\/\/i0.wp.com\/www.horizonemployeur.fr\/wordpress\/wp-content\/uploads\/2016\/03\/entreprises-pdie-2015.png?fit=300%2C207&amp;ssl=1\" data-large-file=\"https:\/\/i0.wp.com\/www.horizonemployeur.fr\/wordpress\/wp-content\/uploads\/2016\/03\/entreprises-pdie-2015.png?fit=700%2C482&amp;ssl=1\" decoding=\"async\" loading=\"lazy\" class=\"alignnone wp-image-2032 size-full\" src=\"https:\/\/i0.wp.com\/www.horizonemployeur.fr\/wordpress\/wp-content\/uploads\/2016\/03\/entreprises-pdie-2015.png?resize=700%2C482\" alt=\"\" width=\"700\" height=\"482\" srcset=\"https:\/\/i0.wp.com\/www.horizonemployeur.fr\/wordpress\/wp-content\/uploads\/2016\/03\/entreprises-pdie-2015.png?w=893&amp;ssl=1 893w, https:\/\/i0.wp.com\/www.horizonemployeur.fr\/wordpress\/wp-content\/uploads\/2016\/03\/entreprises-pdie-2015.png?resize=300%2C207&amp;ssl=1 300w, https:\/\/i0.wp.com\/www.horizonemployeur.fr\/wordpress\/wp-content\/uploads\/2016\/03\/entreprises-pdie-2015.png?resize=768%2C529&amp;ssl=1 768w, https:\/\/i0.wp.com\/www.horizonemployeur.fr\/wordpress\/wp-content\/uploads\/2016\/03\/entreprises-pdie-2015.png?resize=648%2C446&amp;ssl=1 648w, https:\/\/i0.wp.com\/www.horizonemployeur.fr\/wordpress\/wp-content\/uploads\/2016\/03\/entreprises-pdie-2015.png?resize=279%2C192&amp;ssl=1 279w\" sizes=\"(max-width: 700px) 100vw, 700px\" data-recalc-dims=\"1\" \/><\/p>\n<p><span style=\"color: #0000ff;\">auxquelles s&rsquo;est ajout\u00e9e Sopemea sur la base du volontariat.<\/span><\/p>\n<p>A compter de 2018, la loi sur la Transition Energ\u00e9tique pr\u00e9voit d&rsquo;assujettir tous les \u00e9tablissements de plus de 100 salari\u00e9s \u00e0 une d\u00e9marche de type PDE ou PDIE.<\/p>\n<p>&nbsp;<\/p>\n<h2>Le PDIE, pour quoi ?<\/h2>\n<p>L&rsquo;objectif des Plans de D\u00e9placements est de r\u00e9duire la pollution due aux trajets effectu\u00e9s en voiture individuelle. Ces trajets sont \u00e9videmment ceux entre le domicile et le travail, mais aussi les d\u00e9placements professionnels, ceux des visiteurs et clients et les transports de marchandises. La diminution de la pollution due \u00e0 tous ces d\u00e9placements peut passer par des techniques vari\u00e9es:<\/p>\n<ul>\n<li>les modes actifs (marche \u00e0 pied, v\u00e9lo, \u00e9ventuellement \u00e0 assistance \u00e9lectrique)<\/li>\n<li>les transports en commun<\/li>\n<li>le covoiturage, l&rsquo;autopartage, &#8230;<\/li>\n<li>une meilleure utilisation du v\u00e9hicule (\u00e9coconduite, \u00e9talement des horaires pour \u00e9viter les congestions, &#8230;)<\/li>\n<li>le recours \u00e0 l&rsquo;audioconf\u00e9rence, \u00e0 la vid\u00e9oconf\u00e9rence pour tenir une r\u00e9union sans que les participants ne soient physiquement au m\u00eame endroit<\/li>\n<li>&#8230;<\/li>\n<\/ul>\n<h3><span style=\"color: #0000ff;\">Sur V\u00e9lizy et Meudon-la-For\u00eat<\/span><\/h3>\n<p><span style=\"color: #0000ff;\">R\u00e9duire le nombre de d\u00e9placements en autosolisme (le conducteur seul dans son v\u00e9hicule) a, comme partout ailleurs, un effet sur la production de polluants. Cela a aussi un effet sur la circulation au jour le jour: que ce soit sur les axes d&rsquo;acc\u00e8s (principalement A 86 et RN 118) ou dans Inovel Parc m\u00eame, une r\u00e9duction du nombre de v\u00e9hicules circulant aux heures de pointe ne pourra qu&rsquo;avoir un effet b\u00e9n\u00e9fique sur la fluidit\u00e9 du trafic.<\/span><\/p>\n<h2>En savoir plus sur&#8230;<\/h2>\n<ul>\n<li><a href=\"pdie\/ppa\/air-pollution\/\">L&rsquo;air et la pollution atmosph\u00e9rique<\/a><\/li>\n<li><a href=\"ppa\/\">Les plans de protection de l&rsquo;atmosph\u00e8re (PPA) en r\u00e9gion Ile-de-France<\/a><\/li>\n<li><a href=\"pdie\/pdie-he\/\">Le PDIE de l&rsquo;association \u00ab\u00a0Horizon Employeur\u00a0\u00bb<\/a><\/li>\n<\/ul>\n<p><script>\n  (function(i,s,o,g,r,a,m){i['GoogleAnalyticsObject']=r;i[r]=i[r]||function(){\n  (i[r].q=i[r].q||[]).push(arguments)},i[r].l=1*new Date();a=s.createElement(o),\n  m=s.getElementsByTagName(o)[0];a.async=1;a.src=g;m.parentNode.insertBefore(a,m)\n  })(window,document,'script','https:\/\/www.google-analytics.com\/analytics.js','ga');<\/p>\n<p>  ga('create', 'UA-77901100-1', 'auto');\n  ga('send', 'pageview');<\/p>\n<p><\/script><\/p>\n","protected":false},"excerpt":{"rendered":"<p>Depuis 2010, l&rsquo;association des entreprises \u00ab\u00a0Horizon Employeur\u00a0\u00bb a mis en oeuvre un Plan de D\u00e9placements Inter-Entreprises (PDIE). Pourquoi ? \u00e0 quoi sert-il ? Tel est le sujet de cette page. &nbsp; Le PDIE r\u00e9pond avant tout \u00e0 une n\u00e9cessit\u00e9 r\u00e9glementaire faite principalement&nbsp;aux grandes entreprises. Le PDIE, pour qui ? Dans le but de lutter contre [&hellip;]<\/p>\n","protected":false},"author":1,"featured_media":2247,"parent":1775,"menu_order":0,"comment_status":"open","ping_status":"open","template":"","meta":{"ngg_post_thumbnail":0,"jetpack_post_was_ever_published":false},"jetpack_sharing_enabled":true,"jetpack_shortlink":"https:\/\/wp.me\/P7AoJR-3a","jetpack-related-posts":[{"id":253,"url":"https:\/\/www.horizonemployeur.fr\/wordpress\/accueil\/pdie\/ppa\/ppa_reg1\/","url_meta":{"origin":196,"position":0},"title":"La mesure r\u00e9glementaire n\u00b01 du PPA","date":"9 mai 2014","format":false,"excerpt":"Que ce soit dans la version de 2006 ou dans la version de 2013, le Plan de Protection de l'Atmosph\u00e8re d'Ile-de-France demande aux grands p\u00f4les g\u00e9n\u00e9rateurs de trafic d'\u00e9laborer et de mettre en oeuvre des Plans de D\u00e9placements. \u00a0 Qu'est-ce qu'un Plan de D\u00e9placements ? Un Plan de D\u00e9placements a\u2026","rel":"","context":"Article similaire","img":{"alt_text":"","src":"","width":0,"height":0},"classes":[]},{"id":569,"url":"https:\/\/www.horizonemployeur.fr\/wordpress\/accueil\/pdie\/pdie-he\/","url_meta":{"origin":196,"position":1},"title":"Le PDIE de l&rsquo;association \u00ab\u00a0Horizon Employeur\u00a0\u00bb","date":"13 juillet 2015","format":false,"excerpt":"Le PDIE s'est mis en place au long d'un processus comportant plusieurs \u00e9tapes: 2008-2009 (9 mois): r\u00e9alisation d'un diagnostic de la mobilit\u00e9 dans les zones d'activit\u00e9s 2009 (3 mois): d\u00e9finition du plan d'actions \u00e0 mettre en oeuvre 2010-2014: mise en oeuvre du 1er plan de d\u00e9placements 2014: bilan des 5\u2026","rel":"","context":"Article similaire","img":{"alt_text":"","src":"","width":0,"height":0},"classes":[]},{"id":200,"url":"https:\/\/www.horizonemployeur.fr\/wordpress\/accueil\/pdie\/ppa\/air-pollution\/","url_meta":{"origin":196,"position":2},"title":"Air et pollution atmosph\u00e9rique","date":"29 avril 2014","format":false,"excerpt":"L'air qui nous entoure est un \u00e9l\u00e9ment indispensable \u00e0 la vie. C'est en particulier lui qui nous apporte l'oxyg\u00e8ne dont nous avons besoin par le m\u00e9canisme de la respiration, nous inspirons ainsi chacun environ 15 m3 d'air tous les jours. Sa composition standard est la suivante: 78 % d\u2019azote (N2)\u2026","rel":"","context":"Article similaire","img":{"alt_text":"","src":"","width":0,"height":0},"classes":[]},{"id":242,"url":"https:\/\/www.horizonemployeur.fr\/wordpress\/accueil\/pdie\/ppa\/","url_meta":{"origin":196,"position":3},"title":"Les Plans de Protection de l&rsquo;Atmosph\u00e8re d&rsquo;Ile-de-France","date":"7 mai 2014","format":false,"excerpt":"Conform\u00e9ment \u00e0 la\u00a0Loi sur l'Air et l'Utilisation Rationnelle de l'Energie (LAURE) 96-1236 du 30 d\u00e9cembre 1996 et \u00e0 sa retranscription dans le Code de l'Environnement, la r\u00e9gion Ile-de-France a \u00e9t\u00e9 dot\u00e9e d\u00e8s 2005 d'un Plan de Protection de l'Atmosph\u00e8re (PPA): le premier a couvert les ann\u00e9es 2005 \u00e0 2010 le\u2026","rel":"","context":"Article similaire","img":{"alt_text":"","src":"","width":0,"height":0},"classes":[]},{"id":204,"url":"https:\/\/www.horizonemployeur.fr\/wordpress\/accueil\/pdie\/ppa\/air-pollution\/air-pollution-liens\/","url_meta":{"origin":196,"position":4},"title":"Air et pollution atmosph\u00e9rique: en savoir plus","date":"30 avril 2014","format":false,"excerpt":"Pour en savoir plus sur ces th\u00e8mes de l'air et de la pollution atmosph\u00e9rique, vous pouvez vous reporter aux sites suivants, dont certains ont \u00e9t\u00e9 utilis\u00e9s comme sources pour la r\u00e9daction de ces pages. Airparif, l'association de surveillance de la qualit\u00e9 de l'air en Ile-de-France: http:\/\/www.airparif.asso.fr\/ le Minist\u00e8re de l'Ecologie,\u2026","rel":"","context":"Article similaire","img":{"alt_text":"","src":"","width":0,"height":0},"classes":[]},{"id":235,"url":"https:\/\/www.horizonemployeur.fr\/wordpress\/accueil\/pdie\/ppa\/laure_1996\/","url_meta":{"origin":196,"position":5},"title":"Loi 96-1236 du 30 d\u00e9cembre 1996 (LAURE)","date":"7 mai 2014","format":false,"excerpt":"La loi 96-1236 du 30 d\u00e9cembre 1996, Loi sur l'Air et l'Utilisation Rationnelle de l'Energie (LAURE) est la loi de r\u00e9f\u00e9rence fran\u00e7aise sur la qualit\u00e9 de l'air. Bien qu'abrog\u00e9e depuis\u00a0et int\u00e9gr\u00e9e dans le Code de l'Environnement, elle reste le point de d\u00e9part \"du droit reconnu \u00e0 chacun \u00e0 respirer un\u2026","rel":"","context":"Article similaire","img":{"alt_text":"","src":"","width":0,"height":0},"classes":[]}],"_links":{"self":[{"href":"https:\/\/www.horizonemployeur.fr\/wordpress\/wp-json\/wp\/v2\/pages\/196"}],"collection":[{"href":"https:\/\/www.horizonemployeur.fr\/wordpress\/wp-json\/wp\/v2\/pages"}],"about":[{"href":"https:\/\/www.horizonemployeur.fr\/wordpress\/wp-json\/wp\/v2\/types\/page"}],"author":[{"embeddable":true,"href":"https:\/\/www.horizonemployeur.fr\/wordpress\/wp-json\/wp\/v2\/users\/1"}],"replies":[{"embeddable":true,"href":"https:\/\/www.horizonemployeur.fr\/wordpress\/wp-json\/wp\/v2\/comments?post=196"}],"version-history":[{"count":3,"href":"https:\/\/www.horizonemployeur.fr\/wordpress\/wp-json\/wp\/v2\/pages\/196\/revisions"}],"predecessor-version":[{"id":4489,"href":"https:\/\/www.horizonemployeur.fr\/wordpress\/wp-json\/wp\/v2\/pages\/196\/revisions\/4489"}],"up":[{"embeddable":true,"href":"https:\/\/www.horizonemployeur.fr\/wordpress\/wp-json\/wp\/v2\/pages\/1775"}],"wp:featuredmedia":[{"embeddable":true,"href":"https:\/\/www.horizonemployeur.fr\/wordpress\/wp-json\/wp\/v2\/media\/2247"}],"wp:attachment":[{"href":"https:\/\/www.horizonemployeur.fr\/wordpress\/wp-json\/wp\/v2\/media?parent=196"}],"curies":[{"name":"wp","href":"https:\/\/api.w.org\/{rel}","templated":true}]}}